{"id":76654,"date":"2022-12-12T11:25:48","date_gmt":"2022-12-12T16:25:48","guid":{"rendered":"https:\/\/cbieca.wpenginepowered.com\/?post_type=tribe_events&#038;p=76654"},"modified":"2023-02-08T11:36:00","modified_gmt":"2023-02-08T16:36:00","slug":"campus-aleas-feb2023","status":"publish","type":"tribe_events","link":"https:\/\/cbie.ca\/fr\/evenement\/campus-aleas-feb2023\/","title":{"rendered":"Al\u00e9as Campus &#8211; Devoir de diligence pour les activit\u00e9s de mobilit\u00e9 dans les \u00e9tablissements canadiens"},"content":{"rendered":"<div class=\"wpb-content-wrapper\"><p>[vc_row text_align=\u00a0\u00bbcenter\u00a0\u00bb][vc_column width=\u00a0\u00bb1\/1&Prime;][vc_column_text]<\/p>\n<h5 style=\"text-align: center;\">Date limite d&rsquo;inscription : 17 f\u00e9vrier 2023<\/h5>\n<p>[\/vc_column_text]<div class=\"divider divider1\" style='margin:40px 0 20px 0 !important;'><\/div>[\/vc_column][\/vc_row][vc_row text_align=\u00a0\u00bbcenter\u00a0\u00bb][vc_column width=\u00a0\u00bb1\/1&Prime;][vc_column_text]<\/p>\n<h5 style=\"text-align: left;\"><strong><span lang=\"FR-CA\" style=\"text-transform: uppercase;\">Aper\u00e7u de la formation<\/span><\/strong><\/h5>\n<p style=\"text-align: left;\">Les universit\u00e9s et coll\u00e8ges doivent g\u00e9rer les risques li\u00e9s aux voyages pour satisfaire \u00e0 leur devoir de diligence et assurer la sant\u00e9 et la s\u00e9curit\u00e9 des personnes (\u00e9tudiant.e.s, membres du corps professoral, personnel administratif, etc.).<\/p>\n<p style=\"text-align: left;\">Al\u00e9as propose une formation sur les obligations l\u00e9gales des organisations canadiennes en lien avec la sant\u00e9 et la s\u00e9curit\u00e9 des voyageur.euse.s.<\/p>\n<p style=\"text-align: left;\">Ce programme s\u2019articule autour des trois \u00e9l\u00e9ments essentiels \u00e0 int\u00e9grer \u00e0 sa strat\u00e9gie de gestion des risques pour faire preuve de diligence raisonnable.<\/p>\n<ol>\n<li style=\"text-align: left;\">\u00a0L\u2019autorit\u00e9<\/li>\n<li style=\"text-align: left;\">La pr\u00e9voyance<\/li>\n<li style=\"text-align: left;\">L\u2019efficacit\u00e9<\/li>\n<\/ol>\n<p>[\/vc_column_text]<div class=\"divider divider1\" style='margin:5px 0 40px 0 !important;'><\/div>[vc_column_text]<\/p>\n<h5 style=\"text-align: left;\"><strong><span lang=\"FR-CA\" style=\"text-transform: uppercase;\">Objectifs de la formation<\/span><\/strong><\/h5>\n<ul style=\"text-align: left;\">\n<li style=\"text-align: left;\">Am\u00e9liorer la compr\u00e9hension du devoir de diligence<\/li>\n<li style=\"text-align: left;\">Se familiariser avec les meilleures pratiques en gestion des risques li\u00e9s aux voyages<\/li>\n<li style=\"text-align: left;\">Renforcer les capacit\u00e9s professionnelles \u00e0 g\u00e9rer des risques<\/li>\n<li style=\"text-align: left;\">Identifier les \u00e9l\u00e9ments \u00e0 mettre en place pour d\u00e9velopper une culture organisationnelle de la gestion des risques<\/li>\n<\/ul>\n<p style=\"text-align: left;\"><strong>\u00c0 NOTER : Pour approfondir vos connaissances et conna\u00eetre les meilleures pratiques de gestion des risques li\u00e9s aux voyages, nous vous conseillons de vous inscrire au cours en ligne de six semaines de <a href=\"https:\/\/cbie.ca\/fr\/event\/campus-aleas-gestion-du-risque\/\" target=\"_blank\" rel=\"noopener\">Campus Al\u00e9as &#8211; Gestion des risques li\u00e9s \u00e0 la mobilit\u00e9 internationale ; un regard sur vos pratiques<\/a>.<\/strong><\/p>\n<p>[\/vc_column_text]<div class=\"divider divider1\" style='margin:40px 0 40px 0 !important;'><\/div>[vc_column_text]<\/p>\n<h5 style=\"text-align: left;\"><strong><span lang=\"FR-CA\" style=\"text-transform: uppercase;\">Public<\/span><\/strong><\/h5>\n<p style=\"text-align: left;\">Cette formation s\u2019adresse toutes les personnes au sein d\u2019un \u00e9tablissement dont le r\u00f4le les am\u00e8ne \u00e0 prendre des d\u00e9cisions ou \u00e0 s\u2019impliquer dans les op\u00e9rations li\u00e9es aux voyages.\u00a0 Les activit\u00e9s de mobilit\u00e9 internationale font r\u00e9f\u00e9rence \u00e0 l\u2019ensemble des mandats, projets ent\u00e9rin\u00e9s et stages d\u2019\u00e9tudes (cr\u00e9dit\u00e9s ou non-cr\u00e9dit\u00e9s) par l\u2019\u00e9tablissement, et dont une portion ou l\u2019enti\u00e8ret\u00e9 se d\u00e9roule \u00e0 l\u2019international.<\/p>\n<p>[\/vc_column_text]<div class=\"divider divider1\" style='margin:30px 0 5px 0 !important;'><\/div>[\/vc_column][\/vc_row][vc_row text_align=\u00a0\u00bbcenter\u00a0\u00bb][vc_column width=\u00a0\u00bb1\/1&Prime;][vc_column_text]<\/p>\n<h5 style=\"text-align: left;\"><strong>HORAIRE ET MODALIT\u00c9S DE LA FORMATION<\/strong><\/h5>\n<p style=\"text-align: left;\">Cette formation sera diffus\u00e9e en trois capsules vid\u00e9o asynchrones. Les participants sont encourag\u00e9s \u00e0 visionner une vid\u00e9o par semaine, selon le calendrier indiqu\u00e9 ci-dessous, et \u00e0 effectuer les activit\u00e9s\/travaux requis. Le webinaire en direct du 28 f\u00e9vrier s&rsquo;appuiera sur les activit\u00e9s asynchrones pour approfondir les connaissances et l&rsquo;apprentissage. <strong>Veuillez noter que la session du 28 f\u00e9vrier ne sera PAS enregistr\u00e9e et que la pr\u00e9sence \u00e0 cette session en direct est donc requise.<\/strong><\/p>\n<p>[\/vc_column_text][\/vc_column][\/vc_row][vc_row text_align=\u00a0\u00bbcenter\u00a0\u00bb][vc_column width=\u00a0\u00bb1\/2&Prime;][vc_column_text]<\/p>\n<p style=\"text-align: left;\">Publication de la capsule vid\u00e9o Module #1 sur l&rsquo;autorit\u00e9<\/p>\n<p style=\"text-align: left;\">Publication de la capsule vid\u00e9o Module #2 sur la pr\u00e9voyance<\/p>\n<p style=\"text-align: left;\">Publication de la capsule vid\u00e9o Module #3 sur l\u2019efficacit\u00e9<\/p>\n<p style=\"text-align: left;\">Webinaire en direct avec Al\u00e9as<\/p>\n<p>[\/vc_column_text]<div class=\"divider divider1\" style='margin:30px 0 5px 0 !important;'><\/div>[\/vc_column][vc_column width=\u00a0\u00bb1\/2&Prime;][vc_column_text]<\/p>\n<p style=\"text-align: left;\">le 7 f\u00e9vrier<\/p>\n<p style=\"text-align: left;\">le 14 f\u00e9vrier<\/p>\n<p style=\"text-align: left;\">le 21 f\u00e9vrier<\/p>\n<p style=\"text-align: left;\">le 28 f\u00e9vrier de 10:00am-11:30am (HE)<\/p>\n<p>[\/vc_column_text]<div class=\"divider divider1\" style='margin:30px 0 5px 0 !important;'><\/div>[\/vc_column][\/vc_row][vc_row][vc_column width=\u00a0\u00bb1\/3&Prime;]<a href=\"https:\/\/aleas.uxpertise.ca\/trainerDetails\/marie-claude-du-cap\/164\" target=\"_blank\" class=\"catimage wpb_content_element color-light\" style=\"height: 300px;;\">\n\t\t\t<span style=\"background-image: url(https:\/\/cbie.ca\/wp-content\/uploads\/2020\/05\/Marie-Claude-Photo.jpg); height: 300px;;\"><\/span>\n\t\t\t<div class=\"catimage-overlay clearfix\" style=\"height: 300px;;\">\n\t\t\t\t<div class=\"catimage-text\">BIOGRAPHIE DE L\u2019ANIMATRICE<\/div>\n\t\t\t<\/div><\/a>[\/vc_column][vc_column width=\u00a0\u00bb1\/3&Prime;]<div class=\"spacer\" style=\"height: 40px;\"><\/div>[vc_column_text]<\/p>\n<h4 style=\"text-align: center;\"><strong>Marie-Claude du Cap<\/strong><\/h4>\n<p>[\/vc_column_text][vc_column_text]<\/p>\n<h5 style=\"text-align: center;\">Fondatrice &amp; PDG<\/h5>\n<p>[\/vc_column_text]<div class=\"spacer\" style=\"height: 20px;\"><\/div><div class=\"single_image wpb_content_element align-center   image_zoom \" data-animation=\"none\" data-delay=\"0\"><a href=\"https:\/\/aleas.ca\/en\/\" target=\"_blank\"><img loading=\"lazy\" decoding=\"async\" width=\"1289\" height=\"416\" src=\"https:\/\/cbie.ca\/wp-content\/uploads\/2021\/01\/Aleas_logo-PANTONE-1.png\" class=\"attachment-full\" alt=\"\" title=\"Aleas_logo-PANTONE\" srcset=\"https:\/\/cbie.ca\/wp-content\/uploads\/2021\/01\/Aleas_logo-PANTONE-1.png 1289w, https:\/\/cbie.ca\/wp-content\/uploads\/2021\/01\/Aleas_logo-PANTONE-1-300x97.png 300w, https:\/\/cbie.ca\/wp-content\/uploads\/2021\/01\/Aleas_logo-PANTONE-1-1024x330.png 1024w, https:\/\/cbie.ca\/wp-content\/uploads\/2021\/01\/Aleas_logo-PANTONE-1-768x248.png 768w\" sizes=\"auto, (max-width: 1289px) 100vw, 1289px\" \/><\/a><\/div>[\/vc_column][vc_column width=\u00a0\u00bb1\/3&Prime;][\/vc_column][\/vc_row]<\/p>\n<\/div>","protected":false},"excerpt":{"rendered":"<p>[vc_row text_align=\u00a0\u00bbcenter\u00a0\u00bb][vc_column width=\u00a0\u00bb1\/1&Prime;][vc_column_text] Date limite d&rsquo;inscription : 17 f\u00e9vrier 2023 [\/vc_column_text][\/vc_column][\/vc_row][vc_row text_align=\u00a0\u00bbcenter\u00a0\u00bb][vc_column width=\u00a0\u00bb1\/1&Prime;][vc_column_text] Aper\u00e7u de la formation Les universit\u00e9s et coll\u00e8ges doivent g\u00e9rer les risques li\u00e9s aux voyages pour satisfaire [&hellip;]<\/p>\n","protected":false},"author":60,"featured_media":77566,"template":"","meta":{"_acf_changed":false,"_tribe_events_status":"","_tribe_events_status_reason":"","_tribe_events_is_hybrid":"","_tribe_events_is_virtual":"","_tribe_events_virtual_video_source":"","_tribe_events_virtual_embed_video":"","_tribe_events_virtual_linked_button_text":"","_tribe_events_virtual_linked_button":"","_tribe_events_virtual_show_embed_at":"","_tribe_events_virtual_show_embed_to":[],"_tribe_events_virtual_show_on_event":"","_tribe_events_virtual_show_on_views":"","_tribe_events_virtual_url":"","footnotes":""},"tags":[194,184,196],"tribe_events_cat":[192,128],"class_list":["post-76654","tribe_events","type-tribe_events","status-publish","has-post-thumbnail","hentry","tag-risk-management-fr","tag-student-mobility-fr","tag-partenariats-internationaux","tribe_events_cat-online-course-fr","tribe_events_cat-ateliers","cat_online-course-fr","cat_ateliers"],"acf":[],"yoast_head":"<!-- This site is optimized with the Yoast SEO plugin v27.4 - https:\/\/yoast.com\/product\/yoast-seo-wordpress\/ -->\n<title>Al\u00e9as Campus - Devoir de diligence pour les activit\u00e9s de mobilit\u00e9 dans les \u00e9tablissements canadiens - CBIE<\/title>\n<meta name=\"robots\" content=\"index, follow, max-snippet:-1, max-image-preview:large, max-video-preview:-1\" \/>\n<link rel=\"canonical\" href=\"https:\/\/cbie.ca\/evenement\/campus-aleas-feb-2023\/\" \/>\n<meta property=\"og:locale\" content=\"fr_FR\" \/>\n<meta property=\"og:type\" content=\"article\" \/>\n<meta property=\"og:title\" content=\"Al\u00e9as Campus - Devoir de diligence pour les activit\u00e9s de mobilit\u00e9 dans les \u00e9tablissements canadiens - CBIE\" \/>\n<meta property=\"og:description\" content=\"[vc_row text_align=\u00a0\u00bbcenter\u00a0\u00bb][vc_column width=\u00a0\u00bb1\/1&Prime;][vc_column_text] Date limite d&rsquo;inscription : 17 f\u00e9vrier 2023 [\/vc_column_text][\/vc_column][\/vc_row][vc_row text_align=\u00a0\u00bbcenter\u00a0\u00bb][vc_column width=\u00a0\u00bb1\/1&Prime;][vc_column_text] Aper\u00e7u de la formation Les universit\u00e9s et coll\u00e8ges doivent g\u00e9rer les risques li\u00e9s aux voyages pour satisfaire [&hellip;]\" \/>\n<meta property=\"og:url\" content=\"https:\/\/cbie.ca\/evenement\/campus-aleas-feb-2023\/\" \/>\n<meta property=\"og:site_name\" content=\"CBIE\" \/>\n<meta property=\"article:modified_time\" content=\"2023-02-08T16:36:00+00:00\" \/>\n<meta property=\"og:image\" content=\"https:\/\/cbie.ca\/wp-content\/uploads\/2022\/12\/Image-FR.png\" \/>\n\t<meta property=\"og:image:width\" content=\"1600\" \/>\n\t<meta property=\"og:image:height\" content=\"900\" \/>\n\t<meta property=\"og:image:type\" content=\"image\/png\" \/>\n<meta name=\"twitter:card\" content=\"summary_large_image\" \/>\n<meta name=\"twitter:label1\" content=\"Dur\u00e9e de lecture estim\u00e9e\" \/>\n\t<meta name=\"twitter:data1\" content=\"2 minutes\" \/>\n<script type=\"application\/ld+json\" class=\"yoast-schema-graph\">{\"@context\":\"https:\\\/\\\/schema.org\",\"@graph\":[{\"@type\":\"WebPage\",\"@id\":\"https:\\\/\\\/cbie.ca\\\/evenement\\\/campus-aleas-feb-2023\\\/\",\"url\":\"https:\\\/\\\/cbie.ca\\\/evenement\\\/campus-aleas-feb-2023\\\/\",\"name\":\"Al\u00e9as Campus - Devoir de diligence pour les activit\u00e9s de mobilit\u00e9 dans les \u00e9tablissements canadiens - CBIE\",\"isPartOf\":{\"@id\":\"https:\\\/\\\/cbie.ca\\\/#website\"},\"primaryImageOfPage\":{\"@id\":\"https:\\\/\\\/cbie.ca\\\/evenement\\\/campus-aleas-feb-2023\\\/#primaryimage\"},\"image\":{\"@id\":\"https:\\\/\\\/cbie.ca\\\/evenement\\\/campus-aleas-feb-2023\\\/#primaryimage\"},\"thumbnailUrl\":\"https:\\\/\\\/cbie.ca\\\/wp-content\\\/uploads\\\/2022\\\/12\\\/Image-FR.png\",\"datePublished\":\"2022-12-12T16:25:48+00:00\",\"dateModified\":\"2023-02-08T16:36:00+00:00\",\"breadcrumb\":{\"@id\":\"https:\\\/\\\/cbie.ca\\\/evenement\\\/campus-aleas-feb-2023\\\/#breadcrumb\"},\"inLanguage\":\"fr-FR\",\"potentialAction\":[{\"@type\":\"ReadAction\",\"target\":[\"https:\\\/\\\/cbie.ca\\\/evenement\\\/campus-aleas-feb-2023\\\/\"]}]},{\"@type\":\"ImageObject\",\"inLanguage\":\"fr-FR\",\"@id\":\"https:\\\/\\\/cbie.ca\\\/evenement\\\/campus-aleas-feb-2023\\\/#primaryimage\",\"url\":\"https:\\\/\\\/cbie.ca\\\/wp-content\\\/uploads\\\/2022\\\/12\\\/Image-FR.png\",\"contentUrl\":\"https:\\\/\\\/cbie.ca\\\/wp-content\\\/uploads\\\/2022\\\/12\\\/Image-FR.png\",\"width\":1600,\"height\":900},{\"@type\":\"BreadcrumbList\",\"@id\":\"https:\\\/\\\/cbie.ca\\\/evenement\\\/campus-aleas-feb-2023\\\/#breadcrumb\",\"itemListElement\":[{\"@type\":\"ListItem\",\"position\":1,\"name\":\"Home\",\"item\":\"https:\\\/\\\/cbie.ca\\\/fr\\\/\"},{\"@type\":\"ListItem\",\"position\":2,\"name\":\"Events\",\"item\":\"https:\\\/\\\/cbie.ca\\\/events\\\/\"},{\"@type\":\"ListItem\",\"position\":3,\"name\":\"Al\u00e9as Campus &#8211; Devoir de diligence pour les activit\u00e9s de mobilit\u00e9 dans les \u00e9tablissements canadiens\"}]},{\"@type\":\"WebSite\",\"@id\":\"https:\\\/\\\/cbie.ca\\\/#website\",\"url\":\"https:\\\/\\\/cbie.ca\\\/\",\"name\":\"Canadian Bureau for International Education\",\"description\":\"\",\"potentialAction\":[{\"@type\":\"SearchAction\",\"target\":{\"@type\":\"EntryPoint\",\"urlTemplate\":\"https:\\\/\\\/cbie.ca\\\/?s={search_term_string}\"},\"query-input\":{\"@type\":\"PropertyValueSpecification\",\"valueRequired\":true,\"valueName\":\"search_term_string\"}}],\"inLanguage\":\"fr-FR\"}]}<\/script>\n<!-- \/ Yoast SEO plugin. -->","yoast_head_json":{"title":"Al\u00e9as Campus - Devoir de diligence pour les activit\u00e9s de mobilit\u00e9 dans les \u00e9tablissements canadiens - CBIE","robots":{"index":"index","follow":"follow","max-snippet":"max-snippet:-1","max-image-preview":"max-image-preview:large","max-video-preview":"max-video-preview:-1"},"canonical":"https:\/\/cbie.ca\/evenement\/campus-aleas-feb-2023\/","og_locale":"fr_FR","og_type":"article","og_title":"Al\u00e9as Campus - Devoir de diligence pour les activit\u00e9s de mobilit\u00e9 dans les \u00e9tablissements canadiens - CBIE","og_description":"[vc_row text_align=\u00a0\u00bbcenter\u00a0\u00bb][vc_column width=\u00a0\u00bb1\/1&Prime;][vc_column_text] Date limite d&rsquo;inscription : 17 f\u00e9vrier 2023 [\/vc_column_text][\/vc_column][\/vc_row][vc_row text_align=\u00a0\u00bbcenter\u00a0\u00bb][vc_column width=\u00a0\u00bb1\/1&Prime;][vc_column_text] Aper\u00e7u de la formation Les universit\u00e9s et coll\u00e8ges doivent g\u00e9rer les risques li\u00e9s aux voyages pour satisfaire [&hellip;]","og_url":"https:\/\/cbie.ca\/evenement\/campus-aleas-feb-2023\/","og_site_name":"CBIE","article_modified_time":"2023-02-08T16:36:00+00:00","og_image":[{"width":1600,"height":900,"url":"https:\/\/cbie.ca\/wp-content\/uploads\/2022\/12\/Image-FR.png","type":"image\/png"}],"twitter_card":"summary_large_image","twitter_misc":{"Dur\u00e9e de lecture estim\u00e9e":"2 minutes"},"schema":{"@context":"https:\/\/schema.org","@graph":[{"@type":"WebPage","@id":"https:\/\/cbie.ca\/evenement\/campus-aleas-feb-2023\/","url":"https:\/\/cbie.ca\/evenement\/campus-aleas-feb-2023\/","name":"Al\u00e9as Campus - Devoir de diligence pour les activit\u00e9s de mobilit\u00e9 dans les \u00e9tablissements canadiens - CBIE","isPartOf":{"@id":"https:\/\/cbie.ca\/#website"},"primaryImageOfPage":{"@id":"https:\/\/cbie.ca\/evenement\/campus-aleas-feb-2023\/#primaryimage"},"image":{"@id":"https:\/\/cbie.ca\/evenement\/campus-aleas-feb-2023\/#primaryimage"},"thumbnailUrl":"https:\/\/cbie.ca\/wp-content\/uploads\/2022\/12\/Image-FR.png","datePublished":"2022-12-12T16:25:48+00:00","dateModified":"2023-02-08T16:36:00+00:00","breadcrumb":{"@id":"https:\/\/cbie.ca\/evenement\/campus-aleas-feb-2023\/#breadcrumb"},"inLanguage":"fr-FR","potentialAction":[{"@type":"ReadAction","target":["https:\/\/cbie.ca\/evenement\/campus-aleas-feb-2023\/"]}]},{"@type":"ImageObject","inLanguage":"fr-FR","@id":"https:\/\/cbie.ca\/evenement\/campus-aleas-feb-2023\/#primaryimage","url":"https:\/\/cbie.ca\/wp-content\/uploads\/2022\/12\/Image-FR.png","contentUrl":"https:\/\/cbie.ca\/wp-content\/uploads\/2022\/12\/Image-FR.png","width":1600,"height":900},{"@type":"BreadcrumbList","@id":"https:\/\/cbie.ca\/evenement\/campus-aleas-feb-2023\/#breadcrumb","itemListElement":[{"@type":"ListItem","position":1,"name":"Home","item":"https:\/\/cbie.ca\/fr\/"},{"@type":"ListItem","position":2,"name":"Events","item":"https:\/\/cbie.ca\/events\/"},{"@type":"ListItem","position":3,"name":"Al\u00e9as Campus &#8211; Devoir de diligence pour les activit\u00e9s de mobilit\u00e9 dans les \u00e9tablissements canadiens"}]},{"@type":"WebSite","@id":"https:\/\/cbie.ca\/#website","url":"https:\/\/cbie.ca\/","name":"Canadian Bureau for International Education","description":"","potentialAction":[{"@type":"SearchAction","target":{"@type":"EntryPoint","urlTemplate":"https:\/\/cbie.ca\/?s={search_term_string}"},"query-input":{"@type":"PropertyValueSpecification","valueRequired":true,"valueName":"search_term_string"}}],"inLanguage":"fr-FR"}]}},"_links":{"self":[{"href":"https:\/\/cbie.ca\/fr\/wp-json\/wp\/v2\/tribe_events\/76654","targetHints":{"allow":["GET"]}}],"collection":[{"href":"https:\/\/cbie.ca\/fr\/wp-json\/wp\/v2\/tribe_events"}],"about":[{"href":"https:\/\/cbie.ca\/fr\/wp-json\/wp\/v2\/types\/tribe_events"}],"author":[{"embeddable":true,"href":"https:\/\/cbie.ca\/fr\/wp-json\/wp\/v2\/users\/60"}],"version-history":[{"count":0,"href":"https:\/\/cbie.ca\/fr\/wp-json\/wp\/v2\/tribe_events\/76654\/revisions"}],"wp:featuredmedia":[{"embeddable":true,"href":"https:\/\/cbie.ca\/fr\/wp-json\/wp\/v2\/media\/77566"}],"wp:attachment":[{"href":"https:\/\/cbie.ca\/fr\/wp-json\/wp\/v2\/media?parent=76654"}],"wp:term":[{"taxonomy":"post_tag","embeddable":true,"href":"https:\/\/cbie.ca\/fr\/wp-json\/wp\/v2\/tags?post=76654"},{"taxonomy":"tribe_events_cat","embeddable":true,"href":"https:\/\/cbie.ca\/fr\/wp-json\/wp\/v2\/tribe_events_cat?post=76654"}],"curies":[{"name":"wp","href":"https:\/\/api.w.org\/{rel}","templated":true}]}}