{"id":67670,"date":"2022-06-30T12:31:48","date_gmt":"2022-06-30T16:31:48","guid":{"rendered":"https:\/\/cbieca.wpenginepowered.com\/?post_type=tribe_events&#038;p=67670"},"modified":"2022-10-03T11:07:22","modified_gmt":"2022-10-03T15:07:22","slug":"campus-aleas-sante-mentale-2","status":"publish","type":"tribe_events","link":"https:\/\/cbie.ca\/fr\/evenement\/campus-aleas-sante-mentale-2\/","title":{"rendered":"Campus Al\u00e9as &#8211; Intervention aupr\u00e8s d\u2019\u00e9tudiants en situation de crise"},"content":{"rendered":"<div class=\"wpb-content-wrapper\"><p>[vc_row][vc_column][vc_column_text]<\/p>\n<h5 style=\"text-align: center;\"><strong>Date limite d&rsquo;inscription: 12 octobre<\/strong><\/h5>\n<p>[\/vc_column_text]<div class=\"divider divider1\" style='margin:40px 0 40px 0 !important;'><\/div>[vc_column_text]<\/p>\n<h5 style=\"text-align: center;\">La sensibilisation aux probl\u00e8mes de sant\u00e9 mentale est essentielle pour ceux qui travaillent avec des \u00e9tudiant.e.s.\u00a0 En accordant une priorit\u00e9 \u00e0 la sant\u00e9 mentale, nous pouvons pr\u00e9venir les crises et faire en sorte que les \u00e9tudiant.e.s puissent participer pleinement et en toute s\u00e9curit\u00e9 sur le campus et dans la communaut\u00e9.<\/h5>\n<p>[\/vc_column_text]<div class=\"divider divider1\" style='margin:40px 0 20px 0 !important;'><\/div>[\/vc_column][\/vc_row][vc_row][vc_column column_center=\u00a0\u00bbtrue\u00a0\u00bb width=\u00a0\u00bb1\/1&Prime;][vc_column_text]<\/p>\n<h5>APER\u00c7U<\/h5>\n<p>Dans le cadre de cette formation, les participantes et les participants exploreront des outils et des approches permettant d&rsquo;aider les personnes qui d\u00e9veloppent un probl\u00e8me de sant\u00e9 mentale, qui connaissent une aggravation d&rsquo;un probl\u00e8me de sant\u00e9 mentale existant ou qui traversent une crise de sant\u00e9 mentale. Gr\u00e2ce \u00e0 un cours en ligne auto-dirig\u00e9, les participantes et les participants auront l&rsquo;occasion d&rsquo;acqu\u00e9rir un langage et de la th\u00e9orie communs entourant les principales manifestations des crises de sant\u00e9 mentale chez les \u00e9tudiants internationaux.<\/p>\n<p>Lors de la session en direct qui suivra, les participantes et les participants travailleront avec nos animatrices pour discuter de situations r\u00e9elles v\u00e9cues par des \u00e9tudiants internationaux entrants et sortants. Au cours de la session, les participants auront l&rsquo;occasion de discuter du niveau de soins dont les \u00e9tudiants pourraient avoir besoin, du niveau d&rsquo;intervention appropri\u00e9 en fonction de leur r\u00f4le dans leur \u00e9tablissement et des personnes vers lesquelles on peut se tourner pour obtenir un soutien suppl\u00e9mentaire. Nos formations sont participatives et interactives. Pour tirer le meilleur parti de cette session, les apprenantes et les apprenants doivent venir pr\u00e9par\u00e9s avec des questions et des exemples li\u00e9s \u00e0 leur r\u00e9alit\u00e9 professionnelle.<\/p>\n<p>Remarque : Cette formation est \u00e9galement propos\u00e9e en anglais. Cliquez sur le lien \u00ab\u00a0English\u00a0\u00bb situ\u00e9 dans le coin sup\u00e9rieur droit de votre \u00e9cran pour voir toutes les informations et vous inscrire pour rejoindre la cohorte anglaise.[\/vc_column_text]<div class=\"divider divider1\" style='margin:30px 0 30px 0 !important;'><\/div>[vc_column_text]<\/p>\n<h5>HORAIRE<\/h5>\n<p>Diffusion du module d&rsquo;apprentissage pr\u00e9-webinaire: <strong>17 octobre 2022. <\/strong>Les participantes et les participants auront acc\u00e8s \u00e0 un module de formation en ligne une semaine avant la s\u00e9ance en direct. Il est essentiel de suivre ce module pour pouvoir participer \u00e0 la session en direct.<\/p>\n<p>Atelier en direct avec Al\u00e9as: <strong>28 octobre de 11h00 \u00e0 12h30 (heure de l&rsquo;Est).\u00a0<\/strong>[\/vc_column_text]<div class=\"divider divider1\" style='margin:30px 0 30px 0 !important;'><\/div>[vc_column_text]<\/p>\n<h5>PR\u00c9REQUIS<\/h5>\n<p>Exp\u00e9rience ou formation en mati\u00e8re d&rsquo;interventions dans le domaine de la sant\u00e9 mentale.<\/p>\n<p>[\/vc_column_text]<div class=\"divider divider1\" style='margin:30px 0 30px 0 !important;'><\/div>[vc_column_text]<\/p>\n<h5>OBJECTIFS D&rsquo;APPRENTISSAGE<\/h5>\n<ul>\n<li>Acqu\u00e9rir les outils et le langage pour adresser les crises de sant\u00e9 mentale.<\/li>\n<li>Reconna\u00eetre les manifestations d&rsquo;une crise de sant\u00e9 mentale.<\/li>\n<li>Conna\u00eetre son r\u00f4le pour r\u00e9agir et intervenir dans une situation de crise.<\/li>\n<li>Discuter et mettre en pratique une vari\u00e9t\u00e9 d&rsquo;approches d&rsquo;intervention.<\/li>\n<li>Explorer les consid\u00e9rations li\u00e9es \u00e0 la sant\u00e9 mentale dans le cadre des programmes de mobilit\u00e9 entrante et sortante.<\/li>\n<\/ul>\n<p>[\/vc_column_text][\/vc_column][\/vc_row][vc_row][vc_column][vc_column_text]<\/p>\n<p>[\/vc_column_text]<div class=\"divider divider1\" style='margin:30px 0 30px 0 !important;'><\/div>[vc_column_text]<\/p>\n<h5>FORMATRICES<\/h5>\n<p>[\/vc_column_text][\/vc_column][\/vc_row][vc_row bg_color=\u00a0\u00bb#ffffff\u00a0\u00bb][vc_column column_padding=\u00a0\u00bbcustom-padding\u00a0\u00bb column_custompadding=\u00a0\u00bb0px 50px 20px 0px !important\u00a0\u00bb width=\u00a0\u00bb1\/2&Prime;]<a href=\"\" target=\"_blank\" class=\"catimage wpb_content_element color-light\" style=\"height: 450px;\">\n\t\t\t<span style=\"background-image: url(https:\/\/cbie.ca\/wp-content\/uploads\/2020\/05\/Alex.jpg); height: 450px;\"><\/span>\n\t\t\t<div class=\"catimage-overlay clearfix\" style=\"height: 450px;\">\n\t\t\t\t<div class=\"catimage-text\"><\/div>\n\t\t\t<\/div><\/a>[\/vc_column][vc_column column_padding=\u00a0\u00bbcustom-padding\u00a0\u00bb column_custompadding=\u00a0\u00bb0px 50px 20px 0px !important\u00a0\u00bb width=\u00a0\u00bb1\/2&Prime;]<div class=\"spacer\" style=\"height: 10px;\"><\/div>[vc_column_text]<\/p>\n<h4><strong>Alexandra George<\/strong><\/h4>\n<p>[\/vc_column_text][vc_column_text]<\/p>\n<h5>Conseill\u00e8re principale et technop\u00e9dagogue<\/h5>\n<p>[\/vc_column_text]<div class=\"spacer\" style=\"height: 10px;\"><\/div>[vc_column_text]En tant que technop\u00e9dagogue, Alexandra est responsable du d\u00e9veloppement de la plateforme de formation et de la mise en place d\u2019outils innovants et dynamiques. Elle propose des plans de formation et des modules sur mesure pour r\u00e9pondre aux sp\u00e9cificit\u00e9s de chacun de ses clients. \u00c0 titre de conseill\u00e8re en s\u00e9curit\u00e9, elle contribue \u00e0 l\u2019analyse des besoins en s\u00e9curit\u00e9 et \u00e0 l\u2019\u00e9laboration des politiques et proc\u00e9dures de gestion du risque.[\/vc_column_text][\/vc_column][\/vc_row][vc_row bg_color=\u00a0\u00bb#ffffff\u00a0\u00bb][vc_column column_padding=\u00a0\u00bbcustom-padding\u00a0\u00bb column_custompadding=\u00a0\u00bb0px 50px 20px 0px !important\u00a0\u00bb width=\u00a0\u00bb1\/2&Prime;]<a href=\"\" target=\"_blank\" class=\"catimage wpb_content_element color-light\" style=\"height: 450px;\">\n\t\t\t<span style=\"background-image: url(https:\/\/cbie.ca\/wp-content\/uploads\/2022\/06\/Val.png); height: 450px;\"><\/span>\n\t\t\t<div class=\"catimage-overlay clearfix\" style=\"height: 450px;\">\n\t\t\t\t<div class=\"catimage-text\"><\/div>\n\t\t\t<\/div><\/a>[\/vc_column][vc_column column_padding=\u00a0\u00bbcustom-padding\u00a0\u00bb column_custompadding=\u00a0\u00bb0px 50px 20px 0px !important\u00a0\u00bb width=\u00a0\u00bb1\/2&Prime;]<div class=\"spacer\" style=\"height: 10px;\"><\/div>[vc_column_text]<\/p>\n<h4>Val\u00e9rie Hill-Du Cap<\/h4>\n<p>[\/vc_column_text][vc_column_text]<\/p>\n<h5>Sp\u00e9cialiste en sant\u00e9 mentale<\/h5>\n<p>[\/vc_column_text]<div class=\"spacer\" style=\"height: 10px;\"><\/div>[vc_column_text]Bacheli\u00e8re en psychologie depuis 2011, Val\u00e9rie a travaill\u00e9 7 ans dans un programme d&rsquo;aide aux employ\u00e9s o\u00f9 elle a fait de l&rsquo;intervention de crise. Pr\u00e9sentement elle offre du soutien psychosocial aux personnes proches aidantes dans un organisme communautaire et elle compl\u00e8te une ma\u00eetrise en travail social.[\/vc_column_text][\/vc_column][\/vc_row][vc_row][vc_column width=\u00a0\u00bb1\/3&Prime;][vc_column_text]<\/p>\n<p>[\/vc_column_text][\/vc_column][vc_column width=\u00a0\u00bb1\/3&Prime;][vc_single_image image=\u00a0\u00bb59245&Prime; img_size=\u00a0\u00bb\u00a0\u00bb onclick=\u00a0\u00bbcustom_link\u00a0\u00bb img_link_target=\u00a0\u00bb_blank\u00a0\u00bb link=\u00a0\u00bbhttps:\/\/aleas.ca\/en\/\u00a0\u00bb][\/vc_column][vc_column width=\u00a0\u00bb1\/3&Prime;][\/vc_column][\/vc_row]<\/p>\n<\/div>","protected":false},"excerpt":{"rendered":"<p>[vc_row][vc_column][vc_column_text] Date limite d&rsquo;inscription: 12 octobre [\/vc_column_text][vc_column_text] La sensibilisation aux probl\u00e8mes de sant\u00e9 mentale est essentielle pour ceux qui travaillent avec des \u00e9tudiant.e.s.\u00a0 En accordant une priorit\u00e9 \u00e0 la sant\u00e9 [&hellip;]<\/p>\n","protected":false},"author":60,"featured_media":69286,"template":"","meta":{"_acf_changed":false,"_tribe_events_status":"","_tribe_events_status_reason":"","_tribe_events_is_hybrid":"","_tribe_events_is_virtual":"","_tribe_events_virtual_video_source":"","_tribe_events_virtual_embed_video":"","_tribe_events_virtual_linked_button_text":"","_tribe_events_virtual_linked_button":"","_tribe_events_virtual_show_embed_at":"","_tribe_events_virtual_show_embed_to":[],"_tribe_events_virtual_show_on_event":"","_tribe_events_virtual_show_on_views":"","_tribe_events_virtual_url":"","footnotes":""},"tags":[194,184,188,187],"tribe_events_cat":[128],"class_list":["post-67670","tribe_events","type-tribe_events","status-publish","has-post-thumbnail","hentry","tag-risk-management-fr","tag-student-mobility-fr","tag-mental-health-fr","tag-student-immigration-fr","tribe_events_cat-ateliers","cat_ateliers"],"acf":[],"yoast_head":"<!-- This site is optimized with the Yoast SEO plugin v27.5 - https:\/\/yoast.com\/product\/yoast-seo-wordpress\/ -->\n<title>Campus Al\u00e9as - Intervention aupr\u00e8s d\u2019\u00e9tudiants en situation de crise - CBIE<\/title>\n<meta name=\"robots\" content=\"index, follow, max-snippet:-1, max-image-preview:large, max-video-preview:-1\" \/>\n<link rel=\"canonical\" href=\"https:\/\/cbie.ca\/fr\/evenement\/campus-aleas-sante-mentale-2\/\" \/>\n<meta property=\"og:locale\" content=\"fr_FR\" \/>\n<meta property=\"og:type\" content=\"article\" \/>\n<meta property=\"og:title\" content=\"Campus Al\u00e9as - Intervention aupr\u00e8s d\u2019\u00e9tudiants en situation de crise - CBIE\" \/>\n<meta property=\"og:description\" content=\"[vc_row][vc_column][vc_column_text] Date limite d&rsquo;inscription: 12 octobre [\/vc_column_text][vc_column_text] La sensibilisation aux probl\u00e8mes de sant\u00e9 mentale est essentielle pour ceux qui travaillent avec des \u00e9tudiant.e.s.\u00a0 En accordant une priorit\u00e9 \u00e0 la sant\u00e9 [&hellip;]\" \/>\n<meta property=\"og:url\" content=\"https:\/\/cbie.ca\/fr\/evenement\/campus-aleas-sante-mentale-2\/\" \/>\n<meta property=\"og:site_name\" content=\"CBIE\" \/>\n<meta property=\"article:modified_time\" content=\"2022-10-03T15:07:22+00:00\" \/>\n<meta property=\"og:image\" content=\"https:\/\/cbie.ca\/wp-content\/uploads\/2022\/06\/Aleas-Mental-Health-FR.png\" \/>\n\t<meta property=\"og:image:width\" content=\"1600\" \/>\n\t<meta property=\"og:image:height\" content=\"900\" \/>\n\t<meta property=\"og:image:type\" content=\"image\/png\" \/>\n<meta name=\"twitter:card\" content=\"summary_large_image\" \/>\n<meta name=\"twitter:label1\" content=\"Dur\u00e9e de lecture estim\u00e9e\" \/>\n\t<meta name=\"twitter:data1\" content=\"3 minutes\" \/>\n<script type=\"application\/ld+json\" class=\"yoast-schema-graph\">{\"@context\":\"https:\\\/\\\/schema.org\",\"@graph\":[{\"@type\":\"WebPage\",\"@id\":\"https:\\\/\\\/cbie.ca\\\/fr\\\/evenement\\\/campus-aleas-sante-mentale-2\\\/\",\"url\":\"https:\\\/\\\/cbie.ca\\\/fr\\\/evenement\\\/campus-aleas-sante-mentale-2\\\/\",\"name\":\"Campus Al\u00e9as - Intervention aupr\u00e8s d\u2019\u00e9tudiants en situation de crise - CBIE\",\"isPartOf\":{\"@id\":\"https:\\\/\\\/cbie.ca\\\/#website\"},\"primaryImageOfPage\":{\"@id\":\"https:\\\/\\\/cbie.ca\\\/fr\\\/evenement\\\/campus-aleas-sante-mentale-2\\\/#primaryimage\"},\"image\":{\"@id\":\"https:\\\/\\\/cbie.ca\\\/fr\\\/evenement\\\/campus-aleas-sante-mentale-2\\\/#primaryimage\"},\"thumbnailUrl\":\"https:\\\/\\\/cbie.ca\\\/wp-content\\\/uploads\\\/2022\\\/06\\\/Aleas-Mental-Health-FR.png\",\"datePublished\":\"2022-06-30T16:31:48+00:00\",\"dateModified\":\"2022-10-03T15:07:22+00:00\",\"breadcrumb\":{\"@id\":\"https:\\\/\\\/cbie.ca\\\/fr\\\/evenement\\\/campus-aleas-sante-mentale-2\\\/#breadcrumb\"},\"inLanguage\":\"fr-FR\",\"potentialAction\":[{\"@type\":\"ReadAction\",\"target\":[\"https:\\\/\\\/cbie.ca\\\/fr\\\/evenement\\\/campus-aleas-sante-mentale-2\\\/\"]}]},{\"@type\":\"ImageObject\",\"inLanguage\":\"fr-FR\",\"@id\":\"https:\\\/\\\/cbie.ca\\\/fr\\\/evenement\\\/campus-aleas-sante-mentale-2\\\/#primaryimage\",\"url\":\"https:\\\/\\\/cbie.ca\\\/wp-content\\\/uploads\\\/2022\\\/06\\\/Aleas-Mental-Health-FR.png\",\"contentUrl\":\"https:\\\/\\\/cbie.ca\\\/wp-content\\\/uploads\\\/2022\\\/06\\\/Aleas-Mental-Health-FR.png\",\"width\":1600,\"height\":900},{\"@type\":\"BreadcrumbList\",\"@id\":\"https:\\\/\\\/cbie.ca\\\/fr\\\/evenement\\\/campus-aleas-sante-mentale-2\\\/#breadcrumb\",\"itemListElement\":[{\"@type\":\"ListItem\",\"position\":1,\"name\":\"Home\",\"item\":\"https:\\\/\\\/cbie.ca\\\/fr\\\/\"},{\"@type\":\"ListItem\",\"position\":2,\"name\":\"Events\",\"item\":\"https:\\\/\\\/cbie.ca\\\/events\\\/\"},{\"@type\":\"ListItem\",\"position\":3,\"name\":\"Campus Al\u00e9as &#8211; Intervention aupr\u00e8s d\u2019\u00e9tudiants en situation de crise\"}]},{\"@type\":\"WebSite\",\"@id\":\"https:\\\/\\\/cbie.ca\\\/#website\",\"url\":\"https:\\\/\\\/cbie.ca\\\/\",\"name\":\"Canadian Bureau for International Education\",\"description\":\"\",\"potentialAction\":[{\"@type\":\"SearchAction\",\"target\":{\"@type\":\"EntryPoint\",\"urlTemplate\":\"https:\\\/\\\/cbie.ca\\\/?s={search_term_string}\"},\"query-input\":{\"@type\":\"PropertyValueSpecification\",\"valueRequired\":true,\"valueName\":\"search_term_string\"}}],\"inLanguage\":\"fr-FR\"}]}<\/script>\n<!-- \/ Yoast SEO plugin. -->","yoast_head_json":{"title":"Campus Al\u00e9as - Intervention aupr\u00e8s d\u2019\u00e9tudiants en situation de crise - CBIE","robots":{"index":"index","follow":"follow","max-snippet":"max-snippet:-1","max-image-preview":"max-image-preview:large","max-video-preview":"max-video-preview:-1"},"canonical":"https:\/\/cbie.ca\/fr\/evenement\/campus-aleas-sante-mentale-2\/","og_locale":"fr_FR","og_type":"article","og_title":"Campus Al\u00e9as - Intervention aupr\u00e8s d\u2019\u00e9tudiants en situation de crise - CBIE","og_description":"[vc_row][vc_column][vc_column_text] Date limite d&rsquo;inscription: 12 octobre [\/vc_column_text][vc_column_text] La sensibilisation aux probl\u00e8mes de sant\u00e9 mentale est essentielle pour ceux qui travaillent avec des \u00e9tudiant.e.s.\u00a0 En accordant une priorit\u00e9 \u00e0 la sant\u00e9 [&hellip;]","og_url":"https:\/\/cbie.ca\/fr\/evenement\/campus-aleas-sante-mentale-2\/","og_site_name":"CBIE","article_modified_time":"2022-10-03T15:07:22+00:00","og_image":[{"width":1600,"height":900,"url":"https:\/\/cbie.ca\/wp-content\/uploads\/2022\/06\/Aleas-Mental-Health-FR.png","type":"image\/png"}],"twitter_card":"summary_large_image","twitter_misc":{"Dur\u00e9e de lecture estim\u00e9e":"3 minutes"},"schema":{"@context":"https:\/\/schema.org","@graph":[{"@type":"WebPage","@id":"https:\/\/cbie.ca\/fr\/evenement\/campus-aleas-sante-mentale-2\/","url":"https:\/\/cbie.ca\/fr\/evenement\/campus-aleas-sante-mentale-2\/","name":"Campus Al\u00e9as - Intervention aupr\u00e8s d\u2019\u00e9tudiants en situation de crise - CBIE","isPartOf":{"@id":"https:\/\/cbie.ca\/#website"},"primaryImageOfPage":{"@id":"https:\/\/cbie.ca\/fr\/evenement\/campus-aleas-sante-mentale-2\/#primaryimage"},"image":{"@id":"https:\/\/cbie.ca\/fr\/evenement\/campus-aleas-sante-mentale-2\/#primaryimage"},"thumbnailUrl":"https:\/\/cbie.ca\/wp-content\/uploads\/2022\/06\/Aleas-Mental-Health-FR.png","datePublished":"2022-06-30T16:31:48+00:00","dateModified":"2022-10-03T15:07:22+00:00","breadcrumb":{"@id":"https:\/\/cbie.ca\/fr\/evenement\/campus-aleas-sante-mentale-2\/#breadcrumb"},"inLanguage":"fr-FR","potentialAction":[{"@type":"ReadAction","target":["https:\/\/cbie.ca\/fr\/evenement\/campus-aleas-sante-mentale-2\/"]}]},{"@type":"ImageObject","inLanguage":"fr-FR","@id":"https:\/\/cbie.ca\/fr\/evenement\/campus-aleas-sante-mentale-2\/#primaryimage","url":"https:\/\/cbie.ca\/wp-content\/uploads\/2022\/06\/Aleas-Mental-Health-FR.png","contentUrl":"https:\/\/cbie.ca\/wp-content\/uploads\/2022\/06\/Aleas-Mental-Health-FR.png","width":1600,"height":900},{"@type":"BreadcrumbList","@id":"https:\/\/cbie.ca\/fr\/evenement\/campus-aleas-sante-mentale-2\/#breadcrumb","itemListElement":[{"@type":"ListItem","position":1,"name":"Home","item":"https:\/\/cbie.ca\/fr\/"},{"@type":"ListItem","position":2,"name":"Events","item":"https:\/\/cbie.ca\/events\/"},{"@type":"ListItem","position":3,"name":"Campus Al\u00e9as &#8211; Intervention aupr\u00e8s d\u2019\u00e9tudiants en situation de crise"}]},{"@type":"WebSite","@id":"https:\/\/cbie.ca\/#website","url":"https:\/\/cbie.ca\/","name":"Canadian Bureau for International Education","description":"","potentialAction":[{"@type":"SearchAction","target":{"@type":"EntryPoint","urlTemplate":"https:\/\/cbie.ca\/?s={search_term_string}"},"query-input":{"@type":"PropertyValueSpecification","valueRequired":true,"valueName":"search_term_string"}}],"inLanguage":"fr-FR"}]}},"_links":{"self":[{"href":"https:\/\/cbie.ca\/fr\/wp-json\/wp\/v2\/tribe_events\/67670","targetHints":{"allow":["GET"]}}],"collection":[{"href":"https:\/\/cbie.ca\/fr\/wp-json\/wp\/v2\/tribe_events"}],"about":[{"href":"https:\/\/cbie.ca\/fr\/wp-json\/wp\/v2\/types\/tribe_events"}],"author":[{"embeddable":true,"href":"https:\/\/cbie.ca\/fr\/wp-json\/wp\/v2\/users\/60"}],"version-history":[{"count":0,"href":"https:\/\/cbie.ca\/fr\/wp-json\/wp\/v2\/tribe_events\/67670\/revisions"}],"wp:featuredmedia":[{"embeddable":true,"href":"https:\/\/cbie.ca\/fr\/wp-json\/wp\/v2\/media\/69286"}],"wp:attachment":[{"href":"https:\/\/cbie.ca\/fr\/wp-json\/wp\/v2\/media?parent=67670"}],"wp:term":[{"taxonomy":"post_tag","embeddable":true,"href":"https:\/\/cbie.ca\/fr\/wp-json\/wp\/v2\/tags?post=67670"},{"taxonomy":"tribe_events_cat","embeddable":true,"href":"https:\/\/cbie.ca\/fr\/wp-json\/wp\/v2\/tribe_events_cat?post=67670"}],"curies":[{"name":"wp","href":"https:\/\/api.w.org\/{rel}","templated":true}]}}