{"id":60370,"date":"2022-01-20T15:37:42","date_gmt":"2022-01-20T20:37:42","guid":{"rendered":"https:\/\/cbieca.wpenginepowered.com\/?post_type=tribe_events&#038;p=60370"},"modified":"2022-03-18T12:34:08","modified_gmt":"2022-03-18T16:34:08","slug":"mettre-sur-pied-des-services-inclusifs-de-soutien-complet-pour-la-mobilite-vers-letranger","status":"publish","type":"tribe_events","link":"https:\/\/cbie.ca\/fr\/evenement\/mettre-sur-pied-des-services-inclusifs-de-soutien-complet-pour-la-mobilite-vers-letranger\/","title":{"rendered":"Renforcer les services inclusifs de soutien complet pour la mobilit\u00e9 vers l\u2019\u00e9tranger"},"content":{"rendered":"<div class=\"wpb-content-wrapper\"><p>[vc_row][vc_column width=\u00a0\u00bb1\/1&Prime;][vc_single_image image=\u00a0\u00bb60054&Prime; img_size=\u00a0\u00bbfull\u00a0\u00bb alignment=\u00a0\u00bbcenter\u00a0\u00bb css=\u00a0\u00bb.vc_custom_1642709517949{padding-bottom: 20px !important;}\u00a0\u00bb][vc_column_text]<\/p>\n<h6>Aper\u00e7u<\/h6>\n<p><a href=\"https:\/\/experiencecompetencesmondiales.ca\/\" target=\"_blank\" rel=\"noopener\">Exp\u00e9rience comp\u00e9tences mondiales<\/a>, le BCEI et la <a href=\"https:\/\/cbie.ca\/fr\/notre-reseau\/professional-learning-communities\/\">communaut\u00e9 d\u2019apprentissage professionnel (CAP) du BCEI pour les \u00e9tudes \u00e0 l\u2019\u00e9tranger<\/a> organisent un webinaire pour appuyer les \u00e9tablissements d\u2019enseignement postsecondaire canadiens dans le d\u00e9veloppement et la conception de leurs programmes d\u2019exp\u00e9rience internationale. Les discussions et r\u00e9flexions qui auront lieu dans le cadre de cet \u00e9v\u00e9nement inclueront \u00e0 la fois les approches en personne et les approches virtuelles.<\/p>\n<p>Cette webinaire d\u2019apprentissage est ouverte \u00e0 l\u2019ensemble de la communaut\u00e9 canadienne de l\u2019\u00e9ducation internationale (et non seulement aux membres du BCEI). Un service d\u2019interpr\u00e9tation simultan\u00e9e en fran\u00e7ais sera disponible.<\/p>\n<h6>Description<\/h6>\n<p>Ce webinaire se concentrera sur la fa\u00e7on dont les \u00e9tablissements pr\u00e9parent leurs \u00e9tudiant.e.s en pr\u00e9vision d\u2019une exp\u00e9rience internationale. La discussion portera notamment sur les mani\u00e8res de rendre cette pr\u00e9paration plus accessible aux populations mal desservies. Le webinaire lancera \u00e9galement une conversation sur les mod\u00e8les \u00e0 suivre pour encourager une plus grande participation des \u00e9tudiant.e.s lors de leur retour au pays.<\/p>\n<h6>Ordre du jour<\/h6>\n<table>\n<tbody>\n<tr>\n<td width=\"200px\">13 h \u00e0 13 h 05<\/td>\n<td><strong>Mot d\u2019ouverture<\/strong><br \/>\nLe BCEI prononcera l\u2019\u00e9nonc\u00e9 de reconnaissance territoriale. ECM se joindra ensuite au BCEI pour le mot d\u2019ouverture.<\/td>\n<\/tr>\n<tr>\n<td>13 h 05 \u00e0 13 h 45<\/td>\n<td><strong>Pr\u00e9sentation<\/strong><br \/>\nUn chef de file dans le domaine mettront en relief les meilleures pratiques et principaux enjeux en lien avec la cr\u00e9ation de services inclusifs de soutien complet.<\/td>\n<\/tr>\n<tr>\n<td>13 h 45 \u00e0 14 h 10<\/td>\n<td><strong>Discussions en petits groupes<\/strong><br \/>\nLes participant.e.s seront r\u00e9parti.e.s dans des salles de sous-groupe pour tenir des discussions en petits groupes.<\/td>\n<\/tr>\n<tr>\n<td>14 h 10 \u00e0 14 h 15<\/td>\n<td><strong>R\u00e9capitulation et cl\u00f4ture<\/strong><br \/>\nLes participant.e.s proc\u00e9deront \u00e0 la cl\u00f4ture de l\u2019\u00e9v\u00e9nement en se rassemblant afin de faire le point et de discuter la prochaine occasion \u00e0 venir en mati\u00e8re d\u2019apprentissage et de partage.<\/td>\n<\/tr>\n<\/tbody>\n<\/table>\n<p>[\/vc_column_text]<div class=\"spacer\" style=\"height: 40px;\"><\/div>[vc_column_text]<\/p>\n<h6>Facilitatrice<\/h6>\n<p>[\/vc_column_text][\/vc_column][\/vc_row][vc_row class=\u00a0\u00bbfacilitator-row\u00a0\u00bb][vc_column width=\u00a0\u00bb1\/4&Prime;]<div class=\"single_image wpb_content_element align-center  image_box_circle  \" data-animation=\"none\" data-delay=\"0\"><img loading=\"lazy\" decoding=\"async\" width=\"1000\" height=\"1000\" src=\"https:\/\/cbie.ca\/wp-content\/uploads\/2022\/01\/LLM-Headshot-resized.jpg\" class=\"attachment-large\" alt=\"\" title=\"LLM-Headshot-resized\" srcset=\"https:\/\/cbie.ca\/wp-content\/uploads\/2022\/01\/LLM-Headshot-resized.jpg 1000w, https:\/\/cbie.ca\/wp-content\/uploads\/2022\/01\/LLM-Headshot-resized-300x300.jpg 300w, https:\/\/cbie.ca\/wp-content\/uploads\/2022\/01\/LLM-Headshot-resized-150x150.jpg 150w, https:\/\/cbie.ca\/wp-content\/uploads\/2022\/01\/LLM-Headshot-resized-768x768.jpg 768w, https:\/\/cbie.ca\/wp-content\/uploads\/2022\/01\/LLM-Headshot-resized-80x80.jpg 80w, https:\/\/cbie.ca\/wp-content\/uploads\/2022\/01\/LLM-Headshot-resized-500x500.jpg 500w\" sizes=\"auto, (max-width: 1000px) 100vw, 1000px\" \/><\/div>[\/vc_column][vc_column width=\u00a0\u00bb3\/4&Prime;][vc_column_text]<\/p>\n<h4>Lily Lopez-McGee<\/h4>\n<p>[\/vc_column_text][vc_column_text]<strong>Directrice g\u00e9n\u00e9rale de <a href=\"http:\/\/www.diversitynetwork.org\">Diversity Abroad<\/a><\/strong>[\/vc_column_text]<div class=\"spacer\" style=\"height: 20px;\"><\/div>[vc_column_text]Lily Lopez-McGee a consacr\u00e9 plus de dix ans au renforcement des capacit\u00e9s, \u00e0 la diversit\u00e9, l\u2019\u00e9quit\u00e9 et l\u2019inclusion au sein de l\u2019\u00e9ducation internationale (EI) et des \u00e9changes internationaux, et \u00e0 la s\u00e9curit\u00e9 nationale et la politique \u00e9trang\u00e8re des \u00c9tats-Unis. Mme Lopez-McGee est une universitaire et professionnelle qui occupe pr\u00e9sentement le poste de directrice g\u00e9n\u00e9rale de Diversity Abroad. Son travail pour cette organisation se situe \u00e0 l\u2019intersection de l\u2019\u00e9quit\u00e9, la diversit\u00e9 et l\u2019inclusion d\u2019une part, et de l\u2019EI et des \u00e9changes internationaux d\u2019autre part. \u00c0 la fois professionnelle, chercheuse et conf\u00e9renci\u00e8re, elle a publi\u00e9 des articles dans des revues savantes et sp\u00e9cialis\u00e9es. Elle a \u00e9galement copr\u00e9sid\u00e9 le Global Access Pipeline et contribu\u00e9 \u00e0 la coordination de la Conference on Diversity in International Affairs, parrain\u00e9e par le Council on Foreign Relations. Mme Lopez-McGee poss\u00e8de une vaste exp\u00e9rience dans les domaines de l\u2019administration de bourses et de subventions, du renforcement des capacit\u00e9s, et des programmes de formation ax\u00e9e sur l\u2019internationalisation pour les \u00e9tablissements qui offrent des services aux communaut\u00e9s minoritaires. Elle est fortement engag\u00e9e dans l\u2019\u00e9galisation de l\u2019acc\u00e8s \u00e0 l\u2019\u00e9ducation.[\/vc_column_text][\/vc_column][\/vc_row]<\/p>\n<\/div>","protected":false},"excerpt":{"rendered":"<p>[vc_row][vc_column width=\u00a0\u00bb1\/1&Prime;][vc_single_image image=\u00a0\u00bb60054&Prime; img_size=\u00a0\u00bbfull\u00a0\u00bb alignment=\u00a0\u00bbcenter\u00a0\u00bb css=\u00a0\u00bb.vc_custom_1642709517949{padding-bottom: 20px !important;}\u00a0\u00bb][vc_column_text] Aper\u00e7u Exp\u00e9rience comp\u00e9tences mondiales, le BCEI et la communaut\u00e9 d\u2019apprentissage professionnel (CAP) du BCEI pour les \u00e9tudes \u00e0 l\u2019\u00e9tranger organisent un webinaire [&hellip;]<\/p>\n","protected":false},"author":2,"featured_media":60538,"template":"","meta":{"_acf_changed":false,"_tribe_events_status":"","_tribe_events_status_reason":"","_tribe_events_is_hybrid":"","_tribe_events_is_virtual":"","_tribe_events_virtual_video_source":"","_tribe_events_virtual_embed_video":"","_tribe_events_virtual_linked_button_text":"","_tribe_events_virtual_linked_button":"","_tribe_events_virtual_show_embed_at":"","_tribe_events_virtual_show_embed_to":[],"_tribe_events_virtual_show_on_event":"","_tribe_events_virtual_show_on_views":"","_tribe_events_virtual_url":"","footnotes":""},"tags":[],"tribe_events_cat":[127],"class_list":["post-60370","tribe_events","type-tribe_events","status-publish","has-post-thumbnail","hentry","tribe_events_cat-webinaires","cat_webinaires"],"acf":[],"yoast_head":"<!-- This site is optimized with the Yoast SEO plugin v27.5 - https:\/\/yoast.com\/product\/yoast-seo-wordpress\/ -->\n<title>Renforcer les services inclusifs de soutien complet pour la mobilit\u00e9 vers l\u2019\u00e9tranger - CBIE<\/title>\n<meta name=\"robots\" content=\"index, follow, max-snippet:-1, max-image-preview:large, max-video-preview:-1\" \/>\n<link rel=\"canonical\" href=\"https:\/\/cbie.ca\/fr\/evenement\/mettre-sur-pied-des-services-inclusifs-de-soutien-complet-pour-la-mobilite-vers-letranger\/\" \/>\n<meta property=\"og:locale\" content=\"fr_FR\" \/>\n<meta property=\"og:type\" content=\"article\" \/>\n<meta property=\"og:title\" content=\"Renforcer les services inclusifs de soutien complet pour la mobilit\u00e9 vers l\u2019\u00e9tranger - CBIE\" \/>\n<meta property=\"og:description\" content=\"[vc_row][vc_column width=\u00a0\u00bb1\/1&Prime;][vc_single_image image=\u00a0\u00bb60054&Prime; img_size=\u00a0\u00bbfull\u00a0\u00bb alignment=\u00a0\u00bbcenter\u00a0\u00bb css=\u00a0\u00bb.vc_custom_1642709517949{padding-bottom: 20px !important;}\u00a0\u00bb][vc_column_text] Aper\u00e7u Exp\u00e9rience comp\u00e9tences mondiales, le BCEI et la communaut\u00e9 d\u2019apprentissage professionnel (CAP) du BCEI pour les \u00e9tudes \u00e0 l\u2019\u00e9tranger organisent un webinaire [&hellip;]\" \/>\n<meta property=\"og:url\" content=\"https:\/\/cbie.ca\/fr\/evenement\/mettre-sur-pied-des-services-inclusifs-de-soutien-complet-pour-la-mobilite-vers-letranger\/\" \/>\n<meta property=\"og:site_name\" content=\"CBIE\" \/>\n<meta property=\"article:modified_time\" content=\"2022-03-18T16:34:08+00:00\" \/>\n<meta property=\"og:image\" content=\"https:\/\/cbie.ca\/wp-content\/uploads\/2022\/01\/FR-GSO-Webinar-1.png\" \/>\n\t<meta property=\"og:image:width\" content=\"1600\" \/>\n\t<meta property=\"og:image:height\" content=\"900\" \/>\n\t<meta property=\"og:image:type\" content=\"image\/png\" \/>\n<meta name=\"twitter:card\" content=\"summary_large_image\" \/>\n<meta name=\"twitter:label1\" content=\"Dur\u00e9e de lecture estim\u00e9e\" \/>\n\t<meta name=\"twitter:data1\" content=\"3 minutes\" \/>\n<script type=\"application\/ld+json\" class=\"yoast-schema-graph\">{\"@context\":\"https:\\\/\\\/schema.org\",\"@graph\":[{\"@type\":\"WebPage\",\"@id\":\"https:\\\/\\\/cbie.ca\\\/fr\\\/evenement\\\/mettre-sur-pied-des-services-inclusifs-de-soutien-complet-pour-la-mobilite-vers-letranger\\\/\",\"url\":\"https:\\\/\\\/cbie.ca\\\/fr\\\/evenement\\\/mettre-sur-pied-des-services-inclusifs-de-soutien-complet-pour-la-mobilite-vers-letranger\\\/\",\"name\":\"Renforcer les services inclusifs de soutien complet pour la mobilit\u00e9 vers l\u2019\u00e9tranger - CBIE\",\"isPartOf\":{\"@id\":\"https:\\\/\\\/cbie.ca\\\/#website\"},\"primaryImageOfPage\":{\"@id\":\"https:\\\/\\\/cbie.ca\\\/fr\\\/evenement\\\/mettre-sur-pied-des-services-inclusifs-de-soutien-complet-pour-la-mobilite-vers-letranger\\\/#primaryimage\"},\"image\":{\"@id\":\"https:\\\/\\\/cbie.ca\\\/fr\\\/evenement\\\/mettre-sur-pied-des-services-inclusifs-de-soutien-complet-pour-la-mobilite-vers-letranger\\\/#primaryimage\"},\"thumbnailUrl\":\"https:\\\/\\\/cbie.ca\\\/wp-content\\\/uploads\\\/2022\\\/01\\\/FR-GSO-Webinar-1.png\",\"datePublished\":\"2022-01-20T20:37:42+00:00\",\"dateModified\":\"2022-03-18T16:34:08+00:00\",\"breadcrumb\":{\"@id\":\"https:\\\/\\\/cbie.ca\\\/fr\\\/evenement\\\/mettre-sur-pied-des-services-inclusifs-de-soutien-complet-pour-la-mobilite-vers-letranger\\\/#breadcrumb\"},\"inLanguage\":\"fr-FR\",\"potentialAction\":[{\"@type\":\"ReadAction\",\"target\":[\"https:\\\/\\\/cbie.ca\\\/fr\\\/evenement\\\/mettre-sur-pied-des-services-inclusifs-de-soutien-complet-pour-la-mobilite-vers-letranger\\\/\"]}]},{\"@type\":\"ImageObject\",\"inLanguage\":\"fr-FR\",\"@id\":\"https:\\\/\\\/cbie.ca\\\/fr\\\/evenement\\\/mettre-sur-pied-des-services-inclusifs-de-soutien-complet-pour-la-mobilite-vers-letranger\\\/#primaryimage\",\"url\":\"https:\\\/\\\/cbie.ca\\\/wp-content\\\/uploads\\\/2022\\\/01\\\/FR-GSO-Webinar-1.png\",\"contentUrl\":\"https:\\\/\\\/cbie.ca\\\/wp-content\\\/uploads\\\/2022\\\/01\\\/FR-GSO-Webinar-1.png\",\"width\":1600,\"height\":900},{\"@type\":\"BreadcrumbList\",\"@id\":\"https:\\\/\\\/cbie.ca\\\/fr\\\/evenement\\\/mettre-sur-pied-des-services-inclusifs-de-soutien-complet-pour-la-mobilite-vers-letranger\\\/#breadcrumb\",\"itemListElement\":[{\"@type\":\"ListItem\",\"position\":1,\"name\":\"Home\",\"item\":\"https:\\\/\\\/cbie.ca\\\/fr\\\/\"},{\"@type\":\"ListItem\",\"position\":2,\"name\":\"Events\",\"item\":\"https:\\\/\\\/cbie.ca\\\/events\\\/\"},{\"@type\":\"ListItem\",\"position\":3,\"name\":\"Renforcer les services inclusifs de soutien complet pour la mobilit\u00e9 vers l\u2019\u00e9tranger\"}]},{\"@type\":\"WebSite\",\"@id\":\"https:\\\/\\\/cbie.ca\\\/#website\",\"url\":\"https:\\\/\\\/cbie.ca\\\/\",\"name\":\"Canadian Bureau for International Education\",\"description\":\"\",\"potentialAction\":[{\"@type\":\"SearchAction\",\"target\":{\"@type\":\"EntryPoint\",\"urlTemplate\":\"https:\\\/\\\/cbie.ca\\\/?s={search_term_string}\"},\"query-input\":{\"@type\":\"PropertyValueSpecification\",\"valueRequired\":true,\"valueName\":\"search_term_string\"}}],\"inLanguage\":\"fr-FR\"}]}<\/script>\n<!-- \/ Yoast SEO plugin. -->","yoast_head_json":{"title":"Renforcer les services inclusifs de soutien complet pour la mobilit\u00e9 vers l\u2019\u00e9tranger - CBIE","robots":{"index":"index","follow":"follow","max-snippet":"max-snippet:-1","max-image-preview":"max-image-preview:large","max-video-preview":"max-video-preview:-1"},"canonical":"https:\/\/cbie.ca\/fr\/evenement\/mettre-sur-pied-des-services-inclusifs-de-soutien-complet-pour-la-mobilite-vers-letranger\/","og_locale":"fr_FR","og_type":"article","og_title":"Renforcer les services inclusifs de soutien complet pour la mobilit\u00e9 vers l\u2019\u00e9tranger - CBIE","og_description":"[vc_row][vc_column width=\u00a0\u00bb1\/1&Prime;][vc_single_image image=\u00a0\u00bb60054&Prime; img_size=\u00a0\u00bbfull\u00a0\u00bb alignment=\u00a0\u00bbcenter\u00a0\u00bb css=\u00a0\u00bb.vc_custom_1642709517949{padding-bottom: 20px !important;}\u00a0\u00bb][vc_column_text] Aper\u00e7u Exp\u00e9rience comp\u00e9tences mondiales, le BCEI et la communaut\u00e9 d\u2019apprentissage professionnel (CAP) du BCEI pour les \u00e9tudes \u00e0 l\u2019\u00e9tranger organisent un webinaire [&hellip;]","og_url":"https:\/\/cbie.ca\/fr\/evenement\/mettre-sur-pied-des-services-inclusifs-de-soutien-complet-pour-la-mobilite-vers-letranger\/","og_site_name":"CBIE","article_modified_time":"2022-03-18T16:34:08+00:00","og_image":[{"width":1600,"height":900,"url":"https:\/\/cbie.ca\/wp-content\/uploads\/2022\/01\/FR-GSO-Webinar-1.png","type":"image\/png"}],"twitter_card":"summary_large_image","twitter_misc":{"Dur\u00e9e de lecture estim\u00e9e":"3 minutes"},"schema":{"@context":"https:\/\/schema.org","@graph":[{"@type":"WebPage","@id":"https:\/\/cbie.ca\/fr\/evenement\/mettre-sur-pied-des-services-inclusifs-de-soutien-complet-pour-la-mobilite-vers-letranger\/","url":"https:\/\/cbie.ca\/fr\/evenement\/mettre-sur-pied-des-services-inclusifs-de-soutien-complet-pour-la-mobilite-vers-letranger\/","name":"Renforcer les services inclusifs de soutien complet pour la mobilit\u00e9 vers l\u2019\u00e9tranger - CBIE","isPartOf":{"@id":"https:\/\/cbie.ca\/#website"},"primaryImageOfPage":{"@id":"https:\/\/cbie.ca\/fr\/evenement\/mettre-sur-pied-des-services-inclusifs-de-soutien-complet-pour-la-mobilite-vers-letranger\/#primaryimage"},"image":{"@id":"https:\/\/cbie.ca\/fr\/evenement\/mettre-sur-pied-des-services-inclusifs-de-soutien-complet-pour-la-mobilite-vers-letranger\/#primaryimage"},"thumbnailUrl":"https:\/\/cbie.ca\/wp-content\/uploads\/2022\/01\/FR-GSO-Webinar-1.png","datePublished":"2022-01-20T20:37:42+00:00","dateModified":"2022-03-18T16:34:08+00:00","breadcrumb":{"@id":"https:\/\/cbie.ca\/fr\/evenement\/mettre-sur-pied-des-services-inclusifs-de-soutien-complet-pour-la-mobilite-vers-letranger\/#breadcrumb"},"inLanguage":"fr-FR","potentialAction":[{"@type":"ReadAction","target":["https:\/\/cbie.ca\/fr\/evenement\/mettre-sur-pied-des-services-inclusifs-de-soutien-complet-pour-la-mobilite-vers-letranger\/"]}]},{"@type":"ImageObject","inLanguage":"fr-FR","@id":"https:\/\/cbie.ca\/fr\/evenement\/mettre-sur-pied-des-services-inclusifs-de-soutien-complet-pour-la-mobilite-vers-letranger\/#primaryimage","url":"https:\/\/cbie.ca\/wp-content\/uploads\/2022\/01\/FR-GSO-Webinar-1.png","contentUrl":"https:\/\/cbie.ca\/wp-content\/uploads\/2022\/01\/FR-GSO-Webinar-1.png","width":1600,"height":900},{"@type":"BreadcrumbList","@id":"https:\/\/cbie.ca\/fr\/evenement\/mettre-sur-pied-des-services-inclusifs-de-soutien-complet-pour-la-mobilite-vers-letranger\/#breadcrumb","itemListElement":[{"@type":"ListItem","position":1,"name":"Home","item":"https:\/\/cbie.ca\/fr\/"},{"@type":"ListItem","position":2,"name":"Events","item":"https:\/\/cbie.ca\/events\/"},{"@type":"ListItem","position":3,"name":"Renforcer les services inclusifs de soutien complet pour la mobilit\u00e9 vers l\u2019\u00e9tranger"}]},{"@type":"WebSite","@id":"https:\/\/cbie.ca\/#website","url":"https:\/\/cbie.ca\/","name":"Canadian Bureau for International Education","description":"","potentialAction":[{"@type":"SearchAction","target":{"@type":"EntryPoint","urlTemplate":"https:\/\/cbie.ca\/?s={search_term_string}"},"query-input":{"@type":"PropertyValueSpecification","valueRequired":true,"valueName":"search_term_string"}}],"inLanguage":"fr-FR"}]}},"_links":{"self":[{"href":"https:\/\/cbie.ca\/fr\/wp-json\/wp\/v2\/tribe_events\/60370","targetHints":{"allow":["GET"]}}],"collection":[{"href":"https:\/\/cbie.ca\/fr\/wp-json\/wp\/v2\/tribe_events"}],"about":[{"href":"https:\/\/cbie.ca\/fr\/wp-json\/wp\/v2\/types\/tribe_events"}],"author":[{"embeddable":true,"href":"https:\/\/cbie.ca\/fr\/wp-json\/wp\/v2\/users\/2"}],"version-history":[{"count":0,"href":"https:\/\/cbie.ca\/fr\/wp-json\/wp\/v2\/tribe_events\/60370\/revisions"}],"wp:featuredmedia":[{"embeddable":true,"href":"https:\/\/cbie.ca\/fr\/wp-json\/wp\/v2\/media\/60538"}],"wp:attachment":[{"href":"https:\/\/cbie.ca\/fr\/wp-json\/wp\/v2\/media?parent=60370"}],"wp:term":[{"taxonomy":"post_tag","embeddable":true,"href":"https:\/\/cbie.ca\/fr\/wp-json\/wp\/v2\/tags?post=60370"},{"taxonomy":"tribe_events_cat","embeddable":true,"href":"https:\/\/cbie.ca\/fr\/wp-json\/wp\/v2\/tribe_events_cat?post=60370"}],"curies":[{"name":"wp","href":"https:\/\/api.w.org\/{rel}","templated":true}]}}