{"id":46886,"date":"2020-06-03T11:10:57","date_gmt":"2020-06-03T15:10:57","guid":{"rendered":"https:\/\/cbieca.wpenginepowered.com\/?post_type=tribe_events&#038;p=46886"},"modified":"2023-03-14T15:26:26","modified_gmt":"2023-03-14T19:26:26","slug":"campus-aleas-gestion-du-risque","status":"publish","type":"tribe_events","link":"https:\/\/cbie.ca\/fr\/evenement\/campus-aleas-gestion-du-risque\/","title":{"rendered":"Al\u00e9as Campus &#8211; Gestion des risques li\u00e9s \u00e0 la mobilit\u00e9 internationale : un regard sur vos pratiques"},"content":{"rendered":"<div class=\"wpb-content-wrapper\"><p>[vc_row][vc_column width=\u00a0\u00bb1\/1&Prime;][vc_column_text]<\/p>\n<h4 style=\"text-align: center;\">Date limite d&rsquo;inscription : 29 mars<\/h4>\n<p>[\/vc_column_text]<div class=\"divider divider1\" style='margin:40px 0 20px 0 !important;'><\/div>[vc_column_text]<\/p>\n<p style=\"text-align: center;\"><strong>D\u00e9veloppez une culture institutionnelle o\u00f9 la gestion des risques li\u00e9s aux voyages est au c\u0153ur de toutes les d\u00e9cisions. Participez \u00e0 ce cours en ligne qui vous guidera dans l&rsquo;examen des pratiques de votre institution. Au fil des s\u00e9ances, gagnez les connaissances et les comp\u00e9tences n\u00e9cessaires pour assurer la s\u00e9curit\u00e9 de vos voyageurs.<\/strong><\/p>\n<p>[\/vc_column_text]<div class=\"divider divider1\" style='margin:20px 0 10px 0 !important;'><\/div>[\/vc_column][\/vc_row][vc_row][vc_column width=\u00a0\u00bb1\/1&Prime;][vc_column_text]<\/p>\n<h5 style=\"text-align: left;\"><strong>DESCRIPTION\u00a0<\/strong><\/h5>\n<p style=\"text-align: left;\">Pour satisfaire leur devoir de diligence et r\u00e9pondre \u00e0 la norme <a href=\"https:\/\/www.iso.org\/standard\/54204.html\">ISO 31030<\/a>, les institutions doivent avoir une strat\u00e9gie de gestion des risques li\u00e9s aux voyages. Les politiques, mesures pr\u00e9ventives, proc\u00e9dures et protocoles en place rendent cette strat\u00e9gie op\u00e9rationnelle. Pour responsabiliser les institutions, Al\u00e9as propose un cours qui permet aux participants d&rsquo;apprendre \u00e0 conna\u00eetre des pratiques exemplaires pour offrir une exp\u00e9rience internationale s\u00fbre et s\u00e9curis\u00e9e \u00e0 tous les voyageurs de leur \u00e9tablissement. Ils acquerront les connaissances n\u00e9cessaires pour r\u00e9fl\u00e9chir \u00e0 leur m\u00e9thode de travail, reconna\u00eetre les lacunes et identifier les priorit\u00e9s \u00e0 traiter.<\/p>\n<p>Le programme est divis\u00e9 en quatre modules :<\/p>\n<ul>\n<li>Gouvernance<\/li>\n<li>Mesures pr\u00e9ventives<\/li>\n<li>Gestion de crise<\/li>\n<li>Suivi et \u00e9valuation<\/li>\n<\/ul>\n<p>[\/vc_column_text][\/vc_column][\/vc_row][vc_row][vc_column width=\u00a0\u00bb1\/1&Prime;]<div class=\"divider divider1\" style='margin:5px 0 40px 0 !important;'><\/div>[vc_column_text]<\/p>\n<h5 style=\"text-align: left;\"><strong>OBJECTIFS D&rsquo;APPRENTISSAGE<\/strong><\/h5>\n<p>Ce cours pose les bases n\u00e9cessaires pour d\u00e9velopper une culture dans laquelle la gestion des risques et la s\u00e9curit\u00e9 sont au c\u0153ur de toutes les activit\u00e9s de mobilit\u00e9 internationale. Les participants accompliront ce qui suit :<\/p>\n<ul>\n<li style=\"list-style-type: none;\">\n<ul>\n<li>Am\u00e9liorer leur connaissance de la gestion des risques li\u00e9s aux voyages;<\/li>\n<li>D\u00e9couvrir les meilleures pratiques dans un contexte de mobilit\u00e9 internationale\u00a0;<\/li>\n<li>\u00c9tablir une image claire des pratiques de gestion des risques en place\u00a0;<\/li>\n<li>\u00c9valuer la capacit\u00e9 de leur \u00e9tablissement \u00e0 respecter son devoir de diligence\u00a0;<\/li>\n<li>Prioriser les outils et les proc\u00e9dures \u00e0 mettre en \u0153uvre pour atteindre les objectifs de s\u00e9curit\u00e9.<\/li>\n<\/ul>\n<\/li>\n<\/ul>\n<p>[\/vc_column_text][\/vc_column][\/vc_row][vc_row][vc_column width=\u00a0\u00bb1\/1&Prime;]<div class=\"divider divider1\" style='margin:5px 0 40px 0 !important;'><\/div>[vc_column_text]<\/p>\n<h5 style=\"text-align: left;\">INSCRIPTION DES \u00c9QUIPES<\/h5>\n<p>\u00c9tant donn\u00e9 la nature collaborative de ce programme en ligne, nous sugg\u00e9rons fortement aux institutions d&rsquo;inscrire plusieurs participants. Les \u00e9quipes institutionnelles pourraient inclure des repr\u00e9sentants des d\u00e9partements suivants :<\/p>\n<ul>\n<li>Bureau international<\/li>\n<li>Ressources humaines<\/li>\n<li>Bureau de la s\u00e9curit\u00e9 et de la gestion des risques<\/li>\n<li>Affaires juridiques et assurances<\/li>\n<\/ul>\n<p>&nbsp;<\/p>\n<p><strong>VEUILLEZ NOTER<\/strong> : Nous ne demandons qu&rsquo;un seul paiement par \u00e9quipe institutionnelle de 3 personnes.\u00a0 Des membres suppl\u00e9mentaires peuvent s&rsquo;inscrire \u00e0 l&rsquo;\u00e9quipe \u00e0 un tarif pr\u00e9f\u00e9rentiel de 500 $ par personne.[\/vc_column_text]<div class=\"divider divider1\" style='margin:5px 0 40px 0 !important;'><\/div>[\/vc_column][\/vc_row][vc_row][vc_column width=\u00a0\u00bb1\/1&Prime;][vc_column_text]<\/p>\n<h5><strong>HORAIRE ET <\/strong><strong>D\u00c9ROULEMENT\u00a0<\/strong><strong>DE LA FORMATION<br \/>\n<\/strong><\/h5>\n<p>Ce cours de six semaines sera diffus\u00e9 via une s\u00e9rie de capsules vid\u00e9o asynchrones, et accompagn\u00e9 par des s\u00e9ances en direct enrichies par des discussions de groupe.\u00a0 Les participants sont encourag\u00e9s \u00e0 visionner chacun des modules vid\u00e9o respectifs et \u00e0 effectuer les activit\u00e9s\/travaux personnels requis avant d&rsquo;assister au webinaire en direct qui suit. Le webinaire en direct s&rsquo;appuiera sur les activit\u00e9s asynchrones pour approfondir les connaissances et l&rsquo;apprentissage. Veuillez noter que les webinaires en direct ne seront PAS enregistr\u00e9s, et que la participation est donc requise.[\/vc_column_text][\/vc_column][\/vc_row][vc_row][vc_column width=\u00a0\u00bb1\/6&Prime;][\/vc_column][vc_column width=\u00a0\u00bb1\/3&Prime;][vc_column_text]Diffusion du Module 1<\/p>\n<p>Webinaire en direct avec Aleas<\/p>\n<p>Diffusion du Module 2<\/p>\n<p>Webinaire en direct avec Aleas<\/p>\n<p>Diffusion du Module 3<\/p>\n<p>Webinaire en direct avec Aleas<\/p>\n<p>Diffusion du Module 4<\/p>\n<p>Webinaire en direct avec Aleas<\/p>\n<p>Suivi et bilan des progr\u00e8s accomplis[\/vc_column_text][\/vc_column][vc_column width=\u00a0\u00bb1\/3&Prime;][vc_column_text]3 avril<\/p>\n<p>12 avril de 13h00 &#8211; 14h30 (HE)<\/p>\n<p>14 avril<\/p>\n<p>26 avril de 13h00 &#8211; 14h30 (HE)<\/p>\n<p>28 avril<\/p>\n<p>3 mai de 13h00 &#8211; 14h30 (HE)<\/p>\n<p>5 mai<\/p>\n<p>10 mai de 13h00 &#8211; 14h30 (HE)<\/p>\n<p>4 octobre de 13h00 &#8211; 14h30 (HE)[\/vc_column_text][\/vc_column][vc_column width=\u00a0\u00bb1\/6&Prime;][\/vc_column][\/vc_row][vc_row][vc_column width=\u00a0\u00bb1\/1&Prime;]<div class=\"divider divider1\" style='margin:5px 0 40px 0 !important;'><\/div>[vc_column_text]<\/p>\n<h5 style=\"text-align: left;\">T\u00c9MOIGNAGE<\/h5>\n<p><em>\u00ab\u00a0Le cours m&rsquo;a fourni les outils n\u00e9cessaire pour identifier, \u00e9valuer et g\u00e9rer avec succ\u00e8s les risques, sp\u00e9cifiquement dans le contexte de la mobilit\u00e9 internationale des \u00e9tudiants. Marie-Claude et son \u00e9quipe \u00e9taient organis\u00e9es et professionnelles et n&rsquo;ont pas h\u00e9sit\u00e9 \u00e0 partager leur pr\u00e9cieuse expertise avec un public enthousiaste. Merci pour ce cours excellent !\u00a0\u00bb<\/em><\/p>\n<p style=\"text-align: right;\">Eunice, participante de l&rsquo;automne 2020<\/p>\n<p>[\/vc_column_text][\/vc_column][\/vc_row][vc_row][vc_column width=\u00a0\u00bb1\/1&Prime;]<div class=\"divider divider1\" style='margin:5px 0 40px 0 !important;'><\/div>[vc_column_text]<\/p>\n<h5 style=\"text-align: left;\">FORMATRICE<\/h5>\n<p>[\/vc_column_text][\/vc_column][\/vc_row][vc_row][vc_column width=\u00a0\u00bb1\/3&Prime;]<a href=\"https:\/\/aleas.uxpertise.ca\/trainerDetails\/marie-claude-du-cap\/164\" target=\"_blank\" class=\"catimage wpb_content_element color-light\" style=\"height: 300px;;\">\n\t\t\t<span style=\"background-image: url(https:\/\/cbie.ca\/wp-content\/uploads\/2020\/05\/Marie-Claude-Photo.jpg); height: 300px;;\"><\/span>\n\t\t\t<div class=\"catimage-overlay clearfix\" style=\"height: 300px;;\">\n\t\t\t\t<div class=\"catimage-text\">Lisez la bio de Marie-Claude<\/div>\n\t\t\t<\/div><\/a>[\/vc_column][vc_column width=\u00a0\u00bb1\/3&Prime;]<div class=\"spacer\" style=\"height: 40px;\"><\/div>[vc_column_text]<\/p>\n<h4 style=\"text-align: center;\"><strong>Marie-Claude du Cap<\/strong><\/h4>\n<p>[\/vc_column_text][vc_column_text]<\/p>\n<h5 style=\"text-align: center;\">Fondatrice &amp; PDG<\/h5>\n<p>[\/vc_column_text]<div class=\"spacer\" style=\"height: 20px;\"><\/div><div class=\"single_image wpb_content_element align-center   image_zoom \" data-animation=\"none\" data-delay=\"0\"><a href=\"https:\/\/www.aleas.ca\/\" target=\"_blank\"><img loading=\"lazy\" decoding=\"async\" width=\"1289\" height=\"416\" src=\"https:\/\/cbie.ca\/wp-content\/uploads\/2021\/01\/Aleas_logo-PANTONE-1.png\" class=\"attachment-full\" alt=\"\" title=\"Aleas_logo-PANTONE\" srcset=\"https:\/\/cbie.ca\/wp-content\/uploads\/2021\/01\/Aleas_logo-PANTONE-1.png 1289w, https:\/\/cbie.ca\/wp-content\/uploads\/2021\/01\/Aleas_logo-PANTONE-1-300x97.png 300w, https:\/\/cbie.ca\/wp-content\/uploads\/2021\/01\/Aleas_logo-PANTONE-1-1024x330.png 1024w, https:\/\/cbie.ca\/wp-content\/uploads\/2021\/01\/Aleas_logo-PANTONE-1-768x248.png 768w\" sizes=\"auto, (max-width: 1289px) 100vw, 1289px\" \/><\/a><\/div>[\/vc_column][vc_column width=\u00a0\u00bb1\/3&Prime;][\/vc_column][\/vc_row][vc_row][vc_column width=\u00a0\u00bb1\/1&Prime;]<div class=\"divider divider1\" style='margin:40px 0 40px 0 !important;'><\/div>[\/vc_column][\/vc_row]<\/p>\n<\/div>","protected":false},"excerpt":{"rendered":"<p>[vc_row][vc_column width=\u00a0\u00bb1\/1&Prime;][vc_column_text] Date limite d&rsquo;inscription : 29 mars [\/vc_column_text][vc_column_text] D\u00e9veloppez une culture institutionnelle o\u00f9 la gestion des risques li\u00e9s aux voyages est au c\u0153ur de toutes les d\u00e9cisions. Participez \u00e0 [&hellip;]<\/p>\n","protected":false},"author":60,"featured_media":60560,"template":"","meta":{"_acf_changed":false,"_tribe_events_status":"","_tribe_events_status_reason":"","_tribe_events_is_hybrid":"","_tribe_events_is_virtual":"","_tribe_events_virtual_video_source":"","_tribe_events_virtual_embed_video":"","_tribe_events_virtual_linked_button_text":"","_tribe_events_virtual_linked_button":"","_tribe_events_virtual_show_embed_at":"","_tribe_events_virtual_show_embed_to":[],"_tribe_events_virtual_show_on_event":"","_tribe_events_virtual_show_on_views":"","_tribe_events_virtual_url":"","footnotes":""},"tags":[194,184,196],"tribe_events_cat":[192,128],"class_list":["post-46886","tribe_events","type-tribe_events","status-publish","has-post-thumbnail","hentry","tag-risk-management-fr","tag-student-mobility-fr","tag-partenariats-internationaux","tribe_events_cat-online-course-fr","tribe_events_cat-ateliers","cat_online-course-fr","cat_ateliers"],"acf":[],"yoast_head":"<!-- This site is optimized with the Yoast SEO plugin v27.4 - https:\/\/yoast.com\/product\/yoast-seo-wordpress\/ -->\n<title>Al\u00e9as Campus - Gestion des risques li\u00e9s \u00e0 la mobilit\u00e9 internationale : un regard sur vos pratiques - CBIE<\/title>\n<meta name=\"robots\" content=\"index, follow, max-snippet:-1, max-image-preview:large, max-video-preview:-1\" \/>\n<link rel=\"canonical\" href=\"https:\/\/cbie.ca\/fr\/evenement\/campus-aleas-gestion-du-risque\/\" \/>\n<meta property=\"og:locale\" content=\"fr_FR\" \/>\n<meta property=\"og:type\" content=\"article\" \/>\n<meta property=\"og:title\" content=\"Al\u00e9as Campus - Gestion des risques li\u00e9s \u00e0 la mobilit\u00e9 internationale : un regard sur vos pratiques - CBIE\" \/>\n<meta property=\"og:description\" content=\"[vc_row][vc_column width=\u00a0\u00bb1\/1&Prime;][vc_column_text] Date limite d&rsquo;inscription : 29 mars [\/vc_column_text][vc_column_text] D\u00e9veloppez une culture institutionnelle o\u00f9 la gestion des risques li\u00e9s aux voyages est au c\u0153ur de toutes les d\u00e9cisions. Participez \u00e0 [&hellip;]\" \/>\n<meta property=\"og:url\" content=\"https:\/\/cbie.ca\/fr\/evenement\/campus-aleas-gestion-du-risque\/\" \/>\n<meta property=\"og:site_name\" content=\"CBIE\" \/>\n<meta property=\"article:modified_time\" content=\"2023-03-14T19:26:26+00:00\" \/>\n<meta property=\"og:image\" content=\"https:\/\/cbie.ca\/wp-content\/uploads\/2021\/01\/Aleas-FR.png\" \/>\n\t<meta property=\"og:image:width\" content=\"1600\" \/>\n\t<meta property=\"og:image:height\" content=\"900\" \/>\n\t<meta property=\"og:image:type\" content=\"image\/png\" \/>\n<meta name=\"twitter:card\" content=\"summary_large_image\" \/>\n<meta name=\"twitter:label1\" content=\"Dur\u00e9e de lecture estim\u00e9e\" \/>\n\t<meta name=\"twitter:data1\" content=\"3 minutes\" \/>\n<script type=\"application\/ld+json\" class=\"yoast-schema-graph\">{\"@context\":\"https:\\\/\\\/schema.org\",\"@graph\":[{\"@type\":\"WebPage\",\"@id\":\"https:\\\/\\\/cbie.ca\\\/fr\\\/evenement\\\/campus-aleas-gestion-du-risque\\\/\",\"url\":\"https:\\\/\\\/cbie.ca\\\/fr\\\/evenement\\\/campus-aleas-gestion-du-risque\\\/\",\"name\":\"Al\u00e9as Campus - Gestion des risques li\u00e9s \u00e0 la mobilit\u00e9 internationale : un regard sur vos pratiques - CBIE\",\"isPartOf\":{\"@id\":\"https:\\\/\\\/cbie.ca\\\/#website\"},\"primaryImageOfPage\":{\"@id\":\"https:\\\/\\\/cbie.ca\\\/fr\\\/evenement\\\/campus-aleas-gestion-du-risque\\\/#primaryimage\"},\"image\":{\"@id\":\"https:\\\/\\\/cbie.ca\\\/fr\\\/evenement\\\/campus-aleas-gestion-du-risque\\\/#primaryimage\"},\"thumbnailUrl\":\"https:\\\/\\\/cbie.ca\\\/wp-content\\\/uploads\\\/2021\\\/01\\\/Aleas-FR.png\",\"datePublished\":\"2020-06-03T15:10:57+00:00\",\"dateModified\":\"2023-03-14T19:26:26+00:00\",\"breadcrumb\":{\"@id\":\"https:\\\/\\\/cbie.ca\\\/fr\\\/evenement\\\/campus-aleas-gestion-du-risque\\\/#breadcrumb\"},\"inLanguage\":\"fr-FR\",\"potentialAction\":[{\"@type\":\"ReadAction\",\"target\":[\"https:\\\/\\\/cbie.ca\\\/fr\\\/evenement\\\/campus-aleas-gestion-du-risque\\\/\"]}]},{\"@type\":\"ImageObject\",\"inLanguage\":\"fr-FR\",\"@id\":\"https:\\\/\\\/cbie.ca\\\/fr\\\/evenement\\\/campus-aleas-gestion-du-risque\\\/#primaryimage\",\"url\":\"https:\\\/\\\/cbie.ca\\\/wp-content\\\/uploads\\\/2021\\\/01\\\/Aleas-FR.png\",\"contentUrl\":\"https:\\\/\\\/cbie.ca\\\/wp-content\\\/uploads\\\/2021\\\/01\\\/Aleas-FR.png\",\"width\":1600,\"height\":900},{\"@type\":\"BreadcrumbList\",\"@id\":\"https:\\\/\\\/cbie.ca\\\/fr\\\/evenement\\\/campus-aleas-gestion-du-risque\\\/#breadcrumb\",\"itemListElement\":[{\"@type\":\"ListItem\",\"position\":1,\"name\":\"Home\",\"item\":\"https:\\\/\\\/cbie.ca\\\/fr\\\/\"},{\"@type\":\"ListItem\",\"position\":2,\"name\":\"Events\",\"item\":\"https:\\\/\\\/cbie.ca\\\/events\\\/\"},{\"@type\":\"ListItem\",\"position\":3,\"name\":\"Al\u00e9as Campus &#8211; Gestion des risques li\u00e9s \u00e0 la mobilit\u00e9 internationale : un regard sur vos pratiques\"}]},{\"@type\":\"WebSite\",\"@id\":\"https:\\\/\\\/cbie.ca\\\/#website\",\"url\":\"https:\\\/\\\/cbie.ca\\\/\",\"name\":\"Canadian Bureau for International Education\",\"description\":\"\",\"potentialAction\":[{\"@type\":\"SearchAction\",\"target\":{\"@type\":\"EntryPoint\",\"urlTemplate\":\"https:\\\/\\\/cbie.ca\\\/?s={search_term_string}\"},\"query-input\":{\"@type\":\"PropertyValueSpecification\",\"valueRequired\":true,\"valueName\":\"search_term_string\"}}],\"inLanguage\":\"fr-FR\"}]}<\/script>\n<!-- \/ Yoast SEO plugin. -->","yoast_head_json":{"title":"Al\u00e9as Campus - Gestion des risques li\u00e9s \u00e0 la mobilit\u00e9 internationale : un regard sur vos pratiques - CBIE","robots":{"index":"index","follow":"follow","max-snippet":"max-snippet:-1","max-image-preview":"max-image-preview:large","max-video-preview":"max-video-preview:-1"},"canonical":"https:\/\/cbie.ca\/fr\/evenement\/campus-aleas-gestion-du-risque\/","og_locale":"fr_FR","og_type":"article","og_title":"Al\u00e9as Campus - Gestion des risques li\u00e9s \u00e0 la mobilit\u00e9 internationale : un regard sur vos pratiques - CBIE","og_description":"[vc_row][vc_column width=\u00a0\u00bb1\/1&Prime;][vc_column_text] Date limite d&rsquo;inscription : 29 mars [\/vc_column_text][vc_column_text] D\u00e9veloppez une culture institutionnelle o\u00f9 la gestion des risques li\u00e9s aux voyages est au c\u0153ur de toutes les d\u00e9cisions. Participez \u00e0 [&hellip;]","og_url":"https:\/\/cbie.ca\/fr\/evenement\/campus-aleas-gestion-du-risque\/","og_site_name":"CBIE","article_modified_time":"2023-03-14T19:26:26+00:00","og_image":[{"width":1600,"height":900,"url":"https:\/\/cbie.ca\/wp-content\/uploads\/2021\/01\/Aleas-FR.png","type":"image\/png"}],"twitter_card":"summary_large_image","twitter_misc":{"Dur\u00e9e de lecture estim\u00e9e":"3 minutes"},"schema":{"@context":"https:\/\/schema.org","@graph":[{"@type":"WebPage","@id":"https:\/\/cbie.ca\/fr\/evenement\/campus-aleas-gestion-du-risque\/","url":"https:\/\/cbie.ca\/fr\/evenement\/campus-aleas-gestion-du-risque\/","name":"Al\u00e9as Campus - Gestion des risques li\u00e9s \u00e0 la mobilit\u00e9 internationale : un regard sur vos pratiques - CBIE","isPartOf":{"@id":"https:\/\/cbie.ca\/#website"},"primaryImageOfPage":{"@id":"https:\/\/cbie.ca\/fr\/evenement\/campus-aleas-gestion-du-risque\/#primaryimage"},"image":{"@id":"https:\/\/cbie.ca\/fr\/evenement\/campus-aleas-gestion-du-risque\/#primaryimage"},"thumbnailUrl":"https:\/\/cbie.ca\/wp-content\/uploads\/2021\/01\/Aleas-FR.png","datePublished":"2020-06-03T15:10:57+00:00","dateModified":"2023-03-14T19:26:26+00:00","breadcrumb":{"@id":"https:\/\/cbie.ca\/fr\/evenement\/campus-aleas-gestion-du-risque\/#breadcrumb"},"inLanguage":"fr-FR","potentialAction":[{"@type":"ReadAction","target":["https:\/\/cbie.ca\/fr\/evenement\/campus-aleas-gestion-du-risque\/"]}]},{"@type":"ImageObject","inLanguage":"fr-FR","@id":"https:\/\/cbie.ca\/fr\/evenement\/campus-aleas-gestion-du-risque\/#primaryimage","url":"https:\/\/cbie.ca\/wp-content\/uploads\/2021\/01\/Aleas-FR.png","contentUrl":"https:\/\/cbie.ca\/wp-content\/uploads\/2021\/01\/Aleas-FR.png","width":1600,"height":900},{"@type":"BreadcrumbList","@id":"https:\/\/cbie.ca\/fr\/evenement\/campus-aleas-gestion-du-risque\/#breadcrumb","itemListElement":[{"@type":"ListItem","position":1,"name":"Home","item":"https:\/\/cbie.ca\/fr\/"},{"@type":"ListItem","position":2,"name":"Events","item":"https:\/\/cbie.ca\/events\/"},{"@type":"ListItem","position":3,"name":"Al\u00e9as Campus &#8211; Gestion des risques li\u00e9s \u00e0 la mobilit\u00e9 internationale : un regard sur vos pratiques"}]},{"@type":"WebSite","@id":"https:\/\/cbie.ca\/#website","url":"https:\/\/cbie.ca\/","name":"Canadian Bureau for International Education","description":"","potentialAction":[{"@type":"SearchAction","target":{"@type":"EntryPoint","urlTemplate":"https:\/\/cbie.ca\/?s={search_term_string}"},"query-input":{"@type":"PropertyValueSpecification","valueRequired":true,"valueName":"search_term_string"}}],"inLanguage":"fr-FR"}]}},"_links":{"self":[{"href":"https:\/\/cbie.ca\/fr\/wp-json\/wp\/v2\/tribe_events\/46886","targetHints":{"allow":["GET"]}}],"collection":[{"href":"https:\/\/cbie.ca\/fr\/wp-json\/wp\/v2\/tribe_events"}],"about":[{"href":"https:\/\/cbie.ca\/fr\/wp-json\/wp\/v2\/types\/tribe_events"}],"author":[{"embeddable":true,"href":"https:\/\/cbie.ca\/fr\/wp-json\/wp\/v2\/users\/60"}],"version-history":[{"count":0,"href":"https:\/\/cbie.ca\/fr\/wp-json\/wp\/v2\/tribe_events\/46886\/revisions"}],"wp:featuredmedia":[{"embeddable":true,"href":"https:\/\/cbie.ca\/fr\/wp-json\/wp\/v2\/media\/60560"}],"wp:attachment":[{"href":"https:\/\/cbie.ca\/fr\/wp-json\/wp\/v2\/media?parent=46886"}],"wp:term":[{"taxonomy":"post_tag","embeddable":true,"href":"https:\/\/cbie.ca\/fr\/wp-json\/wp\/v2\/tags?post=46886"},{"taxonomy":"tribe_events_cat","embeddable":true,"href":"https:\/\/cbie.ca\/fr\/wp-json\/wp\/v2\/tribe_events_cat?post=46886"}],"curies":[{"name":"wp","href":"https:\/\/api.w.org\/{rel}","templated":true}]}}