{"id":43528,"date":"2020-05-04T09:30:04","date_gmt":"2020-05-04T13:30:04","guid":{"rendered":"https:\/\/cbieca.wpenginepowered.com\/?post_type=tribe_events&#038;p=43528"},"modified":"2021-01-19T11:51:40","modified_gmt":"2021-01-19T16:51:40","slug":"tirer-des-lecons-de-la-covid-19-ameliorer-votre-strategie-de-gestion-du-risque-2","status":"publish","type":"tribe_events","link":"https:\/\/cbie.ca\/fr\/evenement\/tirer-des-lecons-de-la-covid-19-ameliorer-votre-strategie-de-gestion-du-risque-2\/","title":{"rendered":"Enregistrement du webinaire  &#8211; Tirer des le\u00e7ons de la COVID-19: Am\u00e9liorer votre strat\u00e9gie de gestion du risque (pr\u00e9sent\u00e9 par Al\u00e9as)"},"content":{"rendered":"<p>La crise mondiale, v\u00e9cue dans les derni\u00e8res semaines, attribuable \u00e0 la pand\u00e9mie de la maladie \u00e0 coronavirus (Covid-19) a soumis les organisations \u00e0 un stress important. Ces derni\u00e8res ont d\u00fb s\u2019adapter \u00e0 la situation et user de leurs diff\u00e9rents outils en gestion de crise afin de prendre la situation en main et de limiter les cons\u00e9quences sur leurs activit\u00e9s internationales et sur les membres de leur communaut\u00e9. Dans certains cas, cette situation a permis de r\u00e9aliser que la structure actuelle de gestion de crise \u00e9tait d\u00e9ficiente amenant ainsi l\u2019organisation \u00e0 improviser et ses acteurs \u00e0 s\u2019\u00e9puiser.<\/p>\n<p>\u00c0 la suite d\u2019un tel \u00e9v\u00e8nement, il est essentiel de faire une activit\u00e9 de r\u00e9troaction afin d\u2019\u00e9valuer l\u2019efficacit\u00e9 de sa gestion de crise. Le suivi et l\u2019\u00e9valuation \u00e9tant d\u2019ailleurs parties int\u00e9grantes de la norme internationale en gestion du risque (ISO31000), l\u2019activit\u00e9 de r\u00e9troaction permettra \u00e0 l\u2019organisation de se poser les bonnes questions pour cibler ses forces et ses lacunes dans un objectif d\u2019am\u00e9lioration des outils et pratiques en place.<\/p>\n<p>Al\u00e9as propose donc un webinaire durant lequel une m\u00e9thode et un outil permettant d\u2019effectuer une activit\u00e9 de r\u00e9troaction efficace seront pr\u00e9sent\u00e9s. Les organisations participantes utiliseront l\u2019exemple de la Covid-19 afin d\u2019appliquer concr\u00e8tement les notions.\u00a0 La m\u00e9thode propos\u00e9e et l\u2019outil l\u2019appuyant ont \u00e9t\u00e9 d\u00e9velopp\u00e9s en collaboration avec Jolianne Lequin, conseill\u00e8re en s\u00e9curit\u00e9 civile au minist\u00e8re de la S\u00e9curit\u00e9 publique du Qu\u00e9bec. Jolianne Lequin est une professionnelle en gestion du risque qui a entre autres effectu\u00e9 les s\u00e9ances de r\u00e9troactions avec les diff\u00e9rentes municipalit\u00e9s touch\u00e9es par les inondations.<\/p>\n<p><strong>Objectifs de la formation:<\/strong><\/p>\n<ol>\n<li>D\u00e9velopper la capacit\u00e9 organisationnelle \u00e0 effectuer une activit\u00e9 de r\u00e9troaction;<\/li>\n<li>Examiner les pratiques en place;<\/li>\n<li>Formuler des recommandations et am\u00e9liorations \u00e0 apporter \u00e0 sa gestion de crise afin d\u2019\u00eatre mieux pr\u00e9par\u00e9 pour des situations futures;<\/li>\n<li>Am\u00e9liorer la qualit\u00e9 de son plan de s\u00e9curit\u00e9 des activit\u00e9s internationales.<\/li>\n<\/ol>\n<p>&nbsp;<\/p>\n<h5><strong>Pr\u00e9sentatrice:\u00a0<\/strong><br \/>\nMarie-Claude Du Cap<br \/>\nFondatrice &amp; PDG d&rsquo;<a href=\"https:\/\/www.aleas.ca\/home\">AL\u00c9AS<\/a><\/h5>\n<p><img loading=\"lazy\" decoding=\"async\" class=\"wp-image-43471 alignleft\" src=\"https:\/\/cbie.ca\/wp-content\/uploads\/2020\/04\/Marie-Claude-Photo-233x300.jpg\" alt=\"\" width=\"287\" height=\"370\" srcset=\"https:\/\/cbie.ca\/wp-content\/uploads\/2020\/04\/Marie-Claude-Photo-233x300.jpg 233w, https:\/\/cbie.ca\/wp-content\/uploads\/2020\/04\/Marie-Claude-Photo.jpg 298w\" sizes=\"auto, (max-width: 287px) 100vw, 287px\" \/><\/p>\n<p>Marie-Claude Du Cap est Fondatrice &amp; PDG d\u2019Al\u00e9as, entreprise qu\u2019elle a fond\u00e9e en combinant sa passion pour les s\u00e9jours internationaux, sa cr\u00e9ativit\u00e9 et son besoin de d\u00e9velopper de nouveaux projets. Une dirigeante chevronn\u00e9e et orient\u00e9e sur les r\u00e9sultats, Marie-Claude poss\u00e8de 15 ann\u00e9es d\u2019exp\u00e9rience au sein de postes d\u00e9cisionnels dans les domaines de la logistique internationale, du d\u00e9veloppement de programmes ainsi que de la gestion du risque. Elle d\u00e9tient toute l\u2019expertise pour g\u00e9rer son entreprise et ses \u00e9quipes de travail avec succ\u00e8s en plus d\u2019offrir un service hors pair \u00e0 ses clients. Elle a occup\u00e9 le poste de Conseill\u00e8re \u00e0 la mobilit\u00e9 internationale au C\u00e9gep de Saint-J\u00e9r\u00f4me pendant plus de 10 ans o\u00f9 la s\u00e9curit\u00e9 de ses voyageurs \u00e9tait au c\u0153ur de ses pr\u00e9occupations. Plusieurs missions internationales ont aussi permis \u00e0 Marie-Claude d\u2019\u00e9lever son savoir-faire et ainsi bien comprendre la r\u00e9alit\u00e9 du terrain. Son exp\u00e9rience cumul\u00e9e dans le r\u00e9seau de l\u2019\u00e9ducation et en tant que Directrice de la formation corporative chez SiriusMedx contribue \u00e0 sa fine compr\u00e9hension des enjeux complexes auxquels font face ses clients, et sa perspicacit\u00e9 permet de d\u00e9velopper des solutions adapt\u00e9es \u00e0 leurs besoins r\u00e9els. Marie-Claude est une femme d\u2019affaires impliqu\u00e9e qui s\u2019engage \u00e0 faire une r\u00e9elle diff\u00e9rence, et ce, tant dans sa vie professionnelle et personnelle que dans les nombreuses communaut\u00e9s auxquelles elle appartient. Toujours \u00e0 la recherche de nouveaux d\u00e9fis, elle souhaite offrir le meilleur d\u2019elle-m\u00eame \u00e0 tous ceux et celles qui croisent son chemin.<\/p>\n<p><a href=\"https:\/\/www.aleas.ca\/\" target=\"_blank\" rel=\"noopener noreferrer\"><img loading=\"lazy\" decoding=\"async\" class=\"aligncenter wp-image-40540 size-medium\" src=\"https:\/\/cbie.ca\/wp-content\/uploads\/2019\/08\/logo-cmjn-couleur-01-Aleas-1-300x126.jpg\" alt=\"\" width=\"300\" height=\"126\" srcset=\"https:\/\/cbie.ca\/wp-content\/uploads\/2019\/08\/logo-cmjn-couleur-01-Aleas-1-300x126.jpg 300w, https:\/\/cbie.ca\/wp-content\/uploads\/2019\/08\/logo-cmjn-couleur-01-Aleas-1-768x324.jpg 768w, https:\/\/cbie.ca\/wp-content\/uploads\/2019\/08\/logo-cmjn-couleur-01-Aleas-1-1024x431.jpg 1024w, https:\/\/cbie.ca\/wp-content\/uploads\/2019\/08\/logo-cmjn-couleur-01-Aleas-1.jpg 1170w\" sizes=\"auto, (max-width: 300px) 100vw, 300px\" \/><\/a><\/p>\n","protected":false},"excerpt":{"rendered":"<p>La crise mondiale, v\u00e9cue dans les derni\u00e8res semaines, attribuable \u00e0 la pand\u00e9mie de la maladie \u00e0 coronavirus (Covid-19) a soumis les organisations \u00e0 un stress important. Ces derni\u00e8res ont d\u00fb [&hellip;]<\/p>\n","protected":false},"author":60,"featured_media":43600,"template":"","meta":{"_acf_changed":false,"_tribe_events_status":"","_tribe_events_status_reason":"","_tribe_events_is_hybrid":"","_tribe_events_is_virtual":"","_tribe_events_virtual_video_source":"","_tribe_events_virtual_embed_video":"","_tribe_events_virtual_linked_button_text":"","_tribe_events_virtual_linked_button":"","_tribe_events_virtual_show_embed_at":"","_tribe_events_virtual_show_embed_to":[],"_tribe_events_virtual_show_on_event":"","_tribe_events_virtual_show_on_views":"","_tribe_events_virtual_url":"","footnotes":""},"tags":[194,184],"tribe_events_cat":[127],"class_list":["post-43528","tribe_events","type-tribe_events","status-publish","has-post-thumbnail","hentry","tag-risk-management-fr","tag-student-mobility-fr","tribe_events_cat-webinaires","cat_webinaires"],"acf":[],"yoast_head":"<!-- This site is optimized with the Yoast SEO plugin v27.4 - https:\/\/yoast.com\/product\/yoast-seo-wordpress\/ -->\n<title>Enregistrement du webinaire - Tirer des le\u00e7ons de la COVID-19: Am\u00e9liorer votre strat\u00e9gie de gestion du risque (pr\u00e9sent\u00e9 par Al\u00e9as) - CBIE<\/title>\n<meta name=\"robots\" content=\"index, follow, max-snippet:-1, max-image-preview:large, max-video-preview:-1\" \/>\n<link rel=\"canonical\" href=\"https:\/\/cbie.ca\/fr\/evenement\/tirer-des-lecons-de-la-covid-19-ameliorer-votre-strategie-de-gestion-du-risque-2\/\" \/>\n<meta property=\"og:locale\" content=\"fr_FR\" \/>\n<meta property=\"og:type\" content=\"article\" \/>\n<meta property=\"og:title\" content=\"Enregistrement du webinaire - Tirer des le\u00e7ons de la COVID-19: Am\u00e9liorer votre strat\u00e9gie de gestion du risque (pr\u00e9sent\u00e9 par Al\u00e9as) - CBIE\" \/>\n<meta property=\"og:description\" content=\"La crise mondiale, v\u00e9cue dans les derni\u00e8res semaines, attribuable \u00e0 la pand\u00e9mie de la maladie \u00e0 coronavirus (Covid-19) a soumis les organisations \u00e0 un stress important. Ces derni\u00e8res ont d\u00fb [&hellip;]\" \/>\n<meta property=\"og:url\" content=\"https:\/\/cbie.ca\/fr\/evenement\/tirer-des-lecons-de-la-covid-19-ameliorer-votre-strategie-de-gestion-du-risque-2\/\" \/>\n<meta property=\"og:site_name\" content=\"CBIE\" \/>\n<meta property=\"article:modified_time\" content=\"2021-01-19T16:51:40+00:00\" \/>\n<meta property=\"og:image\" content=\"https:\/\/cbie.ca\/wp-content\/uploads\/2020\/05\/200506-aleas-webinar-may20.jpg\" \/>\n\t<meta property=\"og:image:width\" content=\"372\" \/>\n\t<meta property=\"og:image:height\" content=\"372\" \/>\n\t<meta property=\"og:image:type\" content=\"image\/jpeg\" \/>\n<meta name=\"twitter:card\" content=\"summary_large_image\" \/>\n<meta name=\"twitter:label1\" content=\"Dur\u00e9e de lecture estim\u00e9e\" \/>\n\t<meta name=\"twitter:data1\" content=\"3 minutes\" \/>\n<script type=\"application\/ld+json\" class=\"yoast-schema-graph\">{\"@context\":\"https:\\\/\\\/schema.org\",\"@graph\":[{\"@type\":\"WebPage\",\"@id\":\"https:\\\/\\\/cbie.ca\\\/fr\\\/evenement\\\/tirer-des-lecons-de-la-covid-19-ameliorer-votre-strategie-de-gestion-du-risque-2\\\/\",\"url\":\"https:\\\/\\\/cbie.ca\\\/fr\\\/evenement\\\/tirer-des-lecons-de-la-covid-19-ameliorer-votre-strategie-de-gestion-du-risque-2\\\/\",\"name\":\"Enregistrement du webinaire - Tirer des le\u00e7ons de la COVID-19: Am\u00e9liorer votre strat\u00e9gie de gestion du risque (pr\u00e9sent\u00e9 par Al\u00e9as) - CBIE\",\"isPartOf\":{\"@id\":\"https:\\\/\\\/cbie.ca\\\/#website\"},\"primaryImageOfPage\":{\"@id\":\"https:\\\/\\\/cbie.ca\\\/fr\\\/evenement\\\/tirer-des-lecons-de-la-covid-19-ameliorer-votre-strategie-de-gestion-du-risque-2\\\/#primaryimage\"},\"image\":{\"@id\":\"https:\\\/\\\/cbie.ca\\\/fr\\\/evenement\\\/tirer-des-lecons-de-la-covid-19-ameliorer-votre-strategie-de-gestion-du-risque-2\\\/#primaryimage\"},\"thumbnailUrl\":\"https:\\\/\\\/cbie.ca\\\/wp-content\\\/uploads\\\/2020\\\/05\\\/200506-aleas-webinar-may20.jpg\",\"datePublished\":\"2020-05-04T13:30:04+00:00\",\"dateModified\":\"2021-01-19T16:51:40+00:00\",\"breadcrumb\":{\"@id\":\"https:\\\/\\\/cbie.ca\\\/fr\\\/evenement\\\/tirer-des-lecons-de-la-covid-19-ameliorer-votre-strategie-de-gestion-du-risque-2\\\/#breadcrumb\"},\"inLanguage\":\"fr-FR\",\"potentialAction\":[{\"@type\":\"ReadAction\",\"target\":[\"https:\\\/\\\/cbie.ca\\\/fr\\\/evenement\\\/tirer-des-lecons-de-la-covid-19-ameliorer-votre-strategie-de-gestion-du-risque-2\\\/\"]}]},{\"@type\":\"ImageObject\",\"inLanguage\":\"fr-FR\",\"@id\":\"https:\\\/\\\/cbie.ca\\\/fr\\\/evenement\\\/tirer-des-lecons-de-la-covid-19-ameliorer-votre-strategie-de-gestion-du-risque-2\\\/#primaryimage\",\"url\":\"https:\\\/\\\/cbie.ca\\\/wp-content\\\/uploads\\\/2020\\\/05\\\/200506-aleas-webinar-may20.jpg\",\"contentUrl\":\"https:\\\/\\\/cbie.ca\\\/wp-content\\\/uploads\\\/2020\\\/05\\\/200506-aleas-webinar-may20.jpg\",\"width\":372,\"height\":372},{\"@type\":\"BreadcrumbList\",\"@id\":\"https:\\\/\\\/cbie.ca\\\/fr\\\/evenement\\\/tirer-des-lecons-de-la-covid-19-ameliorer-votre-strategie-de-gestion-du-risque-2\\\/#breadcrumb\",\"itemListElement\":[{\"@type\":\"ListItem\",\"position\":1,\"name\":\"Home\",\"item\":\"https:\\\/\\\/cbie.ca\\\/fr\\\/\"},{\"@type\":\"ListItem\",\"position\":2,\"name\":\"Events\",\"item\":\"https:\\\/\\\/cbie.ca\\\/events\\\/\"},{\"@type\":\"ListItem\",\"position\":3,\"name\":\"Enregistrement du webinaire &#8211; Tirer des le\u00e7ons de la COVID-19: Am\u00e9liorer votre strat\u00e9gie de gestion du risque (pr\u00e9sent\u00e9 par Al\u00e9as)\"}]},{\"@type\":\"WebSite\",\"@id\":\"https:\\\/\\\/cbie.ca\\\/#website\",\"url\":\"https:\\\/\\\/cbie.ca\\\/\",\"name\":\"Canadian Bureau for International Education\",\"description\":\"\",\"potentialAction\":[{\"@type\":\"SearchAction\",\"target\":{\"@type\":\"EntryPoint\",\"urlTemplate\":\"https:\\\/\\\/cbie.ca\\\/?s={search_term_string}\"},\"query-input\":{\"@type\":\"PropertyValueSpecification\",\"valueRequired\":true,\"valueName\":\"search_term_string\"}}],\"inLanguage\":\"fr-FR\"}]}<\/script>\n<!-- \/ Yoast SEO plugin. -->","yoast_head_json":{"title":"Enregistrement du webinaire - Tirer des le\u00e7ons de la COVID-19: Am\u00e9liorer votre strat\u00e9gie de gestion du risque (pr\u00e9sent\u00e9 par Al\u00e9as) - CBIE","robots":{"index":"index","follow":"follow","max-snippet":"max-snippet:-1","max-image-preview":"max-image-preview:large","max-video-preview":"max-video-preview:-1"},"canonical":"https:\/\/cbie.ca\/fr\/evenement\/tirer-des-lecons-de-la-covid-19-ameliorer-votre-strategie-de-gestion-du-risque-2\/","og_locale":"fr_FR","og_type":"article","og_title":"Enregistrement du webinaire - Tirer des le\u00e7ons de la COVID-19: Am\u00e9liorer votre strat\u00e9gie de gestion du risque (pr\u00e9sent\u00e9 par Al\u00e9as) - CBIE","og_description":"La crise mondiale, v\u00e9cue dans les derni\u00e8res semaines, attribuable \u00e0 la pand\u00e9mie de la maladie \u00e0 coronavirus (Covid-19) a soumis les organisations \u00e0 un stress important. Ces derni\u00e8res ont d\u00fb [&hellip;]","og_url":"https:\/\/cbie.ca\/fr\/evenement\/tirer-des-lecons-de-la-covid-19-ameliorer-votre-strategie-de-gestion-du-risque-2\/","og_site_name":"CBIE","article_modified_time":"2021-01-19T16:51:40+00:00","og_image":[{"width":372,"height":372,"url":"https:\/\/cbie.ca\/wp-content\/uploads\/2020\/05\/200506-aleas-webinar-may20.jpg","type":"image\/jpeg"}],"twitter_card":"summary_large_image","twitter_misc":{"Dur\u00e9e de lecture estim\u00e9e":"3 minutes"},"schema":{"@context":"https:\/\/schema.org","@graph":[{"@type":"WebPage","@id":"https:\/\/cbie.ca\/fr\/evenement\/tirer-des-lecons-de-la-covid-19-ameliorer-votre-strategie-de-gestion-du-risque-2\/","url":"https:\/\/cbie.ca\/fr\/evenement\/tirer-des-lecons-de-la-covid-19-ameliorer-votre-strategie-de-gestion-du-risque-2\/","name":"Enregistrement du webinaire - Tirer des le\u00e7ons de la COVID-19: Am\u00e9liorer votre strat\u00e9gie de gestion du risque (pr\u00e9sent\u00e9 par Al\u00e9as) - CBIE","isPartOf":{"@id":"https:\/\/cbie.ca\/#website"},"primaryImageOfPage":{"@id":"https:\/\/cbie.ca\/fr\/evenement\/tirer-des-lecons-de-la-covid-19-ameliorer-votre-strategie-de-gestion-du-risque-2\/#primaryimage"},"image":{"@id":"https:\/\/cbie.ca\/fr\/evenement\/tirer-des-lecons-de-la-covid-19-ameliorer-votre-strategie-de-gestion-du-risque-2\/#primaryimage"},"thumbnailUrl":"https:\/\/cbie.ca\/wp-content\/uploads\/2020\/05\/200506-aleas-webinar-may20.jpg","datePublished":"2020-05-04T13:30:04+00:00","dateModified":"2021-01-19T16:51:40+00:00","breadcrumb":{"@id":"https:\/\/cbie.ca\/fr\/evenement\/tirer-des-lecons-de-la-covid-19-ameliorer-votre-strategie-de-gestion-du-risque-2\/#breadcrumb"},"inLanguage":"fr-FR","potentialAction":[{"@type":"ReadAction","target":["https:\/\/cbie.ca\/fr\/evenement\/tirer-des-lecons-de-la-covid-19-ameliorer-votre-strategie-de-gestion-du-risque-2\/"]}]},{"@type":"ImageObject","inLanguage":"fr-FR","@id":"https:\/\/cbie.ca\/fr\/evenement\/tirer-des-lecons-de-la-covid-19-ameliorer-votre-strategie-de-gestion-du-risque-2\/#primaryimage","url":"https:\/\/cbie.ca\/wp-content\/uploads\/2020\/05\/200506-aleas-webinar-may20.jpg","contentUrl":"https:\/\/cbie.ca\/wp-content\/uploads\/2020\/05\/200506-aleas-webinar-may20.jpg","width":372,"height":372},{"@type":"BreadcrumbList","@id":"https:\/\/cbie.ca\/fr\/evenement\/tirer-des-lecons-de-la-covid-19-ameliorer-votre-strategie-de-gestion-du-risque-2\/#breadcrumb","itemListElement":[{"@type":"ListItem","position":1,"name":"Home","item":"https:\/\/cbie.ca\/fr\/"},{"@type":"ListItem","position":2,"name":"Events","item":"https:\/\/cbie.ca\/events\/"},{"@type":"ListItem","position":3,"name":"Enregistrement du webinaire &#8211; Tirer des le\u00e7ons de la COVID-19: Am\u00e9liorer votre strat\u00e9gie de gestion du risque (pr\u00e9sent\u00e9 par Al\u00e9as)"}]},{"@type":"WebSite","@id":"https:\/\/cbie.ca\/#website","url":"https:\/\/cbie.ca\/","name":"Canadian Bureau for International Education","description":"","potentialAction":[{"@type":"SearchAction","target":{"@type":"EntryPoint","urlTemplate":"https:\/\/cbie.ca\/?s={search_term_string}"},"query-input":{"@type":"PropertyValueSpecification","valueRequired":true,"valueName":"search_term_string"}}],"inLanguage":"fr-FR"}]}},"_links":{"self":[{"href":"https:\/\/cbie.ca\/fr\/wp-json\/wp\/v2\/tribe_events\/43528","targetHints":{"allow":["GET"]}}],"collection":[{"href":"https:\/\/cbie.ca\/fr\/wp-json\/wp\/v2\/tribe_events"}],"about":[{"href":"https:\/\/cbie.ca\/fr\/wp-json\/wp\/v2\/types\/tribe_events"}],"author":[{"embeddable":true,"href":"https:\/\/cbie.ca\/fr\/wp-json\/wp\/v2\/users\/60"}],"version-history":[{"count":0,"href":"https:\/\/cbie.ca\/fr\/wp-json\/wp\/v2\/tribe_events\/43528\/revisions"}],"wp:featuredmedia":[{"embeddable":true,"href":"https:\/\/cbie.ca\/fr\/wp-json\/wp\/v2\/media\/43600"}],"wp:attachment":[{"href":"https:\/\/cbie.ca\/fr\/wp-json\/wp\/v2\/media?parent=43528"}],"wp:term":[{"taxonomy":"post_tag","embeddable":true,"href":"https:\/\/cbie.ca\/fr\/wp-json\/wp\/v2\/tags?post=43528"},{"taxonomy":"tribe_events_cat","embeddable":true,"href":"https:\/\/cbie.ca\/fr\/wp-json\/wp\/v2\/tribe_events_cat?post=43528"}],"curies":[{"name":"wp","href":"https:\/\/api.w.org\/{rel}","templated":true}]}}