{"id":37884,"date":"2019-03-13T15:13:01","date_gmt":"2019-03-13T19:13:01","guid":{"rendered":"https:\/\/cbieca.wpenginepowered.com\/?post_type=tribe_events&#038;p=37884"},"modified":"2022-03-18T15:59:49","modified_gmt":"2022-03-18T19:59:49","slug":"les-etudiants-internationaux-francophones-au-canada-une-etude-critique-du-sondage-2018-des-etudiants-internationaux-du-bcei","status":"publish","type":"tribe_events","link":"https:\/\/cbie.ca\/fr\/evenement\/les-etudiants-internationaux-francophones-au-canada-une-etude-critique-du-sondage-2018-des-etudiants-internationaux-du-bcei\/","title":{"rendered":"Enregistrement du webinaire &#8211; Les \u00e9tudiants internationaux francophones au Canada : une \u00e9tude critique du sondage 2018 des \u00e9tudiants internationaux du BCEI"},"content":{"rendered":"<div class=\"wpb-content-wrapper\"><p>[vc_row][vc_column bg_image=\u00a0\u00bb37717&Prime; column_center=\u00a0\u00bbtrue\u00a0\u00bb width=\u00a0\u00bb1\/2&Prime;]<div class=\"spacer\" style=\"height: 400px;\"><\/div>[\/vc_column][vc_column bg_color=\u00a0\u00bb#f1f1f1&Prime; column_padding=\u00a0\u00bbpadding-3&Prime; column_center=\u00a0\u00bbtrue\u00a0\u00bb width=\u00a0\u00bb1\/2&Prime;][vc_column_text]En 2018, le BCEI, avec ses \u00e9tablissements membres, a sond\u00e9 plus de 14\u00a0000\u00a0\u00e9tudiants internationaux au Canada en \u00e9tudes sup\u00e9rieures. L\u2019ensemble de donn\u00e9es qui en a r\u00e9sult\u00e9 nous donne une perspective et une analyse directe tr\u00e8s utiles sur l\u2019exp\u00e9rience des \u00e9tudiants internationaux, des pr\u00e9paratifs pr\u00e9c\u00e9dant leur d\u00e9part de leur pays \u00e0 la p\u00e9riode suivant l\u2019obtention de leur dipl\u00f4me en passant peut leurs \u00e9tudes.<\/p>\n<p>Plus de 2\u00a0000 \u00e9tudiants ont r\u00e9pondu au sondage en fran\u00e7ais. Ce webinaire propose une analyse approfondie de l\u2019exp\u00e9rience des \u00e9tudiants internationaux francophones au Canada. En outre, l\u2019analyse applique une s\u00e9rie de diff\u00e9rents objectifs selon les contextes linguistiques de la population \u00e9tudiante francophone, notamment leurs langues d\u2019\u00e9tudes et les milieux francophones majoritaires\/minoritaires pour une analyse encore plus int\u00e9ressante.[\/vc_column_text][\/vc_column][\/vc_row][vc_row][vc_column][vc_column_text]<\/p>\n<h6>Les th\u00e9matiques du sondage analys\u00e9es et pr\u00e9sent\u00e9es dans ce webinaire\u00a0:<\/h6>\n<p>[\/vc_column_text]<div class=\"spacer\" style=\"height: 20px;\"><\/div><div class=\"minti_list wpb_content_element color-accent checkbox\" style=\"\">\n<ul>\n<li>Un bilan d\u00e9mographique des sond\u00e9s francophones<\/li>\n<li>Le processus d\u00e9cisionnel des \u00e9tudiants<\/li>\n<li>L\u2019exp\u00e9rience scolaire et sociale sur le campus<\/li>\n<li>L\u2019immigration<\/li>\n<li>L\u2019emploi<\/li>\n<li>La pr\u00e9valence et l\u2019exp\u00e9rience des \u00e9tudiants accompagn\u00e9s de personnes \u00e0 charge (conjoints et enfants)<\/li>\n<li>Le logement<\/li>\n<\/ul>\n<\/div><div class=\"spacer\" style=\"height: 30px;\"><\/div>[vc_column_text]<\/p>\n<h6>\u00c0 la fin du webinaire, les participants seront en mesure de\u00a0:<\/h6>\n<p>[\/vc_column_text]<div class=\"spacer\" style=\"height: 20px;\"><\/div><div class=\"minti_list wpb_content_element color-accent checkbox\" style=\"\">\n<ul>\n<li>D\u00e9crire les tendances des motivations, exp\u00e9riences et aspirations des \u00e9tudiants internationaux francophones au Canada selon diff\u00e9rents identifiants d\u00e9mographiques<\/li>\n<li>Expliquer les difficult\u00e9s et opportunit\u00e9s particuli\u00e8res pr\u00e9sent\u00e9es aux \u00e9tudiants internationaux francophones au Canada et agir en la mati\u00e8re<\/li>\n<li>Comprendre comment la langue d\u2019\u00e9tude et le contexte linguistique minoritaire\/majoritaire peuvent \u00eatre li\u00e9s au sentiment des \u00e9tudiants d\u2019appartenir \u00e0 un groupe et \u00e0 leur connexion \u00e0 leur r\u00e9gion d\u2019\u00e9tudes, et donc \u00e0 leurs projets apr\u00e8s leurs \u00e9tudes<\/li>\n<\/ul>\n<\/div>[\/vc_column][\/vc_row][vc_row][vc_column width=\u00a0\u00bb1\/1&Prime;]<div class=\"spacer\" style=\"height: 30px;\"><\/div>[vc_column_text]<\/p>\n<h3 style=\"text-align: center;\">L\u2019animatrice<\/h3>\n<p>[\/vc_column_text]<div class=\"newdivider align-center\" style=\"border-bottom-style: solid; border-color: #999999; border-bottom-width: 2px; margin-top: 30px; margin-bottom: 30px; width: 130px; \"><\/div><div class=\"clear\"><\/div>[vc_row_inner][vc_column_inner width=\u00a0\u00bb1\/4&Prime;]<div class=\"single_image wpb_content_element align-left  image_box_border  \" data-animation=\"none\" data-delay=\"0\"><img loading=\"lazy\" decoding=\"async\" width=\"193\" height=\"245\" src=\"https:\/\/cbie.ca\/wp-content\/uploads\/2017\/06\/Portrait.jpg\" class=\"attachment-full\" alt=\"\" title=\"Portrait\" \/><\/div>[vc_column_text]<\/p>\n<p style=\"font-size: 70%;\"><em><strong>Lisa Deacon, Datafest Ottawa<\/strong><\/em><\/p>\n<p>[\/vc_column_text][\/vc_column_inner][vc_column_inner width=\u00a0\u00bb3\/4&Prime;][vc_column_text]Lisa Deacon dirige Datafest Ottawa, une entreprise sociale qui stimule l\u2019innovation sociale gr\u00e2ce aux donn\u00e9es et \u00e0 la technologie. De 2014 \u00e0 2018, elle a men\u00e9 la conception, l\u2019administration et l\u2019analyse du sondage des \u00e9tudiants internationaux du BCEI, faisant avancer son potentiel \u00e0 illuminer et amplifier l\u2019exp\u00e9rience des \u00e9tudiants internationaux au Canada. Lisa est fi\u00e8re ancienne \u00e9l\u00e8ve de la Ryerson University et de la Bishop\u2019s University.[\/vc_column_text][\/vc_column_inner][\/vc_row_inner][\/vc_column][\/vc_row]<\/p>\n<\/div>","protected":false},"excerpt":{"rendered":"<p>[vc_row][vc_column bg_image=\u00a0\u00bb37717&Prime; column_center=\u00a0\u00bbtrue\u00a0\u00bb width=\u00a0\u00bb1\/2&Prime;][\/vc_column][vc_column bg_color=\u00a0\u00bb#f1f1f1&Prime; column_padding=\u00a0\u00bbpadding-3&Prime; column_center=\u00a0\u00bbtrue\u00a0\u00bb width=\u00a0\u00bb1\/2&Prime;][vc_column_text]En 2018, le BCEI, avec ses \u00e9tablissements membres, a sond\u00e9 plus de 14\u00a0000\u00a0\u00e9tudiants internationaux au Canada en \u00e9tudes sup\u00e9rieures. L\u2019ensemble de donn\u00e9es qui [&hellip;]<\/p>\n","protected":false},"author":2,"featured_media":37717,"template":"","meta":{"_acf_changed":false,"_tribe_events_status":"","_tribe_events_status_reason":"","_tribe_events_is_hybrid":"","_tribe_events_is_virtual":"","_tribe_events_virtual_video_source":"","_tribe_events_virtual_embed_video":"","_tribe_events_virtual_linked_button_text":"","_tribe_events_virtual_linked_button":"","_tribe_events_virtual_show_embed_at":"","_tribe_events_virtual_show_embed_to":[],"_tribe_events_virtual_show_on_event":"","_tribe_events_virtual_show_on_views":"","_tribe_events_virtual_url":"","footnotes":""},"tags":[],"tribe_events_cat":[127],"class_list":["post-37884","tribe_events","type-tribe_events","status-publish","has-post-thumbnail","hentry","tribe_events_cat-webinaires","cat_webinaires"],"acf":[],"yoast_head":"<!-- This site is optimized with the Yoast SEO plugin v27.5 - https:\/\/yoast.com\/product\/yoast-seo-wordpress\/ -->\n<title>Enregistrement du webinaire - Les \u00e9tudiants internationaux francophones au Canada : une \u00e9tude critique du sondage 2018 des \u00e9tudiants internationaux du BCEI - CBIE<\/title>\n<meta name=\"robots\" content=\"index, follow, max-snippet:-1, max-image-preview:large, max-video-preview:-1\" \/>\n<link rel=\"canonical\" href=\"https:\/\/cbie.ca\/fr\/evenement\/les-etudiants-internationaux-francophones-au-canada-une-etude-critique-du-sondage-2018-des-etudiants-internationaux-du-bcei\/\" \/>\n<meta property=\"og:locale\" content=\"fr_FR\" \/>\n<meta property=\"og:type\" content=\"article\" \/>\n<meta property=\"og:title\" content=\"Enregistrement du webinaire - Les \u00e9tudiants internationaux francophones au Canada : une \u00e9tude critique du sondage 2018 des \u00e9tudiants internationaux du BCEI - CBIE\" \/>\n<meta property=\"og:description\" content=\"[vc_row][vc_column bg_image=\u00a0\u00bb37717&Prime; column_center=\u00a0\u00bbtrue\u00a0\u00bb width=\u00a0\u00bb1\/2&Prime;][\/vc_column][vc_column bg_color=\u00a0\u00bb#f1f1f1&Prime; column_padding=\u00a0\u00bbpadding-3&Prime; column_center=\u00a0\u00bbtrue\u00a0\u00bb width=\u00a0\u00bb1\/2&Prime;][vc_column_text]En 2018, le BCEI, avec ses \u00e9tablissements membres, a sond\u00e9 plus de 14\u00a0000\u00a0\u00e9tudiants internationaux au Canada en \u00e9tudes sup\u00e9rieures. L\u2019ensemble de donn\u00e9es qui [&hellip;]\" \/>\n<meta property=\"og:url\" content=\"https:\/\/cbie.ca\/fr\/evenement\/les-etudiants-internationaux-francophones-au-canada-une-etude-critique-du-sondage-2018-des-etudiants-internationaux-du-bcei\/\" \/>\n<meta property=\"og:site_name\" content=\"CBIE\" \/>\n<meta property=\"article:modified_time\" content=\"2022-03-18T19:59:49+00:00\" \/>\n<meta property=\"og:image\" content=\"https:\/\/cbie.ca\/wp-content\/uploads\/2019\/03\/inbound2019-hero.jpg\" \/>\n\t<meta property=\"og:image:width\" content=\"1366\" \/>\n\t<meta property=\"og:image:height\" content=\"876\" \/>\n\t<meta property=\"og:image:type\" content=\"image\/jpeg\" \/>\n<meta name=\"twitter:card\" content=\"summary_large_image\" \/>\n<meta name=\"twitter:label1\" content=\"Dur\u00e9e de lecture estim\u00e9e\" \/>\n\t<meta name=\"twitter:data1\" content=\"3 minutes\" \/>\n<script type=\"application\/ld+json\" class=\"yoast-schema-graph\">{\"@context\":\"https:\\\/\\\/schema.org\",\"@graph\":[{\"@type\":\"WebPage\",\"@id\":\"https:\\\/\\\/cbie.ca\\\/fr\\\/evenement\\\/les-etudiants-internationaux-francophones-au-canada-une-etude-critique-du-sondage-2018-des-etudiants-internationaux-du-bcei\\\/\",\"url\":\"https:\\\/\\\/cbie.ca\\\/fr\\\/evenement\\\/les-etudiants-internationaux-francophones-au-canada-une-etude-critique-du-sondage-2018-des-etudiants-internationaux-du-bcei\\\/\",\"name\":\"Enregistrement du webinaire - Les \u00e9tudiants internationaux francophones au Canada : une \u00e9tude critique du sondage 2018 des \u00e9tudiants internationaux du BCEI - CBIE\",\"isPartOf\":{\"@id\":\"https:\\\/\\\/cbie.ca\\\/#website\"},\"primaryImageOfPage\":{\"@id\":\"https:\\\/\\\/cbie.ca\\\/fr\\\/evenement\\\/les-etudiants-internationaux-francophones-au-canada-une-etude-critique-du-sondage-2018-des-etudiants-internationaux-du-bcei\\\/#primaryimage\"},\"image\":{\"@id\":\"https:\\\/\\\/cbie.ca\\\/fr\\\/evenement\\\/les-etudiants-internationaux-francophones-au-canada-une-etude-critique-du-sondage-2018-des-etudiants-internationaux-du-bcei\\\/#primaryimage\"},\"thumbnailUrl\":\"https:\\\/\\\/cbie.ca\\\/wp-content\\\/uploads\\\/2019\\\/03\\\/inbound2019-hero.jpg\",\"datePublished\":\"2019-03-13T19:13:01+00:00\",\"dateModified\":\"2022-03-18T19:59:49+00:00\",\"breadcrumb\":{\"@id\":\"https:\\\/\\\/cbie.ca\\\/fr\\\/evenement\\\/les-etudiants-internationaux-francophones-au-canada-une-etude-critique-du-sondage-2018-des-etudiants-internationaux-du-bcei\\\/#breadcrumb\"},\"inLanguage\":\"fr-FR\",\"potentialAction\":[{\"@type\":\"ReadAction\",\"target\":[\"https:\\\/\\\/cbie.ca\\\/fr\\\/evenement\\\/les-etudiants-internationaux-francophones-au-canada-une-etude-critique-du-sondage-2018-des-etudiants-internationaux-du-bcei\\\/\"]}]},{\"@type\":\"ImageObject\",\"inLanguage\":\"fr-FR\",\"@id\":\"https:\\\/\\\/cbie.ca\\\/fr\\\/evenement\\\/les-etudiants-internationaux-francophones-au-canada-une-etude-critique-du-sondage-2018-des-etudiants-internationaux-du-bcei\\\/#primaryimage\",\"url\":\"https:\\\/\\\/cbie.ca\\\/wp-content\\\/uploads\\\/2019\\\/03\\\/inbound2019-hero.jpg\",\"contentUrl\":\"https:\\\/\\\/cbie.ca\\\/wp-content\\\/uploads\\\/2019\\\/03\\\/inbound2019-hero.jpg\",\"width\":1366,\"height\":876},{\"@type\":\"BreadcrumbList\",\"@id\":\"https:\\\/\\\/cbie.ca\\\/fr\\\/evenement\\\/les-etudiants-internationaux-francophones-au-canada-une-etude-critique-du-sondage-2018-des-etudiants-internationaux-du-bcei\\\/#breadcrumb\",\"itemListElement\":[{\"@type\":\"ListItem\",\"position\":1,\"name\":\"Home\",\"item\":\"https:\\\/\\\/cbie.ca\\\/fr\\\/\"},{\"@type\":\"ListItem\",\"position\":2,\"name\":\"Events\",\"item\":\"https:\\\/\\\/cbie.ca\\\/events\\\/\"},{\"@type\":\"ListItem\",\"position\":3,\"name\":\"Enregistrement du webinaire &#8211; Les \u00e9tudiants internationaux francophones au Canada : une \u00e9tude critique du sondage 2018 des \u00e9tudiants internationaux du BCEI\"}]},{\"@type\":\"WebSite\",\"@id\":\"https:\\\/\\\/cbie.ca\\\/#website\",\"url\":\"https:\\\/\\\/cbie.ca\\\/\",\"name\":\"Canadian Bureau for International Education\",\"description\":\"\",\"potentialAction\":[{\"@type\":\"SearchAction\",\"target\":{\"@type\":\"EntryPoint\",\"urlTemplate\":\"https:\\\/\\\/cbie.ca\\\/?s={search_term_string}\"},\"query-input\":{\"@type\":\"PropertyValueSpecification\",\"valueRequired\":true,\"valueName\":\"search_term_string\"}}],\"inLanguage\":\"fr-FR\"}]}<\/script>\n<!-- \/ Yoast SEO plugin. -->","yoast_head_json":{"title":"Enregistrement du webinaire - Les \u00e9tudiants internationaux francophones au Canada : une \u00e9tude critique du sondage 2018 des \u00e9tudiants internationaux du BCEI - CBIE","robots":{"index":"index","follow":"follow","max-snippet":"max-snippet:-1","max-image-preview":"max-image-preview:large","max-video-preview":"max-video-preview:-1"},"canonical":"https:\/\/cbie.ca\/fr\/evenement\/les-etudiants-internationaux-francophones-au-canada-une-etude-critique-du-sondage-2018-des-etudiants-internationaux-du-bcei\/","og_locale":"fr_FR","og_type":"article","og_title":"Enregistrement du webinaire - Les \u00e9tudiants internationaux francophones au Canada : une \u00e9tude critique du sondage 2018 des \u00e9tudiants internationaux du BCEI - CBIE","og_description":"[vc_row][vc_column bg_image=\u00a0\u00bb37717&Prime; column_center=\u00a0\u00bbtrue\u00a0\u00bb width=\u00a0\u00bb1\/2&Prime;][\/vc_column][vc_column bg_color=\u00a0\u00bb#f1f1f1&Prime; column_padding=\u00a0\u00bbpadding-3&Prime; column_center=\u00a0\u00bbtrue\u00a0\u00bb width=\u00a0\u00bb1\/2&Prime;][vc_column_text]En 2018, le BCEI, avec ses \u00e9tablissements membres, a sond\u00e9 plus de 14\u00a0000\u00a0\u00e9tudiants internationaux au Canada en \u00e9tudes sup\u00e9rieures. L\u2019ensemble de donn\u00e9es qui [&hellip;]","og_url":"https:\/\/cbie.ca\/fr\/evenement\/les-etudiants-internationaux-francophones-au-canada-une-etude-critique-du-sondage-2018-des-etudiants-internationaux-du-bcei\/","og_site_name":"CBIE","article_modified_time":"2022-03-18T19:59:49+00:00","og_image":[{"width":1366,"height":876,"url":"https:\/\/cbie.ca\/wp-content\/uploads\/2019\/03\/inbound2019-hero.jpg","type":"image\/jpeg"}],"twitter_card":"summary_large_image","twitter_misc":{"Dur\u00e9e de lecture estim\u00e9e":"3 minutes"},"schema":{"@context":"https:\/\/schema.org","@graph":[{"@type":"WebPage","@id":"https:\/\/cbie.ca\/fr\/evenement\/les-etudiants-internationaux-francophones-au-canada-une-etude-critique-du-sondage-2018-des-etudiants-internationaux-du-bcei\/","url":"https:\/\/cbie.ca\/fr\/evenement\/les-etudiants-internationaux-francophones-au-canada-une-etude-critique-du-sondage-2018-des-etudiants-internationaux-du-bcei\/","name":"Enregistrement du webinaire - Les \u00e9tudiants internationaux francophones au Canada : une \u00e9tude critique du sondage 2018 des \u00e9tudiants internationaux du BCEI - CBIE","isPartOf":{"@id":"https:\/\/cbie.ca\/#website"},"primaryImageOfPage":{"@id":"https:\/\/cbie.ca\/fr\/evenement\/les-etudiants-internationaux-francophones-au-canada-une-etude-critique-du-sondage-2018-des-etudiants-internationaux-du-bcei\/#primaryimage"},"image":{"@id":"https:\/\/cbie.ca\/fr\/evenement\/les-etudiants-internationaux-francophones-au-canada-une-etude-critique-du-sondage-2018-des-etudiants-internationaux-du-bcei\/#primaryimage"},"thumbnailUrl":"https:\/\/cbie.ca\/wp-content\/uploads\/2019\/03\/inbound2019-hero.jpg","datePublished":"2019-03-13T19:13:01+00:00","dateModified":"2022-03-18T19:59:49+00:00","breadcrumb":{"@id":"https:\/\/cbie.ca\/fr\/evenement\/les-etudiants-internationaux-francophones-au-canada-une-etude-critique-du-sondage-2018-des-etudiants-internationaux-du-bcei\/#breadcrumb"},"inLanguage":"fr-FR","potentialAction":[{"@type":"ReadAction","target":["https:\/\/cbie.ca\/fr\/evenement\/les-etudiants-internationaux-francophones-au-canada-une-etude-critique-du-sondage-2018-des-etudiants-internationaux-du-bcei\/"]}]},{"@type":"ImageObject","inLanguage":"fr-FR","@id":"https:\/\/cbie.ca\/fr\/evenement\/les-etudiants-internationaux-francophones-au-canada-une-etude-critique-du-sondage-2018-des-etudiants-internationaux-du-bcei\/#primaryimage","url":"https:\/\/cbie.ca\/wp-content\/uploads\/2019\/03\/inbound2019-hero.jpg","contentUrl":"https:\/\/cbie.ca\/wp-content\/uploads\/2019\/03\/inbound2019-hero.jpg","width":1366,"height":876},{"@type":"BreadcrumbList","@id":"https:\/\/cbie.ca\/fr\/evenement\/les-etudiants-internationaux-francophones-au-canada-une-etude-critique-du-sondage-2018-des-etudiants-internationaux-du-bcei\/#breadcrumb","itemListElement":[{"@type":"ListItem","position":1,"name":"Home","item":"https:\/\/cbie.ca\/fr\/"},{"@type":"ListItem","position":2,"name":"Events","item":"https:\/\/cbie.ca\/events\/"},{"@type":"ListItem","position":3,"name":"Enregistrement du webinaire &#8211; Les \u00e9tudiants internationaux francophones au Canada : une \u00e9tude critique du sondage 2018 des \u00e9tudiants internationaux du BCEI"}]},{"@type":"WebSite","@id":"https:\/\/cbie.ca\/#website","url":"https:\/\/cbie.ca\/","name":"Canadian Bureau for International Education","description":"","potentialAction":[{"@type":"SearchAction","target":{"@type":"EntryPoint","urlTemplate":"https:\/\/cbie.ca\/?s={search_term_string}"},"query-input":{"@type":"PropertyValueSpecification","valueRequired":true,"valueName":"search_term_string"}}],"inLanguage":"fr-FR"}]}},"_links":{"self":[{"href":"https:\/\/cbie.ca\/fr\/wp-json\/wp\/v2\/tribe_events\/37884","targetHints":{"allow":["GET"]}}],"collection":[{"href":"https:\/\/cbie.ca\/fr\/wp-json\/wp\/v2\/tribe_events"}],"about":[{"href":"https:\/\/cbie.ca\/fr\/wp-json\/wp\/v2\/types\/tribe_events"}],"author":[{"embeddable":true,"href":"https:\/\/cbie.ca\/fr\/wp-json\/wp\/v2\/users\/2"}],"version-history":[{"count":0,"href":"https:\/\/cbie.ca\/fr\/wp-json\/wp\/v2\/tribe_events\/37884\/revisions"}],"wp:featuredmedia":[{"embeddable":true,"href":"https:\/\/cbie.ca\/fr\/wp-json\/wp\/v2\/media\/37717"}],"wp:attachment":[{"href":"https:\/\/cbie.ca\/fr\/wp-json\/wp\/v2\/media?parent=37884"}],"wp:term":[{"taxonomy":"post_tag","embeddable":true,"href":"https:\/\/cbie.ca\/fr\/wp-json\/wp\/v2\/tags?post=37884"},{"taxonomy":"tribe_events_cat","embeddable":true,"href":"https:\/\/cbie.ca\/fr\/wp-json\/wp\/v2\/tribe_events_cat?post=37884"}],"curies":[{"name":"wp","href":"https:\/\/api.w.org\/{rel}","templated":true}]}}