{"id":110805,"date":"2024-08-09T14:00:20","date_gmt":"2024-08-09T18:00:20","guid":{"rendered":"https:\/\/cbiemain.pcomms.ca\/event\/ateliers-causeries-juin-2-2024\/"},"modified":"2024-09-03T10:02:30","modified_gmt":"2024-09-03T14:02:30","slug":"ateliers-causeries-juin-2-2024","status":"publish","type":"tribe_events","link":"https:\/\/cbie.ca\/fr\/evenement\/ateliers-causeries-juin-2-2024\/","title":{"rendered":"Atelier-causerie\u202f: Pratique \u00e9thique et \u00e9tudes de cas sur le Code de d\u00e9ontologie"},"content":{"rendered":"<div class=\"wpb-content-wrapper\"><p>[vc_row][vc_column width=\u00a0\u00bb1\/1&Prime;][vc_column_text]<\/p>\n<h5 style=\"text-align: center;\">Membres : 79 $ | Non-membres : 119 $<\/h5>\n<h5 style=\"text-align: center;\">Date limite d&rsquo;inscription: 30 mai 2025<\/h5>\n<p>[\/vc_column_text]<div class=\"divider divider1\" style='margin:30px 0 30px 0 !important;'><\/div>[vc_column_text]Les ateliers-causeries du BCEI sont des lieux d&rsquo;\u00e9change afin d&rsquo;approfondir nos connaissances en tant que professionnel.le de l&rsquo;immigration \u0153uvrant aupr\u00e8s des \u00e9tudiant.e.s internationaux.ales. Nous vous invitons \u00e0 participer \u00e0 ces ateliers virtuels de formation professionnelle continue (FPC) pour les Conseillers.\u00e8re.s r\u00e9glement\u00e9.e.s en immigration pour \u00e9tudiant.e.s \u00e9tranger.\u00e8re.s (CRI\u00c9\u00c9) et les Conseillers.\u00e8re.s r\u00e9glement\u00e9.e.s en immigration canadienne (CRIC). <strong>Approuv\u00e9 par le CCIC pour 1.5 heures de formation professionnelle continue (FPC).<\/strong>[\/vc_column_text]<div class=\"divider divider1\" style='margin:30px 0 30px 0 !important;'><\/div>[vc_column_text]<\/p>\n<h5><strong>Vue d&rsquo;ensemble de l&rsquo;atelier<\/strong><\/h5>\n<p>Animer par Tatiana Gomez et Yannick Richer cet atelier est con\u00e7u pour approfondir votre compr\u00e9hension et votre application du Code de d\u00e9ontologie \u00e0 travers des \u00e9tudes de cas concr\u00e8tes. Destin\u00e9 aux professionnel.le.s de l&rsquo;immigration et de la citoyennet\u00e9, cet \u00e9v\u00e9nement vous fournira les outils n\u00e9cessaires pour garantir que vos pratiques respectent les normes \u00e9thiques les plus rigoureuses.<\/p>\n<h5><strong>Objectifs d&rsquo;apprentissage<\/strong><\/h5>\n<ul>\n<li>Ma\u00eetriser le Code de d\u00e9ontologie : Obtenez une compr\u00e9hension approfondie des principes et exigences du Code de d\u00e9ontologie, y compris ses implications pratiques pour votre travail quotidien.<\/li>\n<li>Analyser des \u00e9tudes de cas r\u00e9alistes : Examinez des \u00e9tudes de cas bas\u00e9es sur des sc\u00e9narios courants rencontr\u00e9s dans le domaine de l&rsquo;immigration et de la citoyennet\u00e9. Discutez des dilemmes \u00e9thiques et explorez des solutions appropri\u00e9es.<\/li>\n<li>D\u00e9velopper des comp\u00e9tences en pratique \u00e9thique : Apprenez \u00e0 appliquer les normes d\u00e9ontologiques \u00e0 des situations complexes, en d\u00e9veloppant des strat\u00e9gies pour maintenir l&rsquo;int\u00e9grit\u00e9 et la transparence dans vos interactions professionnelles.<\/li>\n<li>\u00c9change de bonnes pratiques : Participez \u00e0 des discussions interactives avec vos pairs pour partager des exp\u00e9riences, poser des questions et \u00e9laborer des meilleures pratiques pour int\u00e9grer l&rsquo;\u00e9thique dans votre pratique professionnelle.<\/li>\n<li>R\u00e9pondre aux d\u00e9fis \u00e9thiques : Identifiez et apprenez \u00e0 g\u00e9rer les d\u00e9fis \u00e9thiques qui peuvent surgir dans votre travail, et explorez les m\u00e9canismes de r\u00e9solution des conflits et les recours possibles.<\/li>\n<\/ul>\n<p>[\/vc_column_text]<div class=\"divider divider1\" style='margin:30px 0 30px 0 !important;'><\/div>[vc_column_text]<\/p>\n<h5><strong>Consulter les autres ateliers-causeries que le BCEI vous proposera avant la fin de l&rsquo;ann\u00e9e de d\u00e9claration des activit\u00e9s de FPC:<\/strong><\/h5>\n<p><a href=\"https:\/\/cbie.ca\/fr\/evenement\/ateliers-causeries-juin-16-2024\/\" target=\"_blank\" rel=\"noopener\">16 juin &#8211; D\u00e9mystifier l&rsquo;examen m\u00e9dical d&rsquo;immigration<\/a>[\/vc_column_text]<div class=\"divider divider1\" style='margin:30px 0 30px 0 !important;'><\/div>[vc_column_text]<\/p>\n<h5><strong>Instructeurs<\/strong><\/h5>\n<p>[\/vc_column_text][\/vc_column][\/vc_row][vc_row class=\u00a0\u00bbfacilitator-row\u00a0\u00bb][vc_column width=\u00a0\u00bb1\/4&Prime;]<div class=\"single_image wpb_content_element align-left  image_box_border  \" data-animation=\"none\" data-delay=\"0\"><img loading=\"lazy\" decoding=\"async\" width=\"668\" height=\"668\" src=\"https:\/\/cbie.ca\/wp-content\/uploads\/2022\/02\/Tatiana-photo-portrait.jpg\" class=\"attachment-large\" alt=\"\" title=\"Tatiana photo portrait\" srcset=\"https:\/\/cbie.ca\/wp-content\/uploads\/2022\/02\/Tatiana-photo-portrait.jpg 668w, https:\/\/cbie.ca\/wp-content\/uploads\/2022\/02\/Tatiana-photo-portrait-300x300.jpg 300w, https:\/\/cbie.ca\/wp-content\/uploads\/2022\/02\/Tatiana-photo-portrait-150x150.jpg 150w, https:\/\/cbie.ca\/wp-content\/uploads\/2022\/02\/Tatiana-photo-portrait-80x80.jpg 80w, https:\/\/cbie.ca\/wp-content\/uploads\/2022\/02\/Tatiana-photo-portrait-500x500.jpg 500w\" sizes=\"auto, (max-width: 668px) 100vw, 668px\" \/><\/div>[\/vc_column][vc_column width=\u00a0\u00bb3\/4&Prime;][vc_column_text]<\/p>\n<h4>Tatiana Gomez<\/h4>\n<p>[\/vc_column_text][vc_column_text]<strong>Avocate, Sp\u00e9cialiste en immigration<\/strong>[\/vc_column_text][vc_column_text]<strong>Service aux \u00e9tudiants internationaux<\/strong>[\/vc_column_text][vc_column_text]<strong>Universit\u00e9 Concordia<\/strong>[\/vc_column_text]<div class=\"spacer\" style=\"height: 20px;\"><\/div>[vc_column_text]Tatiana Gomez est une avocate sp\u00e9cialis\u00e9e en droit de l&rsquo;immigration et des r\u00e9fugi\u00e9s qui a travaill\u00e9 en pratique priv\u00e9e de 2009 \u00e0 2021. En 2021, elle s&rsquo;est jointe au Bureau des \u00e9tudiants internationaux de l&rsquo;Universit\u00e9 Concordia. Elle a enseign\u00e9 dans le cadre du programme de consultation en immigration du Coll\u00e8ge Vanier de 2011 \u00e0 2015.Elle a \u00e9galement enseign\u00e9 dans le cadre du programme de certificat en immigration de l&rsquo;Universit\u00e9 de la Colombie-Britannique de 2015 \u00e0 2021. Actuellement, elle enseigne dans le Programme d\u2019\u00e9tudes sur l\u2019immigration et les \u00e9tudiants internationaux (PEIEI) du BCEI depuis 2022. Elle a une vaste exp\u00e9rience en tant que professionnelle de l&rsquo;immigration et formatrice dans le domaine du droit de l&rsquo;immigration et des r\u00e9fugi\u00e9s.[\/vc_column_text][\/vc_column][\/vc_row][vc_row class=\u00a0\u00bbfacilitator-row\u00a0\u00bb][vc_column width=\u00a0\u00bb1\/4&Prime;]<div class=\"single_image wpb_content_element align-left  image_box_border  \" data-animation=\"none\" data-delay=\"0\"><img loading=\"lazy\" decoding=\"async\" width=\"1002\" height=\"1024\" src=\"https:\/\/cbie.ca\/wp-content\/uploads\/2022\/02\/Yannick-Richer-photo-6-1002x1024.jpeg\" class=\"attachment-large\" alt=\"\" title=\"Yannick Richer photo\" srcset=\"https:\/\/cbie.ca\/wp-content\/uploads\/2022\/02\/Yannick-Richer-photo-6-1002x1024.jpeg 1002w, https:\/\/cbie.ca\/wp-content\/uploads\/2022\/02\/Yannick-Richer-photo-6-294x300.jpeg 294w, https:\/\/cbie.ca\/wp-content\/uploads\/2022\/02\/Yannick-Richer-photo-6-768x785.jpeg 768w, https:\/\/cbie.ca\/wp-content\/uploads\/2022\/02\/Yannick-Richer-photo-6-1503x1536.jpeg 1503w, https:\/\/cbie.ca\/wp-content\/uploads\/2022\/02\/Yannick-Richer-photo-6.jpeg 1828w\" sizes=\"auto, (max-width: 1002px) 100vw, 1002px\" \/><\/div>[\/vc_column][vc_column width=\u00a0\u00bb3\/4&Prime;][vc_column_text]<\/p>\n<h4>Yannick Richer<\/h4>\n<p>[\/vc_column_text][vc_column_text]<strong>Conseilller \u00e0 l&rsquo;accueil et \u00e0 l&rsquo;immigration<\/strong>[\/vc_column_text][vc_column_text]<strong>Conseiller r\u00e8glement\u00e9 en immigration pour \u00e9tudiants \u00e9trangers (CRI\u00c9\u00c9)<\/strong>[\/vc_column_text][vc_column_text]<strong>Universit\u00e9 du Qu\u00e9bec \u00e0 Montr\u00e9al (UQAM)<\/strong>[\/vc_column_text]<div class=\"spacer\" style=\"height: 20px;\"><\/div>[vc_column_text]Yannick Richer est Conseiller r\u00e8glement\u00e9 en immigration pour \u00e9tudiants \u00e9trangers. Il est chef de l\u2019\u00e9quipe du soutien aux \u00e9tudiants internationaux de l\u2019UQAM. Depuis 2022, il collabore et enseigne pour le programme d\u2019\u00e9tudes sur l\u2019immigration et les \u00e9tudiants internationaux (PEIEI) du BCEI. Cette exp\u00e9rience lui permet de rester \u00e0 l\u2019aff\u00fbt des changements dans le domaine de l\u2019immigration pour les \u00e9tudiants internationaux. Enfin, il cumule pr\u00e8s de 25 ann\u00e9es comme formateur pour l\u2019Association des Camps du Qu\u00e9bec.[\/vc_column_text][\/vc_column][\/vc_row]<\/p>\n<\/div>","protected":false},"excerpt":{"rendered":"<p>[vc_row][vc_column width=\u00a0\u00bb1\/1&Prime;][vc_column_text] Membres : 79 $ | Non-membres : 119 $ Date limite d&rsquo;inscription: 30 mai 2025 [\/vc_column_text][vc_column_text]Les ateliers-causeries du BCEI sont des lieux d&rsquo;\u00e9change afin d&rsquo;approfondir nos connaissances en [&hellip;]<\/p>\n","protected":false},"author":60,"featured_media":110824,"template":"","meta":{"_acf_changed":false,"_tribe_events_status":"","_tribe_events_status_reason":"","_tribe_events_is_hybrid":"","_tribe_events_is_virtual":"","_tribe_events_virtual_video_source":"","_tribe_events_virtual_embed_video":"","_tribe_events_virtual_linked_button_text":"","_tribe_events_virtual_linked_button":"","_tribe_events_virtual_show_embed_at":"","_tribe_events_virtual_show_embed_to":[],"_tribe_events_virtual_show_on_event":"","_tribe_events_virtual_show_on_views":"","_tribe_events_virtual_url":"","footnotes":""},"tags":[274,183,275,276],"tribe_events_cat":[186,128],"class_list":["post-110805","tribe_events","type-tribe_events","status-publish","has-post-thumbnail","hentry","tag-cpd-fpc-fr","tag-immigration-fr","tag-rcic-cric-fr","tag-risia-criee-fr","tribe_events_cat-cpd-events-fr","tribe_events_cat-ateliers","cat_cpd-events-fr","cat_ateliers"],"acf":[],"yoast_head":"<!-- This site is optimized with the Yoast SEO plugin v27.4 - https:\/\/yoast.com\/product\/yoast-seo-wordpress\/ -->\n<title>Atelier-causerie\u202f: Pratique \u00e9thique et \u00e9tudes de cas sur le Code de d\u00e9ontologie - CBIE<\/title>\n<meta name=\"robots\" content=\"index, follow, max-snippet:-1, max-image-preview:large, max-video-preview:-1\" \/>\n<link rel=\"canonical\" href=\"https:\/\/cbie.ca\/fr\/evenement\/ateliers-causeries-juin-2-2024\/\" \/>\n<meta property=\"og:locale\" content=\"fr_FR\" \/>\n<meta property=\"og:type\" content=\"article\" \/>\n<meta property=\"og:title\" content=\"Atelier-causerie\u202f: Pratique \u00e9thique et \u00e9tudes de cas sur le Code de d\u00e9ontologie - CBIE\" \/>\n<meta property=\"og:description\" content=\"[vc_row][vc_column width=\u00a0\u00bb1\/1&Prime;][vc_column_text] Membres : 79 $ | Non-membres : 119 $ Date limite d&rsquo;inscription: 30 mai 2025 [\/vc_column_text][vc_column_text]Les ateliers-causeries du BCEI sont des lieux d&rsquo;\u00e9change afin d&rsquo;approfondir nos connaissances en [&hellip;]\" \/>\n<meta property=\"og:url\" content=\"https:\/\/cbie.ca\/fr\/evenement\/ateliers-causeries-juin-2-2024\/\" \/>\n<meta property=\"og:site_name\" content=\"CBIE\" \/>\n<meta property=\"article:modified_time\" content=\"2024-09-03T14:02:30+00:00\" \/>\n<meta property=\"og:image\" content=\"https:\/\/cbie.ca\/wp-content\/uploads\/2024\/08\/ateliers-causeries-pratique-ethique-1.png\" \/>\n\t<meta property=\"og:image:width\" content=\"1600\" \/>\n\t<meta property=\"og:image:height\" content=\"900\" \/>\n\t<meta property=\"og:image:type\" content=\"image\/png\" \/>\n<meta name=\"twitter:card\" content=\"summary_large_image\" \/>\n<meta name=\"twitter:label1\" content=\"Dur\u00e9e de lecture estim\u00e9e\" \/>\n\t<meta name=\"twitter:data1\" content=\"3 minutes\" \/>\n<script type=\"application\/ld+json\" class=\"yoast-schema-graph\">{\"@context\":\"https:\\\/\\\/schema.org\",\"@graph\":[{\"@type\":\"WebPage\",\"@id\":\"https:\\\/\\\/cbie.ca\\\/fr\\\/evenement\\\/ateliers-causeries-juin-2-2024\\\/\",\"url\":\"https:\\\/\\\/cbie.ca\\\/fr\\\/evenement\\\/ateliers-causeries-juin-2-2024\\\/\",\"name\":\"Atelier-causerie\u202f: Pratique \u00e9thique et \u00e9tudes de cas sur le Code de d\u00e9ontologie - CBIE\",\"isPartOf\":{\"@id\":\"https:\\\/\\\/cbie.ca\\\/#website\"},\"primaryImageOfPage\":{\"@id\":\"https:\\\/\\\/cbie.ca\\\/fr\\\/evenement\\\/ateliers-causeries-juin-2-2024\\\/#primaryimage\"},\"image\":{\"@id\":\"https:\\\/\\\/cbie.ca\\\/fr\\\/evenement\\\/ateliers-causeries-juin-2-2024\\\/#primaryimage\"},\"thumbnailUrl\":\"https:\\\/\\\/cbie.ca\\\/wp-content\\\/uploads\\\/2024\\\/08\\\/ateliers-causeries-pratique-ethique-1.png\",\"datePublished\":\"2024-08-09T18:00:20+00:00\",\"dateModified\":\"2024-09-03T14:02:30+00:00\",\"breadcrumb\":{\"@id\":\"https:\\\/\\\/cbie.ca\\\/fr\\\/evenement\\\/ateliers-causeries-juin-2-2024\\\/#breadcrumb\"},\"inLanguage\":\"fr-FR\",\"potentialAction\":[{\"@type\":\"ReadAction\",\"target\":[\"https:\\\/\\\/cbie.ca\\\/fr\\\/evenement\\\/ateliers-causeries-juin-2-2024\\\/\"]}]},{\"@type\":\"ImageObject\",\"inLanguage\":\"fr-FR\",\"@id\":\"https:\\\/\\\/cbie.ca\\\/fr\\\/evenement\\\/ateliers-causeries-juin-2-2024\\\/#primaryimage\",\"url\":\"https:\\\/\\\/cbie.ca\\\/wp-content\\\/uploads\\\/2024\\\/08\\\/ateliers-causeries-pratique-ethique-1.png\",\"contentUrl\":\"https:\\\/\\\/cbie.ca\\\/wp-content\\\/uploads\\\/2024\\\/08\\\/ateliers-causeries-pratique-ethique-1.png\",\"width\":1600,\"height\":900},{\"@type\":\"BreadcrumbList\",\"@id\":\"https:\\\/\\\/cbie.ca\\\/fr\\\/evenement\\\/ateliers-causeries-juin-2-2024\\\/#breadcrumb\",\"itemListElement\":[{\"@type\":\"ListItem\",\"position\":1,\"name\":\"Home\",\"item\":\"https:\\\/\\\/cbie.ca\\\/fr\\\/\"},{\"@type\":\"ListItem\",\"position\":2,\"name\":\"Events\",\"item\":\"https:\\\/\\\/cbie.ca\\\/events\\\/\"},{\"@type\":\"ListItem\",\"position\":3,\"name\":\"Atelier-causerie\u202f: Pratique \u00e9thique et \u00e9tudes de cas sur le Code de d\u00e9ontologie\"}]},{\"@type\":\"WebSite\",\"@id\":\"https:\\\/\\\/cbie.ca\\\/#website\",\"url\":\"https:\\\/\\\/cbie.ca\\\/\",\"name\":\"Canadian Bureau for International Education\",\"description\":\"\",\"potentialAction\":[{\"@type\":\"SearchAction\",\"target\":{\"@type\":\"EntryPoint\",\"urlTemplate\":\"https:\\\/\\\/cbie.ca\\\/?s={search_term_string}\"},\"query-input\":{\"@type\":\"PropertyValueSpecification\",\"valueRequired\":true,\"valueName\":\"search_term_string\"}}],\"inLanguage\":\"fr-FR\"}]}<\/script>\n<!-- \/ Yoast SEO plugin. -->","yoast_head_json":{"title":"Atelier-causerie\u202f: Pratique \u00e9thique et \u00e9tudes de cas sur le Code de d\u00e9ontologie - CBIE","robots":{"index":"index","follow":"follow","max-snippet":"max-snippet:-1","max-image-preview":"max-image-preview:large","max-video-preview":"max-video-preview:-1"},"canonical":"https:\/\/cbie.ca\/fr\/evenement\/ateliers-causeries-juin-2-2024\/","og_locale":"fr_FR","og_type":"article","og_title":"Atelier-causerie\u202f: Pratique \u00e9thique et \u00e9tudes de cas sur le Code de d\u00e9ontologie - CBIE","og_description":"[vc_row][vc_column width=\u00a0\u00bb1\/1&Prime;][vc_column_text] Membres : 79 $ | Non-membres : 119 $ Date limite d&rsquo;inscription: 30 mai 2025 [\/vc_column_text][vc_column_text]Les ateliers-causeries du BCEI sont des lieux d&rsquo;\u00e9change afin d&rsquo;approfondir nos connaissances en [&hellip;]","og_url":"https:\/\/cbie.ca\/fr\/evenement\/ateliers-causeries-juin-2-2024\/","og_site_name":"CBIE","article_modified_time":"2024-09-03T14:02:30+00:00","og_image":[{"width":1600,"height":900,"url":"https:\/\/cbie.ca\/wp-content\/uploads\/2024\/08\/ateliers-causeries-pratique-ethique-1.png","type":"image\/png"}],"twitter_card":"summary_large_image","twitter_misc":{"Dur\u00e9e de lecture estim\u00e9e":"3 minutes"},"schema":{"@context":"https:\/\/schema.org","@graph":[{"@type":"WebPage","@id":"https:\/\/cbie.ca\/fr\/evenement\/ateliers-causeries-juin-2-2024\/","url":"https:\/\/cbie.ca\/fr\/evenement\/ateliers-causeries-juin-2-2024\/","name":"Atelier-causerie\u202f: Pratique \u00e9thique et \u00e9tudes de cas sur le Code de d\u00e9ontologie - CBIE","isPartOf":{"@id":"https:\/\/cbie.ca\/#website"},"primaryImageOfPage":{"@id":"https:\/\/cbie.ca\/fr\/evenement\/ateliers-causeries-juin-2-2024\/#primaryimage"},"image":{"@id":"https:\/\/cbie.ca\/fr\/evenement\/ateliers-causeries-juin-2-2024\/#primaryimage"},"thumbnailUrl":"https:\/\/cbie.ca\/wp-content\/uploads\/2024\/08\/ateliers-causeries-pratique-ethique-1.png","datePublished":"2024-08-09T18:00:20+00:00","dateModified":"2024-09-03T14:02:30+00:00","breadcrumb":{"@id":"https:\/\/cbie.ca\/fr\/evenement\/ateliers-causeries-juin-2-2024\/#breadcrumb"},"inLanguage":"fr-FR","potentialAction":[{"@type":"ReadAction","target":["https:\/\/cbie.ca\/fr\/evenement\/ateliers-causeries-juin-2-2024\/"]}]},{"@type":"ImageObject","inLanguage":"fr-FR","@id":"https:\/\/cbie.ca\/fr\/evenement\/ateliers-causeries-juin-2-2024\/#primaryimage","url":"https:\/\/cbie.ca\/wp-content\/uploads\/2024\/08\/ateliers-causeries-pratique-ethique-1.png","contentUrl":"https:\/\/cbie.ca\/wp-content\/uploads\/2024\/08\/ateliers-causeries-pratique-ethique-1.png","width":1600,"height":900},{"@type":"BreadcrumbList","@id":"https:\/\/cbie.ca\/fr\/evenement\/ateliers-causeries-juin-2-2024\/#breadcrumb","itemListElement":[{"@type":"ListItem","position":1,"name":"Home","item":"https:\/\/cbie.ca\/fr\/"},{"@type":"ListItem","position":2,"name":"Events","item":"https:\/\/cbie.ca\/events\/"},{"@type":"ListItem","position":3,"name":"Atelier-causerie\u202f: Pratique \u00e9thique et \u00e9tudes de cas sur le Code de d\u00e9ontologie"}]},{"@type":"WebSite","@id":"https:\/\/cbie.ca\/#website","url":"https:\/\/cbie.ca\/","name":"Canadian Bureau for International Education","description":"","potentialAction":[{"@type":"SearchAction","target":{"@type":"EntryPoint","urlTemplate":"https:\/\/cbie.ca\/?s={search_term_string}"},"query-input":{"@type":"PropertyValueSpecification","valueRequired":true,"valueName":"search_term_string"}}],"inLanguage":"fr-FR"}]}},"_links":{"self":[{"href":"https:\/\/cbie.ca\/fr\/wp-json\/wp\/v2\/tribe_events\/110805","targetHints":{"allow":["GET"]}}],"collection":[{"href":"https:\/\/cbie.ca\/fr\/wp-json\/wp\/v2\/tribe_events"}],"about":[{"href":"https:\/\/cbie.ca\/fr\/wp-json\/wp\/v2\/types\/tribe_events"}],"author":[{"embeddable":true,"href":"https:\/\/cbie.ca\/fr\/wp-json\/wp\/v2\/users\/60"}],"version-history":[{"count":0,"href":"https:\/\/cbie.ca\/fr\/wp-json\/wp\/v2\/tribe_events\/110805\/revisions"}],"wp:featuredmedia":[{"embeddable":true,"href":"https:\/\/cbie.ca\/fr\/wp-json\/wp\/v2\/media\/110824"}],"wp:attachment":[{"href":"https:\/\/cbie.ca\/fr\/wp-json\/wp\/v2\/media?parent=110805"}],"wp:term":[{"taxonomy":"post_tag","embeddable":true,"href":"https:\/\/cbie.ca\/fr\/wp-json\/wp\/v2\/tags?post=110805"},{"taxonomy":"tribe_events_cat","embeddable":true,"href":"https:\/\/cbie.ca\/fr\/wp-json\/wp\/v2\/tribe_events_cat?post=110805"}],"curies":[{"name":"wp","href":"https:\/\/api.w.org\/{rel}","templated":true}]}}