{"id":101931,"date":"2023-08-14T14:55:53","date_gmt":"2023-08-14T18:55:53","guid":{"rendered":"https:\/\/cbieca.wpenginepowered.com\/?post_type=tribe_events&#038;p=101931"},"modified":"2023-09-25T11:59:55","modified_gmt":"2023-09-25T15:59:55","slug":"les-ateliers-causeries-sept2023","status":"publish","type":"tribe_events","link":"https:\/\/cbie.ca\/fr\/evenement\/les-ateliers-causeries-sept2023\/","title":{"rendered":"Les ateliers-causeries : Le droit administratif en mati\u00e8re d\u2019immigration et comment faire une demande d\u2019acc\u00e8s \u00e0 l\u2019information"},"content":{"rendered":"<div class=\"wpb-content-wrapper\"><p>[vc_row][vc_column width=\u00a0\u00bb1\/1&Prime;][vc_column_text]<\/p>\n<h5 style=\"text-align: center;\">Membres : 65 $ | Non-membres : 95 $<\/h5>\n<p>[\/vc_column_text]<div class=\"divider divider1\" style='margin:30px 0 30px 0 !important;'><\/div>[vc_column_text]Les ateliers-causeries du BCEI sont des lieux d&rsquo;\u00e9change afin d&rsquo;approfondir nos connaissances en tant que professionnel de l&rsquo;immigration \u0153uvrant aupr\u00e8s des \u00e9tudiants \u00e9trangers. Nous vous invitons \u00e0 participer \u00e0 ces ateliers de formation professionnelle continue (FPC) pour les Conseillers r\u00e9glement\u00e9s en immigration pour \u00e9tudiants \u00e9trangers (CRI\u00c9\u00c9) et les Consultants r\u00e9glement\u00e9s en immigration canadienne (CRIC). <strong>Approuv\u00e9 par le CCIC pour 1.5 heures de formation professionnelle continue (FPC). <\/strong>[\/vc_column_text]<div class=\"divider divider1\" style='margin:30px 0 30px 0 !important;'><\/div>[vc_column_text]<\/p>\n<h5><strong>Vue d&rsquo;ensemble de l&rsquo;atelier<\/strong><\/h5>\n<p>Animer par Tatiana Gomez, avocate, et Yannick Richer, CRIEE, cet atelier-causerie vous propose une formation sur la proc\u00e9dure de demande d\u2019acc\u00e8s \u00e0 l\u2019information. En tant que professionnel de l\u2019immigration, vous pourrez \u00eatre appel\u00e9 \u00e0 aider un \u00e9tudiant \u00e0 mieux comprendre les raisons d\u2019un refus, ce qui pourrait n\u00e9cessiter de faire une demande d\u2019acc\u00e8s \u00e0 l\u2019information. Cet atelier discutera des principes de droit administratif et d&rsquo;\u00e9quit\u00e9 proc\u00e9durale qui r\u00e9gissent l&rsquo;\u00e9valuation des demandes de permis d&rsquo;\u00e9tudes et de leur impact sur la prise de notes, l&rsquo;exercice du pouvoir discr\u00e9tionnaire et la d\u00e9livrance de d\u00e9cisions par les agents d&rsquo;IRCC. Au cours de cet atelier-causerie, nous discuterons des avantages et des inconv\u00e9nients de la demande d\u2019acc\u00e8s \u00e0 l\u2019information, du moment o\u00f9 elle pourrait \u00eatre appropri\u00e9e, de la mani\u00e8re d\u2019effectuer la demande, de l\u2019analyse des r\u00e9sultats de la demande et des recours lorsque le demandeur est en d\u00e9saccord avec les motifs d\u2019un refus. En outre, pour les personnes int\u00e9ress\u00e9es, avec l\u2019accord d\u2019un \u00e9tudiant d\u2019un \u00e9tablissement, les participants pourraient effectuer la d\u00e9marche lors de l\u2019atelier-causerie.<\/p>\n<h5><strong>Objectifs d&rsquo;apprentissage<\/strong><\/h5>\n<ul>\n<li>Comprendre le cadre juridique g\u00e9n\u00e9ral entourant les demandes d&rsquo;acc\u00e8s \u00e0 l&rsquo;information<\/li>\n<li>Comprendre dans quels cas il peut \u00eatre opportun de pr\u00e9senter une demande d&rsquo;acc\u00e8s \u00e0 l&rsquo;information<\/li>\n<li>Apprendre \u00e0 pr\u00e9parer et \u00e0 soumettre une demande d&rsquo;acc\u00e8s \u00e0 l&rsquo;information<\/li>\n<\/ul>\n<p>[\/vc_column_text]<div class=\"divider divider1\" style='margin:30px 0 30px 0 !important;'><\/div>[vc_column_text]<\/p>\n<h5><strong>Consulter les autres ateliers de FPC qui auront lieu prochainement<\/strong><\/h5>\n<p><a href=\"https:\/\/cbie.ca\/event\/les-ateliers-causeries-oct-2023\/\"><span class=\"NormalTextRun SCXW96770279 BCX0\">23 octobre &#8211; Nouveau regard sur le <\/span><span class=\"NormalTextRun SpellingErrorV2Themed SCXW96770279 BCX0\">permis<\/span><span class=\"NormalTextRun SCXW96770279 BCX0\"> de travail stage-coop<\/span><\/a><\/p>\n<p><a href=\"https:\/\/cbie.ca\/event\/les-ateliers-causeries-nov2023\/\"><span class=\"NormalTextRun SCXW148427964 BCX0\">6 novembre &#8211; Le Code de <\/span><span class=\"NormalTextRun SpellingErrorV2Themed SCXW148427964 BCX0\">d\u00e9ontologie<\/span><span class=\"NormalTextRun SCXW148427964 BCX0\"> et la pratique avec les <\/span><span class=\"NormalTextRun SpellingErrorV2Themed SCXW148427964 BCX0\">\u00e9tudiants<\/span><span class=\"NormalTextRun SCXW148427964 BCX0\"> \u00e9trangers<\/span><\/a><\/p>\n<div class=\"wpb_text_column wpb_content_element \">\n<div class=\"wpb_wrapper\">\n<p><a href=\"https:\/\/cbie.ca\/event\/les-ateliers-causeries-jan2024\/\">29 janvier &#8211; \u00c9change sur les meilleures pratiques pour r\u00e9pondre aux intentions de refus<\/a><\/p>\n<\/div>\n<\/div>\n<p>[\/vc_column_text]<div class=\"divider divider1\" style='margin:30px 0 30px 0 !important;'><\/div>[vc_column_text]<\/p>\n<h5><strong>Instructeurs<\/strong><\/h5>\n<p>[\/vc_column_text][\/vc_column][\/vc_row][vc_row class=\u00a0\u00bbfacilitator-row\u00a0\u00bb][vc_column width=\u00a0\u00bb1\/4&Prime;]<div class=\"single_image wpb_content_element align-left  image_box_border  \" data-animation=\"none\" data-delay=\"0\"><img loading=\"lazy\" decoding=\"async\" width=\"668\" height=\"668\" src=\"https:\/\/cbie.ca\/wp-content\/uploads\/2022\/02\/Tatiana-photo-portrait.jpg\" class=\"attachment-large\" alt=\"\" title=\"Tatiana photo portrait\" srcset=\"https:\/\/cbie.ca\/wp-content\/uploads\/2022\/02\/Tatiana-photo-portrait.jpg 668w, https:\/\/cbie.ca\/wp-content\/uploads\/2022\/02\/Tatiana-photo-portrait-300x300.jpg 300w, https:\/\/cbie.ca\/wp-content\/uploads\/2022\/02\/Tatiana-photo-portrait-150x150.jpg 150w, https:\/\/cbie.ca\/wp-content\/uploads\/2022\/02\/Tatiana-photo-portrait-80x80.jpg 80w, https:\/\/cbie.ca\/wp-content\/uploads\/2022\/02\/Tatiana-photo-portrait-500x500.jpg 500w\" sizes=\"auto, (max-width: 668px) 100vw, 668px\" \/><\/div>[\/vc_column][vc_column width=\u00a0\u00bb3\/4&Prime;][vc_column_text]<\/p>\n<h4>Tatiana Gomez<\/h4>\n<p>[\/vc_column_text][vc_column_text]<strong>Avocate, Sp\u00e9cialiste en immigration<\/strong>[\/vc_column_text][vc_column_text]<strong>Service aux \u00e9tudiants internationaux<\/strong>[\/vc_column_text][vc_column_text]<strong>Universit\u00e9 Concordia<\/strong>[\/vc_column_text]<div class=\"spacer\" style=\"height: 20px;\"><\/div>[vc_column_text]Tatiana Gomez est une avocate sp\u00e9cialis\u00e9e en droit de l&rsquo;immigration et des r\u00e9fugi\u00e9s qui a travaill\u00e9 en pratique priv\u00e9e de 2009 \u00e0 2021. En 2021, elle s&rsquo;est jointe au Bureau des \u00e9tudiants internationaux de l&rsquo;Universit\u00e9 Concordia. Elle a enseign\u00e9 dans le cadre du programme de consultation en immigration du Coll\u00e8ge Vanier de 2011 \u00e0 2015.Elle a \u00e9galement enseign\u00e9 dans le cadre du programme de certificat en immigration de l&rsquo;Universit\u00e9 de la Colombie-Britannique de 2015 \u00e0 2021. Actuellement, elle enseigne dans le Programme d\u2019\u00e9tudes sur l\u2019immigration et les \u00e9tudiants internationaux (PEIEI) du BCEI depuis 2022. Elle a une vaste exp\u00e9rience en tant que professionnelle de l&rsquo;immigration et formatrice dans le domaine du droit de l&rsquo;immigration et des r\u00e9fugi\u00e9s.[\/vc_column_text][\/vc_column][\/vc_row][vc_row class=\u00a0\u00bbfacilitator-row\u00a0\u00bb][vc_column width=\u00a0\u00bb1\/4&Prime;]<div class=\"single_image wpb_content_element align-left  image_box_border  \" data-animation=\"none\" data-delay=\"0\"><img loading=\"lazy\" decoding=\"async\" width=\"1002\" height=\"1024\" src=\"https:\/\/cbie.ca\/wp-content\/uploads\/2022\/02\/Yannick-Richer-photo-6-1002x1024.jpeg\" class=\"attachment-large\" alt=\"\" title=\"Yannick Richer photo\" srcset=\"https:\/\/cbie.ca\/wp-content\/uploads\/2022\/02\/Yannick-Richer-photo-6-1002x1024.jpeg 1002w, https:\/\/cbie.ca\/wp-content\/uploads\/2022\/02\/Yannick-Richer-photo-6-294x300.jpeg 294w, https:\/\/cbie.ca\/wp-content\/uploads\/2022\/02\/Yannick-Richer-photo-6-768x785.jpeg 768w, https:\/\/cbie.ca\/wp-content\/uploads\/2022\/02\/Yannick-Richer-photo-6-1503x1536.jpeg 1503w, https:\/\/cbie.ca\/wp-content\/uploads\/2022\/02\/Yannick-Richer-photo-6.jpeg 1828w\" sizes=\"auto, (max-width: 1002px) 100vw, 1002px\" \/><\/div>[\/vc_column][vc_column width=\u00a0\u00bb3\/4&Prime;][vc_column_text]<\/p>\n<h4>Yannick Richer<\/h4>\n<p>[\/vc_column_text][vc_column_text]<strong>Conseilller \u00e0 l&rsquo;accueil et \u00e0 l&rsquo;immigration<\/strong>[\/vc_column_text][vc_column_text]<strong>Conseiller r\u00e8glement\u00e9 en immigration pour \u00e9tudiants \u00e9trangers (CRI\u00c9\u00c9)<\/strong>[\/vc_column_text][vc_column_text]<strong>Universit\u00e9 du Qu\u00e9bec \u00e0 Montr\u00e9al (UQAM)<\/strong>[\/vc_column_text]<div class=\"spacer\" style=\"height: 20px;\"><\/div>[vc_column_text]Yannick Richer est Conseiller r\u00e8glement\u00e9 en immigration pour \u00e9tudiants \u00e9trangers. Il est chef de l\u2019\u00e9quipe du soutien aux \u00e9tudiants internationaux de l\u2019UQAM. Depuis 2022, il collabore et enseigne pour le programme d\u2019\u00e9tudes sur l\u2019immigration et les \u00e9tudiants internationaux (PEIEI) du BCEI. Cette exp\u00e9rience lui permet de rester \u00e0 l\u2019aff\u00fbt des changements dans le domaine de l\u2019immigration pour les \u00e9tudiants internationaux. Enfin, il cumule pr\u00e8s de 25 ann\u00e9es comme formateur pour l\u2019Association des Camps du Qu\u00e9bec.[\/vc_column_text][\/vc_column][\/vc_row]<\/p>\n<\/div>","protected":false},"excerpt":{"rendered":"<p>[vc_row][vc_column width=\u00a0\u00bb1\/1&Prime;][vc_column_text] Membres : 65 $ | Non-membres : 95 $ [\/vc_column_text][vc_column_text]Les ateliers-causeries du BCEI sont des lieux d&rsquo;\u00e9change afin d&rsquo;approfondir nos connaissances en tant que professionnel de l&rsquo;immigration \u0153uvrant [&hellip;]<\/p>\n","protected":false},"author":2,"featured_media":102025,"template":"","meta":{"_acf_changed":false,"_tribe_events_status":"","_tribe_events_status_reason":"","_tribe_events_is_hybrid":"","_tribe_events_is_virtual":"","_tribe_events_virtual_video_source":"","_tribe_events_virtual_embed_video":"","_tribe_events_virtual_linked_button_text":"","_tribe_events_virtual_linked_button":"","_tribe_events_virtual_show_embed_at":"","_tribe_events_virtual_show_embed_to":[],"_tribe_events_virtual_show_on_event":"","_tribe_events_virtual_show_on_views":"","_tribe_events_virtual_url":"","footnotes":""},"tags":[273,182,271,272],"tribe_events_cat":[147,99],"class_list":["post-101931","tribe_events","type-tribe_events","status-publish","has-post-thumbnail","hentry","tag-cpd-fpc","tag-immigration","tag-rcic-cric","tag-risia-criee","tribe_events_cat-cpd-events","tribe_events_cat-workshop","cat_cpd-events","cat_workshop"],"acf":[],"yoast_head":"<!-- This site is optimized with the Yoast SEO plugin v27.5 - https:\/\/yoast.com\/product\/yoast-seo-wordpress\/ -->\n<title>Les ateliers-causeries : Le droit administratif en mati\u00e8re d\u2019immigration et comment faire une demande d\u2019acc\u00e8s \u00e0 l\u2019information - CBIE<\/title>\n<meta name=\"robots\" content=\"index, follow, max-snippet:-1, max-image-preview:large, max-video-preview:-1\" \/>\n<link rel=\"canonical\" href=\"https:\/\/cbie.ca\/fr\/event\/les-ateliers-causeries-sept2023\/\" \/>\n<meta property=\"og:locale\" content=\"fr_FR\" \/>\n<meta property=\"og:type\" content=\"article\" \/>\n<meta property=\"og:title\" content=\"Les ateliers-causeries : Le droit administratif en mati\u00e8re d\u2019immigration et comment faire une demande d\u2019acc\u00e8s \u00e0 l\u2019information - CBIE\" \/>\n<meta property=\"og:description\" content=\"[vc_row][vc_column width=\u00a0\u00bb1\/1&Prime;][vc_column_text] Membres : 65 $ | Non-membres : 95 $ [\/vc_column_text][vc_column_text]Les ateliers-causeries du BCEI sont des lieux d&rsquo;\u00e9change afin d&rsquo;approfondir nos connaissances en tant que professionnel de l&rsquo;immigration \u0153uvrant [&hellip;]\" \/>\n<meta property=\"og:url\" content=\"https:\/\/cbie.ca\/fr\/event\/les-ateliers-causeries-sept2023\/\" \/>\n<meta property=\"og:site_name\" content=\"CBIE\" \/>\n<meta property=\"article:modified_time\" content=\"2023-09-25T15:59:55+00:00\" \/>\n<meta property=\"og:image\" content=\"https:\/\/cbie.ca\/wp-content\/uploads\/2023\/08\/fpc-droits-administratifs.jpg\" \/>\n\t<meta property=\"og:image:width\" content=\"1600\" \/>\n\t<meta property=\"og:image:height\" content=\"900\" \/>\n\t<meta property=\"og:image:type\" content=\"image\/jpeg\" \/>\n<meta name=\"twitter:card\" content=\"summary_large_image\" \/>\n<meta name=\"twitter:label1\" content=\"Dur\u00e9e de lecture estim\u00e9e\" \/>\n\t<meta name=\"twitter:data1\" content=\"3 minutes\" \/>\n<script type=\"application\/ld+json\" class=\"yoast-schema-graph\">{\"@context\":\"https:\\\/\\\/schema.org\",\"@graph\":[{\"@type\":\"WebPage\",\"@id\":\"https:\\\/\\\/cbie.ca\\\/fr\\\/event\\\/les-ateliers-causeries-sept2023\\\/\",\"url\":\"https:\\\/\\\/cbie.ca\\\/fr\\\/event\\\/les-ateliers-causeries-sept2023\\\/\",\"name\":\"Les ateliers-causeries : Le droit administratif en mati\u00e8re d\u2019immigration et comment faire une demande d\u2019acc\u00e8s \u00e0 l\u2019information - CBIE\",\"isPartOf\":{\"@id\":\"https:\\\/\\\/cbie.ca\\\/#website\"},\"primaryImageOfPage\":{\"@id\":\"https:\\\/\\\/cbie.ca\\\/fr\\\/event\\\/les-ateliers-causeries-sept2023\\\/#primaryimage\"},\"image\":{\"@id\":\"https:\\\/\\\/cbie.ca\\\/fr\\\/event\\\/les-ateliers-causeries-sept2023\\\/#primaryimage\"},\"thumbnailUrl\":\"https:\\\/\\\/cbie.ca\\\/wp-content\\\/uploads\\\/2023\\\/08\\\/fpc-droits-administratifs.jpg\",\"datePublished\":\"2023-08-14T18:55:53+00:00\",\"dateModified\":\"2023-09-25T15:59:55+00:00\",\"breadcrumb\":{\"@id\":\"https:\\\/\\\/cbie.ca\\\/fr\\\/event\\\/les-ateliers-causeries-sept2023\\\/#breadcrumb\"},\"inLanguage\":\"fr-FR\",\"potentialAction\":[{\"@type\":\"ReadAction\",\"target\":[\"https:\\\/\\\/cbie.ca\\\/fr\\\/event\\\/les-ateliers-causeries-sept2023\\\/\"]}]},{\"@type\":\"ImageObject\",\"inLanguage\":\"fr-FR\",\"@id\":\"https:\\\/\\\/cbie.ca\\\/fr\\\/event\\\/les-ateliers-causeries-sept2023\\\/#primaryimage\",\"url\":\"https:\\\/\\\/cbie.ca\\\/wp-content\\\/uploads\\\/2023\\\/08\\\/fpc-droits-administratifs.jpg\",\"contentUrl\":\"https:\\\/\\\/cbie.ca\\\/wp-content\\\/uploads\\\/2023\\\/08\\\/fpc-droits-administratifs.jpg\",\"width\":1600,\"height\":900},{\"@type\":\"BreadcrumbList\",\"@id\":\"https:\\\/\\\/cbie.ca\\\/fr\\\/event\\\/les-ateliers-causeries-sept2023\\\/#breadcrumb\",\"itemListElement\":[{\"@type\":\"ListItem\",\"position\":1,\"name\":\"Home\",\"item\":\"https:\\\/\\\/cbie.ca\\\/fr\\\/\"},{\"@type\":\"ListItem\",\"position\":2,\"name\":\"Events\",\"item\":\"https:\\\/\\\/cbie.ca\\\/events\\\/\"},{\"@type\":\"ListItem\",\"position\":3,\"name\":\"Les ateliers-causeries : Le droit administratif en mati\u00e8re d\u2019immigration et comment faire une demande d\u2019acc\u00e8s \u00e0 l\u2019information\"}]},{\"@type\":\"WebSite\",\"@id\":\"https:\\\/\\\/cbie.ca\\\/#website\",\"url\":\"https:\\\/\\\/cbie.ca\\\/\",\"name\":\"Canadian Bureau for International Education\",\"description\":\"\",\"potentialAction\":[{\"@type\":\"SearchAction\",\"target\":{\"@type\":\"EntryPoint\",\"urlTemplate\":\"https:\\\/\\\/cbie.ca\\\/?s={search_term_string}\"},\"query-input\":{\"@type\":\"PropertyValueSpecification\",\"valueRequired\":true,\"valueName\":\"search_term_string\"}}],\"inLanguage\":\"fr-FR\"}]}<\/script>\n<!-- \/ Yoast SEO plugin. -->","yoast_head_json":{"title":"Les ateliers-causeries : Le droit administratif en mati\u00e8re d\u2019immigration et comment faire une demande d\u2019acc\u00e8s \u00e0 l\u2019information - CBIE","robots":{"index":"index","follow":"follow","max-snippet":"max-snippet:-1","max-image-preview":"max-image-preview:large","max-video-preview":"max-video-preview:-1"},"canonical":"https:\/\/cbie.ca\/fr\/event\/les-ateliers-causeries-sept2023\/","og_locale":"fr_FR","og_type":"article","og_title":"Les ateliers-causeries : Le droit administratif en mati\u00e8re d\u2019immigration et comment faire une demande d\u2019acc\u00e8s \u00e0 l\u2019information - CBIE","og_description":"[vc_row][vc_column width=\u00a0\u00bb1\/1&Prime;][vc_column_text] Membres : 65 $ | Non-membres : 95 $ [\/vc_column_text][vc_column_text]Les ateliers-causeries du BCEI sont des lieux d&rsquo;\u00e9change afin d&rsquo;approfondir nos connaissances en tant que professionnel de l&rsquo;immigration \u0153uvrant [&hellip;]","og_url":"https:\/\/cbie.ca\/fr\/event\/les-ateliers-causeries-sept2023\/","og_site_name":"CBIE","article_modified_time":"2023-09-25T15:59:55+00:00","og_image":[{"width":1600,"height":900,"url":"https:\/\/cbie.ca\/wp-content\/uploads\/2023\/08\/fpc-droits-administratifs.jpg","type":"image\/jpeg"}],"twitter_card":"summary_large_image","twitter_misc":{"Dur\u00e9e de lecture estim\u00e9e":"3 minutes"},"schema":{"@context":"https:\/\/schema.org","@graph":[{"@type":"WebPage","@id":"https:\/\/cbie.ca\/fr\/event\/les-ateliers-causeries-sept2023\/","url":"https:\/\/cbie.ca\/fr\/event\/les-ateliers-causeries-sept2023\/","name":"Les ateliers-causeries : Le droit administratif en mati\u00e8re d\u2019immigration et comment faire une demande d\u2019acc\u00e8s \u00e0 l\u2019information - CBIE","isPartOf":{"@id":"https:\/\/cbie.ca\/#website"},"primaryImageOfPage":{"@id":"https:\/\/cbie.ca\/fr\/event\/les-ateliers-causeries-sept2023\/#primaryimage"},"image":{"@id":"https:\/\/cbie.ca\/fr\/event\/les-ateliers-causeries-sept2023\/#primaryimage"},"thumbnailUrl":"https:\/\/cbie.ca\/wp-content\/uploads\/2023\/08\/fpc-droits-administratifs.jpg","datePublished":"2023-08-14T18:55:53+00:00","dateModified":"2023-09-25T15:59:55+00:00","breadcrumb":{"@id":"https:\/\/cbie.ca\/fr\/event\/les-ateliers-causeries-sept2023\/#breadcrumb"},"inLanguage":"fr-FR","potentialAction":[{"@type":"ReadAction","target":["https:\/\/cbie.ca\/fr\/event\/les-ateliers-causeries-sept2023\/"]}]},{"@type":"ImageObject","inLanguage":"fr-FR","@id":"https:\/\/cbie.ca\/fr\/event\/les-ateliers-causeries-sept2023\/#primaryimage","url":"https:\/\/cbie.ca\/wp-content\/uploads\/2023\/08\/fpc-droits-administratifs.jpg","contentUrl":"https:\/\/cbie.ca\/wp-content\/uploads\/2023\/08\/fpc-droits-administratifs.jpg","width":1600,"height":900},{"@type":"BreadcrumbList","@id":"https:\/\/cbie.ca\/fr\/event\/les-ateliers-causeries-sept2023\/#breadcrumb","itemListElement":[{"@type":"ListItem","position":1,"name":"Home","item":"https:\/\/cbie.ca\/fr\/"},{"@type":"ListItem","position":2,"name":"Events","item":"https:\/\/cbie.ca\/events\/"},{"@type":"ListItem","position":3,"name":"Les ateliers-causeries : Le droit administratif en mati\u00e8re d\u2019immigration et comment faire une demande d\u2019acc\u00e8s \u00e0 l\u2019information"}]},{"@type":"WebSite","@id":"https:\/\/cbie.ca\/#website","url":"https:\/\/cbie.ca\/","name":"Canadian Bureau for International Education","description":"","potentialAction":[{"@type":"SearchAction","target":{"@type":"EntryPoint","urlTemplate":"https:\/\/cbie.ca\/?s={search_term_string}"},"query-input":{"@type":"PropertyValueSpecification","valueRequired":true,"valueName":"search_term_string"}}],"inLanguage":"fr-FR"}]}},"_links":{"self":[{"href":"https:\/\/cbie.ca\/fr\/wp-json\/wp\/v2\/tribe_events\/101931","targetHints":{"allow":["GET"]}}],"collection":[{"href":"https:\/\/cbie.ca\/fr\/wp-json\/wp\/v2\/tribe_events"}],"about":[{"href":"https:\/\/cbie.ca\/fr\/wp-json\/wp\/v2\/types\/tribe_events"}],"author":[{"embeddable":true,"href":"https:\/\/cbie.ca\/fr\/wp-json\/wp\/v2\/users\/2"}],"version-history":[{"count":0,"href":"https:\/\/cbie.ca\/fr\/wp-json\/wp\/v2\/tribe_events\/101931\/revisions"}],"wp:featuredmedia":[{"embeddable":true,"href":"https:\/\/cbie.ca\/fr\/wp-json\/wp\/v2\/media\/102025"}],"wp:attachment":[{"href":"https:\/\/cbie.ca\/fr\/wp-json\/wp\/v2\/media?parent=101931"}],"wp:term":[{"taxonomy":"post_tag","embeddable":true,"href":"https:\/\/cbie.ca\/fr\/wp-json\/wp\/v2\/tags?post=101931"},{"taxonomy":"tribe_events_cat","embeddable":true,"href":"https:\/\/cbie.ca\/fr\/wp-json\/wp\/v2\/tribe_events_cat?post=101931"}],"curies":[{"name":"wp","href":"https:\/\/api.w.org\/{rel}","templated":true}]}}