{"id":27346,"date":"2017-05-19T14:46:11","date_gmt":"2017-05-19T18:46:11","guid":{"rendered":"https:\/\/cbieca.wpenginepowered.com\/?page_id=27346"},"modified":"2017-05-25T14:14:44","modified_gmt":"2017-05-25T18:14:44","slug":"programmes-detude-2","status":"publish","type":"page","link":"https:\/\/cbie.ca\/fr\/notre-travail\/programmes-actuels\/programmes-detude-2\/","title":{"rendered":"Programmes d\u2019\u00e9tude"},"content":{"rendered":"<div class=\"wpb-content-wrapper\"><p>[vc_row type=\u00a0\u00bbfull_width_section\u00a0\u00bb bg_color=\u00a0\u00bb#00263e\u00a0\u00bb text_color=\u00a0\u00bbcustom\u00a0\u00bb custom_text_color=\u00a0\u00bb#ffffff\u00a0\u00bb text_align=\u00a0\u00bbcenter\u00a0\u00bb][vc_column bg_color=\u00a0\u00bb#00263e\u00a0\u00bb text_color=\u00a0\u00bbcustom\u00a0\u00bb custom_text_color=\u00a0\u00bb#ffffff\u00a0\u00bb text_align=\u00a0\u00bbcenter\u00a0\u00bb width=\u00a0\u00bb1\/1&Prime;]<div class=\"spacer\" style=\"height: 10px;\"><\/div><a href=\"https:\/\/cbie.ca\/notre-travail\/programmes-actuels\/african-leaders-of-tomorrow\/?lang=fr\" target=\"_self\" class=\"button color-8 medium \" style=\"border-radius: ;\"> Programme de bourses pour les leaders africains de demain<\/a><a href=\"https:\/\/cbie.ca\/notre-travail\/programmes-actuels\/african-leaders-of-tomorrow\/programmes-detude\/?lang=fr\" target=\"_self\" class=\"button color-7 medium \" style=\"border-radius: ;\"> Programmes d\u2019\u00e9tude<\/a><a href=\"https:\/\/cbie.ca\/notre-travail\/programmes-actuels\/african-leaders-of-tomorrow\/etes-vous-admissible-au-programme-de-bourses-pour-les-leaders-africains-de-demain\/?lang=fr\" target=\"_self\" class=\"button color-8 medium \" style=\"border-radius: ;\"> Admissibilit\u00e9 et crit\u00e8res de s\u00e9lection<\/a><a href=\"https:\/\/cbie.ca\/notre-travail\/programmes-actuels\/african-leaders-of-tomorrow\/apply\/?lang=fr\" target=\"_self\" class=\"button color-8 medium \" style=\"border-radius: ;\">Comment postuler<\/a><div class=\"spacer\" style=\"height: 10px;\"><\/div>[\/vc_column][\/vc_row][vc_row type=\u00a0\u00bbfull_width_section\u00a0\u00bb bg_color=\u00a0\u00bb#01426a\u00a0\u00bb][vc_column bg_color=\u00a0\u00bb#01426a\u00a0\u00bb column_padding=\u00a0\u00bbpadding-3&Prime; text_color=\u00a0\u00bblight\u00a0\u00bb width=\u00a0\u00bb1\/3&Prime;][vc_column_text]Le programme de bourses pour les leaders africains de demain finance les \u00e9tudes en <strong>ma\u00eetrise d\u2019administration publique, politique publique ou finances publiques <\/strong>pour une p\u00e9riode maximale de deux ans (24 mois). Il n\u2019existe aucun autre programme admissible.<\/p>\n<p>Pendant le processus de candidature, vous choisirez trois universit\u00e9s et programmes. Vous devez consulter les conditions d\u2019admission et la description du programme pour v\u00e9rifier qu\u2019il correspond \u00e0 vos int\u00e9r\u00eats et qualifications. Pour l\u2019instant, vous n\u2019avez pas besoin de faire une demande s\u00e9par\u00e9e \u00e0 l\u2019universit\u00e9.[\/vc_column_text]<div class=\"spacer\" style=\"height: 30px;\"><\/div><div class=\"single_image wpb_content_element align-center  image_box_border  \" data-animation=\"none\" data-delay=\"0\"><img loading=\"lazy\" decoding=\"async\" width=\"675\" height=\"450\" src=\"https:\/\/cbie.ca\/wp-content\/uploads\/2017\/05\/McMaster2016.jpg\" class=\"attachment-full\" alt=\"\" title=\"McMaster2016\" srcset=\"https:\/\/cbie.ca\/wp-content\/uploads\/2017\/05\/McMaster2016.jpg 675w, https:\/\/cbie.ca\/wp-content\/uploads\/2017\/05\/McMaster2016-300x200.jpg 300w, https:\/\/cbie.ca\/wp-content\/uploads\/2017\/05\/McMaster2016-600x400.jpg 600w\" sizes=\"auto, (max-width: 675px) 100vw, 675px\" \/><\/div><div class=\"spacer\" style=\"height: 30px;\"><\/div><div class=\"single_image wpb_content_element align-center  image_box_border  \" data-animation=\"none\" data-delay=\"0\"><img loading=\"lazy\" decoding=\"async\" width=\"675\" height=\"450\" src=\"https:\/\/cbie.ca\/wp-content\/uploads\/2017\/05\/UBC-August-2016.jpg\" class=\"attachment-full\" alt=\"\" title=\"UBC---August-2016\" srcset=\"https:\/\/cbie.ca\/wp-content\/uploads\/2017\/05\/UBC-August-2016.jpg 675w, https:\/\/cbie.ca\/wp-content\/uploads\/2017\/05\/UBC-August-2016-300x200.jpg 300w, https:\/\/cbie.ca\/wp-content\/uploads\/2017\/05\/UBC-August-2016-600x400.jpg 600w\" sizes=\"auto, (max-width: 675px) 100vw, 675px\" \/><\/div><div class=\"spacer\" style=\"height: 30px;\"><\/div><div class=\"single_image wpb_content_element align-center  image_box_border  \" data-animation=\"none\" data-delay=\"0\"><img loading=\"lazy\" decoding=\"async\" width=\"675\" height=\"450\" src=\"https:\/\/cbie.ca\/wp-content\/uploads\/2017\/05\/Dalhousie-2016-Irina-Wandera-438.jpg\" class=\"attachment-full\" alt=\"\" title=\"Dalhousie---2016--Irina-Wandera---438\" srcset=\"https:\/\/cbie.ca\/wp-content\/uploads\/2017\/05\/Dalhousie-2016-Irina-Wandera-438.jpg 675w, https:\/\/cbie.ca\/wp-content\/uploads\/2017\/05\/Dalhousie-2016-Irina-Wandera-438-300x200.jpg 300w, https:\/\/cbie.ca\/wp-content\/uploads\/2017\/05\/Dalhousie-2016-Irina-Wandera-438-600x400.jpg 600w\" sizes=\"auto, (max-width: 675px) 100vw, 675px\" \/><\/div>[\/vc_column][vc_column bg_color=\u00a0\u00bb#ffffff\u00a0\u00bb column_padding=\u00a0\u00bbpadding-3&Prime; width=\u00a0\u00bb2\/3&Prime;][vc_column_text]<\/p>\n<h3>Liste des programmes admissibles<\/h3>\n<p>[\/vc_column_text]<div class=\"spacer\" style=\"height: 20px;\"><\/div>[vc_tabs][vc_tab title=\u00a0\u00bbPROGRAMMES EN ANGLAIS\u00a0\u00bb tab_id=\u00a0\u00bb5b486af2-1940-4&Prime;][vc_column_text]<\/p>\n<div class=\"custom-table-2\">\n<table style=\"width: 100%;\">\n<tbody>\n<tr>\n<td style=\"background-color: #0099b2; color: #ffffff;\"><strong>Universit\u00e9<\/strong><\/td>\n<td style=\"background-color: #0099b2; color: #ffffff;\"><strong>Programme<\/strong><\/td>\n<td style=\"background-color: #0099b2; color: #ffffff;\"><strong>Dur\u00e9e<\/strong><\/td>\n<\/tr>\n<tr>\n<td>Brock University<\/td>\n<td><a href=\"http:\/\/brocku.ca\/nextstep\/programs\/ma-in-political-science\/\" target=\"_blank\" rel=\"noopener noreferrer\">MA in political science, Specialization in Public Policy<\/a><\/td>\n<td>1 an<\/td>\n<\/tr>\n<tr>\n<td>Carleton University<\/td>\n<td><a href=\"http:\/\/graduate.carleton.ca\/programs\/public-administration-masters\/\" target=\"_blank\" rel=\"noopener noreferrer\">MA in Public Administration<\/a><\/td>\n<td>2 ans<\/td>\n<\/tr>\n<tr>\n<td>Concordia University<\/td>\n<td><a href=\"http:\/\/www.concordia.ca\/academics\/graduate\/public-policy-administration.html\" target=\"_blank\" rel=\"noopener noreferrer\">MA in Public Policy and Public Administration<\/a><\/td>\n<td>2 ans<\/td>\n<\/tr>\n<tr>\n<td>Dalhousie University<\/td>\n<td><a href=\"http:\/\/www.dal.ca\/academics\/programs\/graduate\/mpa.html\" target=\"_blank\" rel=\"noopener noreferrer\">Master of Public Administration<\/a><\/td>\n<td>2 ans<\/td>\n<\/tr>\n<tr>\n<td>Memorial University<\/td>\n<td><a href=\"http:\/\/www.mun.ca\/become\/graduate\/programs\/environmentalpolicy.php\" target=\"_blank\" rel=\"noopener noreferrer\">MA in Environmental Policy<\/a><\/td>\n<td>1 ans<\/td>\n<\/tr>\n<tr>\n<td>McMaster University<\/td>\n<td><a href=\"http:\/\/www.economics.mcmaster.ca\/graduate-program\/prospective-students\/m-a-economic-policy\" target=\"_blank\" rel=\"noopener noreferrer\">M.A. in Economic Policy<br \/>\n<\/a><a href=\"http:\/\/msep.eng.mcmaster.ca\/epp\/\" target=\"_blank\" rel=\"noopener noreferrer\">M.Eng. in Engineering and Public Policy<\/a><\/td>\n<td>1 an<br \/>\n1-2 ans<\/td>\n<\/tr>\n<tr>\n<td>McMaster University and University of Guelph (joint program)<\/td>\n<td><a href=\"https:\/\/politicalscience.mcmaster.ca\/grad\/ma-in-pp\" target=\"_blank\" rel=\"noopener noreferrer\">Collaborative program in public policy and administration<\/a><\/td>\n<td>1 an<\/td>\n<\/tr>\n<tr>\n<td>Queen\u2019s University<\/td>\n<td><a href=\"http:\/\/www.queensu.ca\/sps\/mpa\" target=\"_blank\" rel=\"noopener noreferrer\">Master of Public Administration (MPA)<\/a><\/td>\n<td>1 an<\/td>\n<\/tr>\n<tr>\n<td>Ryerson University<\/td>\n<td><a href=\"http:\/\/www.ryerson.ca\/politics\/mppa\/\" target=\"_blank\" rel=\"noopener noreferrer\">MA in Public Policy and Administration<\/a><\/td>\n<td>1 an<\/td>\n<\/tr>\n<tr>\n<td>Simon Fraser University<\/td>\n<td><a href=\"http:\/\/www.sfu.ca\/mpp\/student_information.html\" target=\"_blank\" rel=\"noopener noreferrer\">Master of Public Policy<\/a><\/td>\n<td>2 ans<\/td>\n<\/tr>\n<tr>\n<td>University of British Columbia<\/td>\n<td><a href=\"https:\/\/www.grad.ubc.ca\/prospective-students\/graduate-degree-programs\/master-of-public-policy-global-affairs\" target=\"_blank\" rel=\"noopener noreferrer\">Master of Public Policy and Global Affairs<\/a><\/td>\n<td>2 ans<\/td>\n<\/tr>\n<tr>\n<td>University of Calgary<\/td>\n<td><a href=\"http:\/\/www.policyschool.ucalgary.ca\/?q=students\/master-public-policy-mpp\" target=\"_blank\" rel=\"noopener noreferrer\">Master of Public Policy<\/a><\/td>\n<td>1 an<\/td>\n<\/tr>\n<tr>\n<td>University of Manitoba and University of Winnipeg \u2013 Joint program<\/td>\n<td><a href=\"http:\/\/umanitoba.ca\/faculties\/arts\/departments\/political_studies\/master_pa\/index.html\" target=\"_blank\" rel=\"noopener noreferrer\">Master of Public Administration<\/a><\/td>\n<td>1-2 ans<\/td>\n<\/tr>\n<tr>\n<td>University of Ottawa<\/td>\n<td><a href=\"http:\/\/catalogue.uottawa.ca\/en\/graduate\/master-arts-public-administration\/\">Master of Arts in Public Administration<\/a><\/td>\n<td>\u00a02 ans<\/td>\n<\/tr>\n<tr>\n<td>University of Regina and University of Saskatchewan<\/td>\n<td><a href=\"http:\/\/www.schoolofpublicpolicy.sk.ca\/Academic_Programs\/MPA.php\" target=\"_blank\" rel=\"noopener noreferrer\">Master of Public Administration<br \/>\n<\/a><\/td>\n<td>16 mois<\/td>\n<\/tr>\n<tr>\n<td>University of Toronto<\/td>\n<td><a href=\"http:\/\/publicpolicy.utoronto.ca\/programs\/master-of-public-policy-program\/\" target=\"_blank\" rel=\"noopener noreferrer\">Master in Public Policy<\/a><\/td>\n<td>2 ans<\/td>\n<\/tr>\n<tr>\n<td>University of Victoria<\/td>\n<td><a href=\"http:\/\/www.uvic.ca\/graduatestudies\/programs\/home\/programdescriptions\/programs\/public-admin-mpa-llb.php\" target=\"_blank\" rel=\"noopener noreferrer\">Master of Public Administration<\/a><\/td>\n<td>2 ans<\/td>\n<\/tr>\n<tr>\n<td>University of Waterloo<\/td>\n<td><a href=\"https:\/\/uwaterloo.ca\/master-of-public-service\/\" target=\"_blank\" rel=\"noopener noreferrer\">Master of Public Service (MPS)<\/a><\/td>\n<td>2 ans<\/td>\n<\/tr>\n<tr>\n<td>Western University<\/td>\n<td><a href=\"http:\/\/grad.uwo.ca\/prospective_students\/programs\/program_NEW.cfm?p=131\" target=\"_blank\" rel=\"noopener noreferrer\">Master of Public Administration<\/a><\/td>\n<td>1 an<\/td>\n<\/tr>\n<tr>\n<td>Wilfrid Laurier University<\/td>\n<td><a href=\"http:\/\/legacy.wlu.ca\/homepage.php?grp_id=1904\" target=\"_blank\" rel=\"noopener noreferrer\">Master of International Public Policy<\/a><\/td>\n<td>1 an<\/td>\n<\/tr>\n<tr>\n<td>York University<\/td>\n<td><a href=\"http:\/\/www.glendon.yorku.ca\/gspia\/\" target=\"_blank\" rel=\"noopener noreferrer\">Ma\u00eetrise bilingue (fr\/eng) en affaires publiques et internationales (MAPI) \/ Master of Public and International Affairs<\/a><\/td>\n<td>2 ans<\/td>\n<\/tr>\n<\/tbody>\n<\/table>\n<\/div>\n<p>[\/vc_column_text][\/vc_tab][vc_tab title=\u00a0\u00bbPROGRAMMES EN FRAN\u00c7AIS OU BILINGUE\u00a0\u00bb tab_id=\u00a0\u00bbcac8c1d4-ca9a-5&Prime;][vc_column_text]<\/p>\n<div class=\"custom-table-2\">\n<table style=\"width: 100%;\">\n<tbody>\n<tr>\n<td style=\"background-color: #0099b2; color: #ffffff;\"><strong>Universit\u00e9<\/strong><\/td>\n<td style=\"background-color: #0099b2; color: #ffffff;\"><strong>Programme<\/strong><\/td>\n<td style=\"background-color: #0099b2; color: #ffffff;\"><strong>Dur\u00e9e<\/strong><\/td>\n<\/tr>\n<tr>\n<td>\u00c9cole nationale d\u2019administration publique<\/td>\n<td><a href=\"http:\/\/www.enap.ca\/enap\/12324\/Accueil_2e_et_3e_cycles.enap\" target=\"_blank\" rel=\"noopener noreferrer\">Ma\u00eetrise\/DESS en administration publique pour analystes<\/a><\/p>\n<p><a href=\"http:\/\/www.enap.ca\/enap\/12324\/Accueil_2e_et_3e_cycles.enap\" target=\"_blank\" rel=\"noopener noreferrer\">Ma\u00eetrise\/DESS en administration publique pour gestionnaires<\/a><\/td>\n<td>1-2 ans<br \/>\n1-2 ans<\/td>\n<\/tr>\n<tr>\n<td>Universit\u00e9 de Montr\u00e9al<\/td>\n<td><a href=\"https:\/\/admission.umontreal.ca\/programmes\/maitrise-en-sciences-economiques\/\" target=\"_blank\" rel=\"noopener noreferrer\">Ma\u00eetrise en sciences \u00e9conomiques option m\u00e9moire en finance publique<\/a><\/p>\n<p><a href=\"http:\/\/pol.umontreal.ca\/programmes-cours\/cycles-superieurs\/maitrise-science-politique\/\" target=\"_blank\" rel=\"noopener noreferrer\">Ma\u00eetrise en science politique option affaires publiques et internationales<\/a><\/p>\n<p><a href=\"https:\/\/admission.umontreal.ca\/programmes\/maitrise-en-administration-des-services-de-sante\/\" target=\"_blank\" rel=\"noopener noreferrer\">Ma\u00eetrise en administration des services de sant\u00e9<\/a><\/p>\n<p><a href=\"https:\/\/admission.umontreal.ca\/programmes\/maitrise-individualisee\/\" target=\"_blank\" rel=\"noopener noreferrer\">Ma\u00eetrise individualis\u00e9e en administration sociale<\/a><\/p>\n<p><a href=\"https:\/\/admission.umontreal.ca\/programmes\/maitrise-en-administration-de-leducation\/\" target=\"_blank\" rel=\"noopener noreferrer\">Ma\u00eetrise en administration de l\u2019\u00e9ducation<\/a><\/p>\n<p><a href=\"https:\/\/admission.umontreal.ca\/programmes\/dess-en-administration-des-services-de-sante\/\" target=\"_blank\" rel=\"noopener noreferrer\">DESS en administration des services de sant\u00e9<\/a><\/p>\n<p><a href=\"https:\/\/admission.umontreal.ca\/programmes\/dess-en-societe-politiques-publiques-et-sante\/\" target=\"_blank\" rel=\"noopener noreferrer\">DESS en soci\u00e9t\u00e9, politiques publiques et sant\u00e9<\/a><\/p>\n<p><a href=\"https:\/\/admission.umontreal.ca\/programmes\/dess-en-administration-sociale\/\" target=\"_blank\" rel=\"noopener noreferrer\">DESS en administration sociale<\/a><\/p>\n<p><a href=\"https:\/\/admission.umontreal.ca\/programmes\/dess-en-administration-de-leducation\/\" target=\"_blank\" rel=\"noopener noreferrer\">DESS en administration de l\u2019\u00e9ducation<\/a><\/p>\n<p><a href=\"https:\/\/admission.umontreal.ca\/programmes\/dess-en-administration-des-systemes-deducation-et-de-formation\/\" target=\"_blank\" rel=\"noopener noreferrer\">DESS en administration des syst\u00e8mes d\u2019\u00e9ducation et de formation<\/a><\/td>\n<td>2 ans<\/p>\n<p>2 ans<\/p>\n<p>2 ans<\/p>\n<p>2 ans<\/p>\n<p>2 ans<\/p>\n<p>1 an<\/p>\n<p>1 an<\/p>\n<p>1 an<\/p>\n<p>1 an<\/p>\n<p>1 an<\/td>\n<\/tr>\n<tr>\n<td>Universit\u00e9 de Moncton<\/td>\n<td><a href=\"http:\/\/www.umoncton.ca\/umcm-fass-administrationpublique\/\" target=\"_blank\" rel=\"noopener noreferrer\">Ma\u00eetrise en administration publique<\/a><\/td>\n<td>2 ans<\/td>\n<\/tr>\n<tr>\n<td>Universit\u00e9 d\u2019Ottawa<\/td>\n<td><a href=\"http:\/\/sciencessociales.uottawa.ca\/pol\/etudes-superieures#quickset-pol_qtabs_grad_fr=2\" target=\"_blank\" rel=\"noopener noreferrer\">M.A. en administration publique<\/a> (also program in English)<\/td>\n<td>2 ans<\/td>\n<\/tr>\n<tr>\n<td>Universit\u00e9 du Qu\u00e9bec \u00e0 Montr\u00e9al<\/td>\n<td><a href=\"http:\/\/www.etudier.uqam.ca\/programme?code=3397\" target=\"_blank\" rel=\"noopener noreferrer\">Ma\u00eetrise en science politique (M.A.) , concentration en administration et politique publique<\/a><\/td>\n<td>2 ans<\/td>\n<\/tr>\n<tr>\n<td>Universit\u00e9 Laval<\/td>\n<td><a href=\"http:\/\/www2.ulaval.ca\/les-etudes\/programmes\/repertoire\/details\/maitrise-en-affaires-publiques-analyse-et-evaluation-ma.html#presentation-generale\" target=\"_blank\" rel=\"noopener noreferrer\">Ma\u00eetrise en affaires publiques \u2013 analyse et \u00e9valuation (M.A.)<\/a><\/p>\n<p><a href=\"http:\/\/www2.ulaval.ca\/les-etudes\/programmes\/repertoire\/details\/maitrise-en-affaires-publiques-avec-memoire-ma.html\" target=\"_blank\" rel=\"noopener noreferrer\">Ma\u00eetrise en affaires publiques \u2013 avec m\u00e9moire (M.A.)<\/a><\/p>\n<p><a href=\"http:\/\/www2.ulaval.ca\/les-etudes\/programmes\/repertoire\/details\/maitrise-en-affaires-publiques-finances-publiques-ma.html\" target=\"_blank\" rel=\"noopener noreferrer\">Ma\u00eetrise en affaires publiques \u2013 finances publiques (M.A.)<\/a><\/p>\n<p><a href=\"http:\/\/www2.ulaval.ca\/les-etudes\/programmes\/repertoire\/details\/maitrise-en-affaires-publiques-gestion-publique-ma.html\" target=\"_blank\" rel=\"noopener noreferrer\">Ma\u00eetrise en affaires publiques \u2013 gestion publique (M.A.)<\/a><\/td>\n<td>2 ans<\/p>\n<p>2 ans<\/p>\n<p>2 ans<\/p>\n<p>2 ans<\/td>\n<\/tr>\n<tr>\n<td>York University<\/td>\n<td><a href=\"http:\/\/www.glendon.yorku.ca\/gspia\/\" target=\"_blank\" rel=\"noopener noreferrer\">Ma\u00eetrise bilingue (fr\/eng) en affaires publiques et internationales (MAPI) \/ Master of Public and International Affairs<\/a><\/td>\n<td>2 ans<\/td>\n<\/tr>\n<\/tbody>\n<\/table>\n<\/div>\n<p>[\/vc_column_text][\/vc_tab][\/vc_tabs][\/vc_column][\/vc_row][vc_row type=\u00a0\u00bbfull_width_section\u00a0\u00bb bg_color=\u00a0\u00bb#00263e\u00a0\u00bb text_color=\u00a0\u00bblight\u00a0\u00bb][vc_column column_padding=\u00a0\u00bbpadding-3&Prime; text_color=\u00a0\u00bblight\u00a0\u00bb width=\u00a0\u00bb1\/1&Prime;][vc_column_text]<strong>Contact : 220, avenue Laurier Ouest, bureau 1550, Ottawa, Ontario\u00a0 K1P 5Z9 | +1+613-237-4820 | <a href=\"mailto:alt@cbie.ca\" target=\"_blank\" rel=\"noopener noreferrer\">alt@cbie.ca<\/a><\/strong>[\/vc_column_text][\/vc_column][\/vc_row]<\/p>\n<\/div>","protected":false},"excerpt":{"rendered":"<p>[vc_row type=\u00a0\u00bbfull_width_section\u00a0\u00bb bg_color=\u00a0\u00bb#00263e\u00a0\u00bb text_color=\u00a0\u00bbcustom\u00a0\u00bb custom_text_color=\u00a0\u00bb#ffffff\u00a0\u00bb text_align=\u00a0\u00bbcenter\u00a0\u00bb][vc_column bg_color=\u00a0\u00bb#00263e\u00a0\u00bb text_color=\u00a0\u00bbcustom\u00a0\u00bb custom_text_color=\u00a0\u00bb#ffffff\u00a0\u00bb text_align=\u00a0\u00bbcenter\u00a0\u00bb width=\u00a0\u00bb1\/1&Prime;][\/vc_column][\/vc_row][vc_row type=\u00a0\u00bbfull_width_section\u00a0\u00bb bg_color=\u00a0\u00bb#01426a\u00a0\u00bb][vc_column bg_color=\u00a0\u00bb#01426a\u00a0\u00bb column_padding=\u00a0\u00bbpadding-3&Prime; text_color=\u00a0\u00bblight\u00a0\u00bb width=\u00a0\u00bb1\/3&Prime;][vc_column_text]Le programme de bourses pour les leaders africains de demain finance les \u00e9tudes en [&hellip;]<\/p>\n","protected":false},"author":2,"featured_media":0,"parent":17122,"menu_order":0,"comment_status":"closed","ping_status":"closed","template":"","meta":{"_acf_changed":false,"footnotes":""},"class_list":["post-27346","page","type-page","status-publish","hentry"],"acf":[],"yoast_head":"<!-- This site is optimized with the Yoast SEO plugin v27.5 - https:\/\/yoast.com\/product\/yoast-seo-wordpress\/ -->\n<title>Programmes d\u2019\u00e9tude - CBIE<\/title>\n<meta name=\"robots\" content=\"index, follow, max-snippet:-1, max-image-preview:large, max-video-preview:-1\" \/>\n<link rel=\"canonical\" href=\"https:\/\/cbie.ca\/fr\/notre-travail\/programmes-actuels\/programmes-detude-2\/\" \/>\n<meta property=\"og:locale\" content=\"fr_FR\" \/>\n<meta property=\"og:type\" content=\"article\" \/>\n<meta property=\"og:title\" content=\"Programmes d\u2019\u00e9tude - CBIE\" \/>\n<meta property=\"og:description\" content=\"[vc_row type=\u00a0\u00bbfull_width_section\u00a0\u00bb bg_color=\u00a0\u00bb#00263e\u00a0\u00bb text_color=\u00a0\u00bbcustom\u00a0\u00bb custom_text_color=\u00a0\u00bb#ffffff\u00a0\u00bb text_align=\u00a0\u00bbcenter\u00a0\u00bb][vc_column bg_color=\u00a0\u00bb#00263e\u00a0\u00bb text_color=\u00a0\u00bbcustom\u00a0\u00bb custom_text_color=\u00a0\u00bb#ffffff\u00a0\u00bb text_align=\u00a0\u00bbcenter\u00a0\u00bb width=\u00a0\u00bb1\/1&Prime;][\/vc_column][\/vc_row][vc_row type=\u00a0\u00bbfull_width_section\u00a0\u00bb bg_color=\u00a0\u00bb#01426a\u00a0\u00bb][vc_column bg_color=\u00a0\u00bb#01426a\u00a0\u00bb column_padding=\u00a0\u00bbpadding-3&Prime; text_color=\u00a0\u00bblight\u00a0\u00bb width=\u00a0\u00bb1\/3&Prime;][vc_column_text]Le programme de bourses pour les leaders africains de demain finance les \u00e9tudes en [&hellip;]\" \/>\n<meta property=\"og:url\" content=\"https:\/\/cbie.ca\/fr\/notre-travail\/programmes-actuels\/programmes-detude-2\/\" \/>\n<meta property=\"og:site_name\" content=\"CBIE\" \/>\n<meta property=\"article:modified_time\" content=\"2017-05-25T18:14:44+00:00\" \/>\n<meta property=\"og:image\" content=\"https:\/\/cbie.ca\/wp-content\/uploads\/2024\/01\/CBIE-Announcement-EN.png\" \/>\n\t<meta property=\"og:image:width\" content=\"1600\" \/>\n\t<meta property=\"og:image:height\" content=\"900\" \/>\n\t<meta property=\"og:image:type\" content=\"image\/png\" \/>\n<meta name=\"twitter:card\" content=\"summary_large_image\" \/>\n<meta name=\"twitter:label1\" content=\"Dur\u00e9e de lecture estim\u00e9e\" \/>\n\t<meta name=\"twitter:data1\" content=\"4 minutes\" \/>\n<script type=\"application\/ld+json\" class=\"yoast-schema-graph\">{\"@context\":\"https:\\\/\\\/schema.org\",\"@graph\":[{\"@type\":\"WebPage\",\"@id\":\"https:\\\/\\\/cbie.ca\\\/fr\\\/notre-travail\\\/programmes-actuels\\\/programmes-detude-2\\\/\",\"url\":\"https:\\\/\\\/cbie.ca\\\/fr\\\/notre-travail\\\/programmes-actuels\\\/programmes-detude-2\\\/\",\"name\":\"Programmes d\u2019\u00e9tude - CBIE\",\"isPartOf\":{\"@id\":\"https:\\\/\\\/cbie.ca\\\/#website\"},\"datePublished\":\"2017-05-19T18:46:11+00:00\",\"dateModified\":\"2017-05-25T18:14:44+00:00\",\"breadcrumb\":{\"@id\":\"https:\\\/\\\/cbie.ca\\\/fr\\\/notre-travail\\\/programmes-actuels\\\/programmes-detude-2\\\/#breadcrumb\"},\"inLanguage\":\"fr-FR\",\"potentialAction\":[{\"@type\":\"ReadAction\",\"target\":[\"https:\\\/\\\/cbie.ca\\\/fr\\\/notre-travail\\\/programmes-actuels\\\/programmes-detude-2\\\/\"]}]},{\"@type\":\"BreadcrumbList\",\"@id\":\"https:\\\/\\\/cbie.ca\\\/fr\\\/notre-travail\\\/programmes-actuels\\\/programmes-detude-2\\\/#breadcrumb\",\"itemListElement\":[{\"@type\":\"ListItem\",\"position\":1,\"name\":\"Home\",\"item\":\"https:\\\/\\\/cbie.ca\\\/fr\\\/\"},{\"@type\":\"ListItem\",\"position\":2,\"name\":\"Activit\u00e9s internationales\",\"item\":\"https:\\\/\\\/cbie.ca\\\/what-we-do\\\/\"},{\"@type\":\"ListItem\",\"position\":3,\"name\":\"Programmes actuels\",\"item\":\"https:\\\/\\\/cbie.ca\\\/fr\\\/notre-travail\\\/programmes-actuels\\\/\"},{\"@type\":\"ListItem\",\"position\":4,\"name\":\"Programmes d\u2019\u00e9tude\"}]},{\"@type\":\"WebSite\",\"@id\":\"https:\\\/\\\/cbie.ca\\\/#website\",\"url\":\"https:\\\/\\\/cbie.ca\\\/\",\"name\":\"Canadian Bureau for International Education\",\"description\":\"\",\"potentialAction\":[{\"@type\":\"SearchAction\",\"target\":{\"@type\":\"EntryPoint\",\"urlTemplate\":\"https:\\\/\\\/cbie.ca\\\/?s={search_term_string}\"},\"query-input\":{\"@type\":\"PropertyValueSpecification\",\"valueRequired\":true,\"valueName\":\"search_term_string\"}}],\"inLanguage\":\"fr-FR\"}]}<\/script>\n<!-- \/ Yoast SEO plugin. -->","yoast_head_json":{"title":"Programmes d\u2019\u00e9tude - CBIE","robots":{"index":"index","follow":"follow","max-snippet":"max-snippet:-1","max-image-preview":"max-image-preview:large","max-video-preview":"max-video-preview:-1"},"canonical":"https:\/\/cbie.ca\/fr\/notre-travail\/programmes-actuels\/programmes-detude-2\/","og_locale":"fr_FR","og_type":"article","og_title":"Programmes d\u2019\u00e9tude - CBIE","og_description":"[vc_row type=\u00a0\u00bbfull_width_section\u00a0\u00bb bg_color=\u00a0\u00bb#00263e\u00a0\u00bb text_color=\u00a0\u00bbcustom\u00a0\u00bb custom_text_color=\u00a0\u00bb#ffffff\u00a0\u00bb text_align=\u00a0\u00bbcenter\u00a0\u00bb][vc_column bg_color=\u00a0\u00bb#00263e\u00a0\u00bb text_color=\u00a0\u00bbcustom\u00a0\u00bb custom_text_color=\u00a0\u00bb#ffffff\u00a0\u00bb text_align=\u00a0\u00bbcenter\u00a0\u00bb width=\u00a0\u00bb1\/1&Prime;][\/vc_column][\/vc_row][vc_row type=\u00a0\u00bbfull_width_section\u00a0\u00bb bg_color=\u00a0\u00bb#01426a\u00a0\u00bb][vc_column bg_color=\u00a0\u00bb#01426a\u00a0\u00bb column_padding=\u00a0\u00bbpadding-3&Prime; text_color=\u00a0\u00bblight\u00a0\u00bb width=\u00a0\u00bb1\/3&Prime;][vc_column_text]Le programme de bourses pour les leaders africains de demain finance les \u00e9tudes en [&hellip;]","og_url":"https:\/\/cbie.ca\/fr\/notre-travail\/programmes-actuels\/programmes-detude-2\/","og_site_name":"CBIE","article_modified_time":"2017-05-25T18:14:44+00:00","og_image":[{"width":1600,"height":900,"url":"https:\/\/cbie.ca\/wp-content\/uploads\/2024\/01\/CBIE-Announcement-EN.png","type":"image\/png"}],"twitter_card":"summary_large_image","twitter_misc":{"Dur\u00e9e de lecture estim\u00e9e":"4 minutes"},"schema":{"@context":"https:\/\/schema.org","@graph":[{"@type":"WebPage","@id":"https:\/\/cbie.ca\/fr\/notre-travail\/programmes-actuels\/programmes-detude-2\/","url":"https:\/\/cbie.ca\/fr\/notre-travail\/programmes-actuels\/programmes-detude-2\/","name":"Programmes d\u2019\u00e9tude - CBIE","isPartOf":{"@id":"https:\/\/cbie.ca\/#website"},"datePublished":"2017-05-19T18:46:11+00:00","dateModified":"2017-05-25T18:14:44+00:00","breadcrumb":{"@id":"https:\/\/cbie.ca\/fr\/notre-travail\/programmes-actuels\/programmes-detude-2\/#breadcrumb"},"inLanguage":"fr-FR","potentialAction":[{"@type":"ReadAction","target":["https:\/\/cbie.ca\/fr\/notre-travail\/programmes-actuels\/programmes-detude-2\/"]}]},{"@type":"BreadcrumbList","@id":"https:\/\/cbie.ca\/fr\/notre-travail\/programmes-actuels\/programmes-detude-2\/#breadcrumb","itemListElement":[{"@type":"ListItem","position":1,"name":"Home","item":"https:\/\/cbie.ca\/fr\/"},{"@type":"ListItem","position":2,"name":"Activit\u00e9s internationales","item":"https:\/\/cbie.ca\/what-we-do\/"},{"@type":"ListItem","position":3,"name":"Programmes actuels","item":"https:\/\/cbie.ca\/fr\/notre-travail\/programmes-actuels\/"},{"@type":"ListItem","position":4,"name":"Programmes d\u2019\u00e9tude"}]},{"@type":"WebSite","@id":"https:\/\/cbie.ca\/#website","url":"https:\/\/cbie.ca\/","name":"Canadian Bureau for International Education","description":"","potentialAction":[{"@type":"SearchAction","target":{"@type":"EntryPoint","urlTemplate":"https:\/\/cbie.ca\/?s={search_term_string}"},"query-input":{"@type":"PropertyValueSpecification","valueRequired":true,"valueName":"search_term_string"}}],"inLanguage":"fr-FR"}]}},"_links":{"self":[{"href":"https:\/\/cbie.ca\/fr\/wp-json\/wp\/v2\/pages\/27346","targetHints":{"allow":["GET"]}}],"collection":[{"href":"https:\/\/cbie.ca\/fr\/wp-json\/wp\/v2\/pages"}],"about":[{"href":"https:\/\/cbie.ca\/fr\/wp-json\/wp\/v2\/types\/page"}],"author":[{"embeddable":true,"href":"https:\/\/cbie.ca\/fr\/wp-json\/wp\/v2\/users\/2"}],"replies":[{"embeddable":true,"href":"https:\/\/cbie.ca\/fr\/wp-json\/wp\/v2\/comments?post=27346"}],"version-history":[{"count":0,"href":"https:\/\/cbie.ca\/fr\/wp-json\/wp\/v2\/pages\/27346\/revisions"}],"up":[{"embeddable":true,"href":"https:\/\/cbie.ca\/fr\/wp-json\/wp\/v2\/pages\/17122"}],"wp:attachment":[{"href":"https:\/\/cbie.ca\/fr\/wp-json\/wp\/v2\/media?parent=27346"}],"curies":[{"name":"wp","href":"https:\/\/api.w.org\/{rel}","templated":true}]}}