{"id":21978,"date":"2016-07-27T15:04:06","date_gmt":"2016-07-27T15:04:06","guid":{"rendered":"https:\/\/cbieca.wpenginepowered.com\/upcoming-events\/international-education-week\/?lang=fr"},"modified":"2019-07-02T15:11:02","modified_gmt":"2019-07-02T19:11:02","slug":"la-semaine-internationale-de-leducation","status":"publish","type":"page","link":"https:\/\/cbie.ca\/fr\/upcoming-events\/la-semaine-internationale-de-leducation\/","title":{"rendered":"La Semaine internationale de l\u2019\u00e9ducation"},"content":{"rendered":"<div class=\"wpb-content-wrapper\"><p>[vc_row type=\u00a0\u00bbfull_width_section\u00a0\u00bb bg_image=\u00a0\u00bb29493&Prime; parallax_bg=\u00a0\u00bbtrue\u00a0\u00bb bg_color=\u00a0\u00bb#00334d\u00a0\u00bb text_color=\u00a0\u00bblight\u00a0\u00bb][vc_column column_padding=\u00a0\u00bbpadding-4&Prime; width=\u00a0\u00bb1\/1&Prime;][vc_row_inner][vc_column_inner width=\u00a0\u00bb1\/3&Prime;]<div class=\"spacer\" style=\"height: 100px;\"><\/div>[vc_column_text]<\/p>\n<h1 style=\"text-align: left; color: #ffc72c;\"><strong>#SEI2019<\/strong><\/h1>\n<p>[\/vc_column_text]<div class=\"newdivider align-left\" style=\"border-bottom-style: solid; border-color: #ffffff; border-bottom-width: 1px; margin-top: 0; margin-bottom: 10px; width: 250px; \"><\/div><div class=\"clear\"><\/div>[vc_column_text]<\/p>\n<p style=\"text-align: left; text-transform: uppercase;\"><strong>18-22 NOVEMBRE 2019<\/strong><\/p>\n<p>[\/vc_column_text]<div class=\"spacer\" style=\"height: 50px;\"><\/div>[vc_column_text]<\/p>\n<h5>C\u00e9l\u00e9brons la Semaine de l\u2019\u00e9ducation internationale au Canada.<\/h5>\n<p>[\/vc_column_text]<div class=\"spacer\" style=\"height: 100px;\"><\/div>[\/vc_column_inner][vc_column_inner width=\u00a0\u00bb1\/3&Prime;][\/vc_column_inner][vc_column_inner width=\u00a0\u00bb1\/3&Prime;][\/vc_column_inner][\/vc_row_inner][\/vc_column][\/vc_row][vc_row type=\u00a0\u00bbfull_width_section\u00a0\u00bb bg_color=\u00a0\u00bb#00324c\u00a0\u00bb text_color=\u00a0\u00bblight\u00a0\u00bb text_align=\u00a0\u00bbcenter\u00a0\u00bb top_padding=\u00a0\u00bb0px\u00a0\u00bb bottom_padding=\u00a0\u00bb0px\u00a0\u00bb][vc_column column_padding=\u00a0\u00bbpadding-1&Prime; column_center=\u00a0\u00bbtrue\u00a0\u00bb width=\u00a0\u00bb1\/1&Prime;][vc_column_text]<\/p>\n<p style=\"text-align: left; padding-left: 3% !important;\"><strong>La Semaine de l\u2019\u00e9ducation internationale (SEI) est c\u00e9l\u00e9br\u00e9e dans le monde tous les ans la troisi\u00e8me semaine de novembre. Nos c\u00e9l\u00e9brations au Canada co\u00efncident avec celles de plus de 100 pays dans le monde.<\/strong><\/p>\n<p>[\/vc_column_text][\/vc_column][\/vc_row][vc_row type=\u00a0\u00bbfull_width_section\u00a0\u00bb text_align=\u00a0\u00bbcenter\u00a0\u00bb][vc_column column_padding=\u00a0\u00bbpadding-3&Prime; text_align=\u00a0\u00bbcenter\u00a0\u00bb width=\u00a0\u00bb1\/1&Prime;][vc_column_text]<\/p>\n<h3 style=\"text-align: center;\">Qu\u2019est-ce que la Semaine de l\u2019\u00e9ducation internationale?<\/h3>\n<p>[\/vc_column_text]<div class=\"newdivider align-center\" style=\"border-bottom-style: solid; border-color: #a7a8aa; border-bottom-width: 2px; margin-top: 30px; margin-bottom: 30px; width: 130px; \"><\/div><div class=\"clear\"><\/div>[vc_column_text]<\/p>\n<p style=\"text-align: center;\">La SEI est observ\u00e9e depuis l\u2019an 2000, et montre l\u2019impact de l\u2019\u00e9ducation international au moment de pr\u00e9parer les \u00e9tudiants au monde. Elle facilite aussi les efforts d\u2019engagement international. C\u2019est le reflet de l\u2019esprit de coop\u00e9ration et de collaboration entre les diff\u00e9rents intervenants au Canada qui s\u2019unissent pour souligner l\u2019importance de l\u2019\u00e9ducation internationale. Les activit\u00e9s entreprises par les particuliers, les \u00e9coles, les coll\u00e8ges, les universit\u00e9s, les associations, les entreprises, les administrations et les organisations non-gouvernementales contribueront \u00e0 renforcer la compr\u00e9hension de l\u2019\u00e9ducation internationale et son importance.<\/p>\n<p>[\/vc_column_text]<div class=\"spacer\" style=\"height: 30px;\"><\/div><a href=\"mailto:communication@cbie.ca\" target=\"_blank\" class=\"button color-1 small btn-blue\" style=\"border-radius: 2px;\">DITES-NOUS COMMENT VOUS C\u00c9L\u00c9BREREZ #SEI2019<\/a>[\/vc_column][\/vc_row][vc_row type=\u00a0\u00bbfull_width_section\u00a0\u00bb bg_color=\u00a0\u00bb#f2f2f2&Prime; text_align=\u00a0\u00bbcenter\u00a0\u00bb][vc_column bg_color=\u00a0\u00bb#00263e\u00a0\u00bb column_padding=\u00a0\u00bbpadding-3&Prime; text_align=\u00a0\u00bbcenter\u00a0\u00bb width=\u00a0\u00bb1\/1&Prime;][vc_row_inner][vc_column_inner width=\u00a0\u00bb1\/6&Prime;][\/vc_column_inner][vc_column_inner width=\u00a0\u00bb2\/3&Prime;][vc_column_text]<\/p>\n<h3 style=\"text-align: center; color: #ffc72c;\">\u00c0 la maison pour les F\u00eates<\/h3>\n<p>[\/vc_column_text]<div class=\"newdivider align-center\" style=\"border-bottom-style: solid; border-color: #a7a8aa; border-bottom-width: 2px; margin-top: 30px; margin-bottom: 30px; width: 130px; \"><\/div><div class=\"clear\"><\/div>[vc_column_text]<\/p>\n<h2 class=\"h5styleh2\" style=\"text-align: center; color: #ffffff;\">Le Bureau canadien de l\u2019\u00e9ducation internationale (BCEI) offre \u00e0 un \u00e9tudiant international l\u2019occasion de rentrer chez lui pour les cong\u00e9s en prenant en charge les frais d\u2019un billet aller-retour \u00e0 son pays d\u2019origine.<\/h2>\n<h2 class=\"h5styleh2\" style=\"text-align: center; color: #ffffff;\">Nous sommes heureux d\u2019annoncer que Phong Tran, du Fanshawe College, est l\u2019heureux gagnant du concours video \u00c0 la maison pour les F\u00eates.<\/h2>\n<p>[\/vc_column_text]<div class=\"spacer\" style=\"height: 30px;\"><\/div><div class=\"video-embed  wpb_content_element\"><iframe loading=\"lazy\" title=\"Home for the Holidays 2017 Video Competition Winner\" width=\"1161\" height=\"653\" src=\"https:\/\/www.youtube.com\/embed\/UD2DQLBfH9Y?feature=oembed\" frameborder=\"0\" allow=\"accelerometer; autoplay; clipboard-write; encrypted-media; gyroscope; picture-in-picture; web-share\" referrerpolicy=\"strict-origin-when-cross-origin\" allowfullscreen><\/iframe><\/div>[\/vc_column_inner][vc_column_inner width=\u00a0\u00bb1\/6&Prime;][\/vc_column_inner][\/vc_row_inner][\/vc_column][\/vc_row][vc_row type=\u00a0\u00bbfull_width_section\u00a0\u00bb bg_color=\u00a0\u00bb#0099b2&Prime; text_color=\u00a0\u00bblight\u00a0\u00bb][vc_column text_align=\u00a0\u00bbcenter\u00a0\u00bb width=\u00a0\u00bb1\/2&Prime;]<div class=\"single_image wpb_content_element align-left  animate   \" data-animation=\"fade-in-from-right\" data-delay=\"0\"><img loading=\"lazy\" decoding=\"async\" width=\"1000\" height=\"800\" src=\"https:\/\/cbie.ca\/wp-content\/uploads\/2016\/07\/3.jpg\" class=\"attachment-full\" alt=\"\" title=\"3\" srcset=\"https:\/\/cbie.ca\/wp-content\/uploads\/2016\/07\/3.jpg 1000w, https:\/\/cbie.ca\/wp-content\/uploads\/2016\/07\/3-300x240.jpg 300w, https:\/\/cbie.ca\/wp-content\/uploads\/2016\/07\/3-768x614.jpg 768w\" sizes=\"auto, (max-width: 1000px) 100vw, 1000px\" \/><\/div>[\/vc_column][vc_column column_padding=\u00a0\u00bbpadding-3&Prime; column_center=\u00a0\u00bbtrue\u00a0\u00bb text_color=\u00a0\u00bblight\u00a0\u00bb width=\u00a0\u00bb1\/2&Prime;][vc_column_text]<\/p>\n<blockquote>\n<p style=\"text-align: left;\">\u00ab L\u2019une des le\u00e7ons que la Chine m\u2019a apprise : Tout ce que les gens d\u2019autres cultures font fait partie de LEUR culture et vient de quelque part; il y a une raison \u00e0 la base. C\u2019est pareil que quand nous faisons quelque chose et d\u2019autres trouvent que c\u2019est bizarre. Ce n\u2019est pas parce que nous vivons en occident que nos comportements sont la norme. En fait, nous sommes tous diff\u00e9rents et c\u2019est ce qui rend notre monde int\u00e9ressant. Avec mon exp\u00e9rience en Chine, j\u2019ai appris que je dois toujours poser des questions pour comprendre pourquoi certains peuples font les choses comme ils les font.<\/p>\n<\/blockquote>\n<p style=\"text-align: left;\"><em>&#8211; Abdullah El-Safadi, Zhangjiajie, Chine<br \/>\n<\/em><\/p>\n<p>[\/vc_column_text][\/vc_column][\/vc_row][vc_row type=\u00a0\u00bbfull_width_section\u00a0\u00bb bg_color=\u00a0\u00bb#5b6770&Prime; text_color=\u00a0\u00bblight\u00a0\u00bb][vc_column column_padding=\u00a0\u00bbpadding-3&Prime; column_center=\u00a0\u00bbtrue\u00a0\u00bb text_align=\u00a0\u00bbcenter\u00a0\u00bb width=\u00a0\u00bb1\/2&Prime;][vc_column_text]<\/p>\n<blockquote>\n<p style=\"text-align: left;\">\u00ab En mai, je suis all\u00e9e \u00e0 Ta\u00efwan pour faire des recherches sur le terrain avec les peuples autochtones qui y vivent. Cette photo de mes coll\u00e8gues a \u00e9t\u00e9 prise pendant notre premi\u00e8re fin de semaine, peu apr\u00e8s \u00eatre arriv\u00e9s chez l\u2019a\u00een\u00e9 autochtone qui nous accueillerait. Le Canada est en train de g\u00e9rer ses propres probl\u00e8mes sur la r\u00e9conciliation, et cette exp\u00e9rience m\u2019a appris la nature mondiale du colonialisme et m\u2019a rappel\u00e9 \u00e0 quel point il est important d\u2019apprendre de nos amis \u00e9trangers si l\u2019on veut que la r\u00e9conciliation se produise. Nos amis autochtones nous ont ouverts leur c\u0153ur et leur foyer, et j\u2019ai pu vraiment ressentir la gu\u00e9rison des deux c\u00f4t\u00e9s. \u00bb<\/p>\n<\/blockquote>\n<p style=\"text-align: left;\"><em>&#8211; Aislinn Gallivan, Ta\u00efwan\u00a0 <\/em><\/p>\n<p>[\/vc_column_text][\/vc_column][vc_column bg_color=\u00a0\u00bb#5b6770&Prime; text_color=\u00a0\u00bblight\u00a0\u00bb width=\u00a0\u00bb1\/2&Prime;]<div class=\"single_image wpb_content_element align-left  animate   \" data-animation=\"fade-in-from-left\" data-delay=\"0\"><img loading=\"lazy\" decoding=\"async\" width=\"1000\" height=\"800\" src=\"https:\/\/cbie.ca\/wp-content\/uploads\/2016\/07\/2.jpg\" class=\"attachment-full\" alt=\"\" title=\"2\" srcset=\"https:\/\/cbie.ca\/wp-content\/uploads\/2016\/07\/2.jpg 1000w, https:\/\/cbie.ca\/wp-content\/uploads\/2016\/07\/2-300x240.jpg 300w, https:\/\/cbie.ca\/wp-content\/uploads\/2016\/07\/2-768x614.jpg 768w\" sizes=\"auto, (max-width: 1000px) 100vw, 1000px\" \/><\/div>[\/vc_column][\/vc_row][vc_row type=\u00a0\u00bbfull_width_section\u00a0\u00bb bg_color=\u00a0\u00bb#0099b2&Prime; text_color=\u00a0\u00bblight\u00a0\u00bb][vc_column text_align=\u00a0\u00bbcenter\u00a0\u00bb width=\u00a0\u00bb1\/2&Prime;]<div class=\"single_image wpb_content_element align-left  animate   \" data-animation=\"fade-in-from-right\" data-delay=\"0\"><img loading=\"lazy\" decoding=\"async\" width=\"1000\" height=\"800\" src=\"https:\/\/cbie.ca\/wp-content\/uploads\/2016\/07\/6.jpg\" class=\"attachment-full\" alt=\"\" title=\"6\" srcset=\"https:\/\/cbie.ca\/wp-content\/uploads\/2016\/07\/6.jpg 1000w, https:\/\/cbie.ca\/wp-content\/uploads\/2016\/07\/6-300x240.jpg 300w, https:\/\/cbie.ca\/wp-content\/uploads\/2016\/07\/6-768x614.jpg 768w\" sizes=\"auto, (max-width: 1000px) 100vw, 1000px\" \/><\/div>[\/vc_column][vc_column column_padding=\u00a0\u00bbpadding-3&Prime; column_center=\u00a0\u00bbtrue\u00a0\u00bb text_color=\u00a0\u00bblight\u00a0\u00bb width=\u00a0\u00bb1\/2&Prime;][vc_column_text]<\/p>\n<blockquote>\n<p style=\"text-align: left;\">\u00ab Se retrouver plong\u00e9 dans un pays \u00e9tranger, ayant une langue \u00e9trang\u00e8re et une culture \u00e9trang\u00e8re, et essayer de survivre par soi-m\u00eame tout en allant \u00e0 l\u2019\u00e9cole\u2026 Il a fallu beaucoup d\u2019adaptabilit\u00e9 pour ce faire. Mais maintenant, je sens que rien n\u2019est impossible! Je peux m\u2019adapter \u00e0 n\u2019importe quelle situation dans la vie ou au travail et ma confiance en moi n\u2019a jamais \u00e9t\u00e9 aussi \u00e9lev\u00e9e! \u00bb<\/p>\n<\/blockquote>\n<p style=\"text-align: left;\"><em>&#8211; Austin Castellanos, Montserrat, Espagne <\/em><\/p>\n<p>[\/vc_column_text][\/vc_column][\/vc_row][vc_row type=\u00a0\u00bbfull_width_section\u00a0\u00bb bg_color=\u00a0\u00bb#5b6770&Prime; text_color=\u00a0\u00bblight\u00a0\u00bb][vc_column column_padding=\u00a0\u00bbpadding-3&Prime; column_center=\u00a0\u00bbtrue\u00a0\u00bb text_align=\u00a0\u00bbcenter\u00a0\u00bb width=\u00a0\u00bb1\/2&Prime;][vc_column_text]<\/p>\n<blockquote>\n<p style=\"text-align: left;\">\u00ab Apprendre \u00e0 l\u2019\u00e9tranger m\u2019a aid\u00e9 \u00e0 appr\u00e9cier davantage le fait d\u2019\u00eatre jeune. Chaque fois que j\u2019atteints un sommet, saute dans un nouveau lac ou cours d\u2019eau, voire trouv\u00e9 des int\u00e9r\u00eats communs avec un nouvel ami international \u2013 je r\u00e9alise \u00e0 quel point je suis jeune. \u00c0 chaque instant que nous vivons, nous ne serons jamais aussi jeunes qu\u2019\u00e0 cet instant. Cela m\u2019a montr\u00e9 que je dois avoir une plus grande appr\u00e9ciation envers ce que j\u2019ai mais m\u2019a aussi pouss\u00e9 \u00e0 d\u00e9couvrir davantage ce que ma jeunesse a \u00e0 offrir. \u00bb<\/p>\n<\/blockquote>\n<p><em>&#8211; Tiffany Rioflorido, Nouvelle-Z\u00e9lande <\/em>[\/vc_column_text][\/vc_column][vc_column bg_color=\u00a0\u00bb#5b6770&Prime; text_color=\u00a0\u00bblight\u00a0\u00bb width=\u00a0\u00bb1\/2&Prime;]<div class=\"single_image wpb_content_element align-left  animate   \" data-animation=\"fade-in-from-left\" data-delay=\"0\"><img loading=\"lazy\" decoding=\"async\" width=\"1000\" height=\"800\" src=\"https:\/\/cbie.ca\/wp-content\/uploads\/2016\/07\/7.jpg\" class=\"attachment-full\" alt=\"\" title=\"7\" srcset=\"https:\/\/cbie.ca\/wp-content\/uploads\/2016\/07\/7.jpg 1000w, https:\/\/cbie.ca\/wp-content\/uploads\/2016\/07\/7-300x240.jpg 300w, https:\/\/cbie.ca\/wp-content\/uploads\/2016\/07\/7-768x614.jpg 768w\" sizes=\"auto, (max-width: 1000px) 100vw, 1000px\" \/><\/div>[\/vc_column][\/vc_row][vc_row type=\u00a0\u00bbfull_width_section\u00a0\u00bb bg_color=\u00a0\u00bb#0099b2&Prime; text_color=\u00a0\u00bblight\u00a0\u00bb][vc_column text_align=\u00a0\u00bbcenter\u00a0\u00bb width=\u00a0\u00bb1\/2&Prime;]<div class=\"single_image wpb_content_element align-left  animate   \" data-animation=\"fade-in-from-right\" data-delay=\"0\"><img loading=\"lazy\" decoding=\"async\" width=\"1000\" height=\"800\" src=\"https:\/\/cbie.ca\/wp-content\/uploads\/2016\/07\/Flag.jpg\" class=\"attachment-full\" alt=\"\" title=\"Flag\" srcset=\"https:\/\/cbie.ca\/wp-content\/uploads\/2016\/07\/Flag.jpg 1000w, https:\/\/cbie.ca\/wp-content\/uploads\/2016\/07\/Flag-300x240.jpg 300w, https:\/\/cbie.ca\/wp-content\/uploads\/2016\/07\/Flag-768x614.jpg 768w\" sizes=\"auto, (max-width: 1000px) 100vw, 1000px\" \/><\/div>[\/vc_column][vc_column column_padding=\u00a0\u00bbpadding-3&Prime; column_center=\u00a0\u00bbtrue\u00a0\u00bb text_color=\u00a0\u00bblight\u00a0\u00bb width=\u00a0\u00bb1\/2&Prime;][vc_column_text]<\/p>\n<blockquote>\n<p style=\"text-align: left;\">\u00ab Cela m\u2019ouvre les yeux \u00e0 un monde de diff\u00e9rences, me donne de l\u2019exp\u00e9rience, me fait appr\u00e9cier les choses dont on peut profiter au Canada, m\u2019aide \u00e0 voir comment les autres font diff\u00e9remment, me donne l\u2019opportunit\u00e9 de voir la culture et non seulement le c\u00f4t\u00e9 touriste. \u00bb<\/p>\n<\/blockquote>\n<p style=\"text-align: left;\"><em>&#8211; Danielle Levesque, Milford Sound, Nouvelle-Z\u00e9lande <\/em><\/p>\n<p>[\/vc_column_text][\/vc_column][\/vc_row][vc_row type=\u00a0\u00bbfull_width_section\u00a0\u00bb bg_color=\u00a0\u00bb#5b6770&Prime; text_color=\u00a0\u00bblight\u00a0\u00bb][vc_column column_padding=\u00a0\u00bbpadding-3&Prime; column_center=\u00a0\u00bbtrue\u00a0\u00bb text_align=\u00a0\u00bbcenter\u00a0\u00bb width=\u00a0\u00bb1\/2&Prime;][vc_column_text]<\/p>\n<blockquote>\n<p style=\"text-align: left;\">\u00ab Avant l\u2019Alaska, je faisais des \u00e9tudes sur le milieu nordique. Vivre en Alaska \u00e9tait comme de vivre dans le milieu nordique. Cet \u00c9tat m\u2019a pouss\u00e9 \u00e0 en apprendre plus que ce que je pensais possible sur le terrain, les personnes et le Nord. La valeur que j\u2019accorde \u00e0 mon dipl\u00f4me s\u2019est d\u00e9cupl\u00e9e, puisque l\u2019Alaska m\u2019a permis de faire partie de la nature et des lieux que je pouvais voir dans les journaux, magazines et revues tous les jours. \u00bb<\/p>\n<\/blockquote>\n<p style=\"text-align: left;\"><em>&#8211; Michaela Pye, Fairbanks, Alaska <\/em><\/p>\n<p>[\/vc_column_text][\/vc_column][vc_column bg_color=\u00a0\u00bb#5b6770&Prime; text_color=\u00a0\u00bblight\u00a0\u00bb width=\u00a0\u00bb1\/2&Prime;]<div class=\"single_image wpb_content_element align-left  animate   \" data-animation=\"fade-in-from-left\" data-delay=\"0\"><img loading=\"lazy\" decoding=\"async\" width=\"1000\" height=\"800\" src=\"https:\/\/cbie.ca\/wp-content\/uploads\/2016\/07\/4.jpg\" class=\"attachment-full\" alt=\"\" title=\"4\" srcset=\"https:\/\/cbie.ca\/wp-content\/uploads\/2016\/07\/4.jpg 1000w, https:\/\/cbie.ca\/wp-content\/uploads\/2016\/07\/4-300x240.jpg 300w, https:\/\/cbie.ca\/wp-content\/uploads\/2016\/07\/4-768x614.jpg 768w\" sizes=\"auto, (max-width: 1000px) 100vw, 1000px\" \/><\/div>[\/vc_column][\/vc_row][vc_row type=\u00a0\u00bbfull_width_section\u00a0\u00bb bg_color=\u00a0\u00bb#0099b2&Prime; text_color=\u00a0\u00bblight\u00a0\u00bb][vc_column text_align=\u00a0\u00bbcenter\u00a0\u00bb width=\u00a0\u00bb1\/2&Prime;]<div class=\"single_image wpb_content_element align-left  animate   \" data-animation=\"fade-in-from-right\" data-delay=\"0\"><img loading=\"lazy\" decoding=\"async\" width=\"1000\" height=\"800\" src=\"https:\/\/cbie.ca\/wp-content\/uploads\/2016\/07\/5.jpg\" class=\"attachment-full\" alt=\"\" title=\"5\" srcset=\"https:\/\/cbie.ca\/wp-content\/uploads\/2016\/07\/5.jpg 1000w, https:\/\/cbie.ca\/wp-content\/uploads\/2016\/07\/5-300x240.jpg 300w, https:\/\/cbie.ca\/wp-content\/uploads\/2016\/07\/5-768x614.jpg 768w\" sizes=\"auto, (max-width: 1000px) 100vw, 1000px\" \/><\/div>[\/vc_column][vc_column column_padding=\u00a0\u00bbpadding-3&Prime; column_center=\u00a0\u00bbtrue\u00a0\u00bb text_color=\u00a0\u00bblight\u00a0\u00bb width=\u00a0\u00bb1\/2&Prime;][vc_column_text]<\/p>\n<blockquote>\n<p style=\"text-align: left;\">\u00ab Quand j\u2019\u00e9tais \u00e0 l\u2019\u00e9tranger, j\u2019ai constamment appris \u00e0 prendre du recul. J\u2019ai rencontr\u00e9 des gens avec diff\u00e9rents bagages, passions et objectifs, ce qui m\u2019a aid\u00e9 \u00e0 solidifier mes propres r\u00eaves. Par la suite, j\u2019ai aussi appris qu\u2019il est courant \u2013 et qu\u2019il n\u2019est pas mal \u2013 d\u2019\u00eatre en d\u00e9saccord avec les gens, et comment le faire dans le respect. Dans nos parcours pendant la vie, il y aura des obstacles. Il se pourra que certaines personnes aient des int\u00e9r\u00eats contradictoires, des circonstances in\u00e9vitables, ou m\u00eame des conflits internes. N\u2019oubliez pas de regarder de l\u2019avant pour voir ce qu\u2019il y a de l\u2019autre c\u00f4t\u00e9 de la montagne qui para\u00eet impossible \u00e0 gravir. C\u2019est ce qui fait de la vie, la vie. \u00bb<\/p>\n<\/blockquote>\n<p style=\"text-align: left;\"><em>&#8211; Sean Martin, parc national Tongariro, Nouvelle-Z\u00e9lande <\/em><\/p>\n<p>[\/vc_column_text][\/vc_column][\/vc_row][vc_row type=\u00a0\u00bbfull_width_section\u00a0\u00bb bg_color=\u00a0\u00bb#5b6770&Prime; text_color=\u00a0\u00bblight\u00a0\u00bb][vc_column column_padding=\u00a0\u00bbpadding-3&Prime; column_center=\u00a0\u00bbtrue\u00a0\u00bb text_align=\u00a0\u00bbcenter\u00a0\u00bb width=\u00a0\u00bb1\/2&Prime;][vc_column_text]<\/p>\n<blockquote>\n<p style=\"text-align: left;\">\u00ab Je mentirais si je disais que d\u2019aller faire des \u00e9tudes \u00e0 l\u2019\u00e9tranger a chang\u00e9 ma vie, mais mes \u00e9tudes m\u2019ont chang\u00e9 de fa\u00e7on tout \u00e0 fait inattendue. Elles m\u2019ont rendu plus d\u00e9brouillard et pr\u00eat \u00e0 vivre et \u00e0 essayer de nouvelles choses. J\u2019ai d\u00e9velopp\u00e9 mes comp\u00e9tences sociales et me suis fait de nombreux nouveaux amis de partout dans le monde! J\u2019utilise ces nouvelles comp\u00e9tences tous les jours maintenant que je suis de retour. \u00bb<\/p>\n<\/blockquote>\n<p style=\"text-align: left;\"><em>&#8211; Alexis Trudel, Bruges, Belgique <\/em><\/p>\n<p>[\/vc_column_text][\/vc_column][vc_column bg_color=\u00a0\u00bb#5b6770&Prime; text_color=\u00a0\u00bblight\u00a0\u00bb width=\u00a0\u00bb1\/2&Prime;]<div class=\"single_image wpb_content_element align-left  animate   \" data-animation=\"fade-in-from-left\" data-delay=\"0\"><img loading=\"lazy\" decoding=\"async\" width=\"1000\" height=\"800\" src=\"https:\/\/cbie.ca\/wp-content\/uploads\/2016\/07\/1.jpg\" class=\"attachment-full\" alt=\"\" title=\"1\" srcset=\"https:\/\/cbie.ca\/wp-content\/uploads\/2016\/07\/1.jpg 1000w, https:\/\/cbie.ca\/wp-content\/uploads\/2016\/07\/1-300x240.jpg 300w, https:\/\/cbie.ca\/wp-content\/uploads\/2016\/07\/1-768x614.jpg 768w\" sizes=\"auto, (max-width: 1000px) 100vw, 1000px\" \/><\/div>[\/vc_column][\/vc_row][vc_row type=\u00a0\u00bbfull_width_section\u00a0\u00bb bg_color=\u00a0\u00bb#0099b2&Prime; text_color=\u00a0\u00bblight\u00a0\u00bb][vc_column bg_color=\u00a0\u00bb#5b6770&Prime; text_color=\u00a0\u00bblight\u00a0\u00bb width=\u00a0\u00bb1\/2&Prime;]<div class=\"single_image wpb_content_element align-left  animate   \" data-animation=\"fade-in-from-left\" data-delay=\"0\"><img loading=\"lazy\" decoding=\"async\" width=\"1000\" height=\"800\" src=\"https:\/\/cbie.ca\/wp-content\/uploads\/2016\/07\/8.jpg\" class=\"attachment-full\" alt=\"\" title=\"8\" srcset=\"https:\/\/cbie.ca\/wp-content\/uploads\/2016\/07\/8.jpg 1000w, https:\/\/cbie.ca\/wp-content\/uploads\/2016\/07\/8-300x240.jpg 300w, https:\/\/cbie.ca\/wp-content\/uploads\/2016\/07\/8-768x614.jpg 768w\" sizes=\"auto, (max-width: 1000px) 100vw, 1000px\" \/><\/div>[\/vc_column][vc_column column_padding=\u00a0\u00bbpadding-3&Prime; column_center=\u00a0\u00bbtrue\u00a0\u00bb text_align=\u00a0\u00bbcenter\u00a0\u00bb width=\u00a0\u00bb1\/2&Prime;][vc_column_text]<\/p>\n<blockquote>\n<p style=\"text-align: left;\">\u00ab Mes \u00e9tudes \u00e0 l\u2019\u00e9tranger ont chang\u00e9 la fa\u00e7on dont je vois les choses. J\u2019ai rencontr\u00e9 les personnes les plus extraordinaires dans le monde de diff\u00e9rentes origines. Voir les magnifiques personnes de tous les pays m\u2019a ouvert les yeux et m\u2019a montr\u00e9 \u00e0 quel point j\u2019\u00e9tais chanceux d\u2019\u00eatre \u00e9lev\u00e9 comme je l\u2019ai \u00e9t\u00e9. \u00bb<\/p>\n<\/blockquote>\n<p style=\"text-align: left;\"><em>&#8211; Kavan Kamboz, Christchurch, Nouvelle-Z\u00e9lande<\/em><\/p>\n<p>[\/vc_column_text][\/vc_column][\/vc_row][vc_row][vc_column]<div class=\"spacer\" style=\"height: 50px;\"><\/div>[vc_column_text]<\/p>\n<h3 style=\"text-align: center;\">Billets de blogue des \u00e9tudiants<\/h3>\n<p>[\/vc_column_text]<div class=\"newdivider align-center\" style=\"border-bottom-style: solid; border-color: #a7a8aa; border-bottom-width: 2px; margin-top: 30px; margin-bottom: 30px; width: 130px; \"><\/div><div class=\"clear\"><\/div>[vc_column_text]<\/p>\n<h2 class=\"h5styleh2\" style=\"text-align: center; color: #006e96;\">Lisez l\u2019histoire d\u2019\u00e9tudiants internationaux faisant des \u00e9tudes au Canada et \u00e0 l\u2019\u00e9tranger<\/h2>\n<p>[\/vc_column_text]<div class=\"spacer\" style=\"height: 50px;\"><\/div><div class=\"latest-blog style-white\"\"><div class=\"blog-carousel\"><div class=\"blog-item\"><a href=\"https:\/\/cbie.ca\/fr\/%e2%80%89une-classe-de-fonctionnaires%e2%80%89\/\" title=\"\u00ab\u2009Une classe de fonctionnaires\u2009\u00bb\" class=\"blog-pic\"><img decoding=\"async\" src=\"https:\/\/cbie.ca\/wp-content\/uploads\/2020\/04\/fullsizeoutput_d86-600x400.jpeg\" alt=\"\u00ab\u2009Une classe de fonctionnaires\u2009\u00bb\" loading=\"lazy\" \/><span class=\"blog-overlay\"><\/span><i class=\"fa fa-align-left\"><\/i><\/a><div class=\"blog-item-description\">\n\t\t\t\t\t\t\t<h4><a href=\"https:\/\/cbie.ca\/fr\/%e2%80%89une-classe-de-fonctionnaires%e2%80%89\/\" title=\"\u00ab\u2009Une classe de fonctionnaires\u2009\u00bb\">\u00ab\u2009Une classe de fonctionnaires\u2009\u00bb<\/a><\/h4>\n\t\t\t\t\t  \t\t<div>Vingt-neuf boursiers Leaders africains de demain de partout au Canada se sont rencontr\u00e9s de fa\u00e7on virtuelle cette semaine pour partager... <a class=\"read-more-link\" href=\"https:\/\/cbie.ca\/fr\/%e2%80%89une-classe-de-fonctionnaires%e2%80%89\/\">Lire la suite  &rarr;<\/a><\/div>\n\t\t\t\t\t  \t\t<span>29 avril 2020<\/span>\n\t\t\t\t  \t\t<\/div><\/div><div class=\"blog-item\"><a href=\"https:\/\/cbie.ca\/fr\/transformation-dans-le-secteur-public-action-et-changement-significatif\/\" title=\"Transformation dans le secteur public : action et changement significatif\" class=\"blog-pic\"><img decoding=\"async\" src=\"https:\/\/cbie.ca\/wp-content\/uploads\/2019\/09\/IPAC-summer2019-francophone-600x395.jpg\" alt=\"Transformation dans le secteur public : action et changement significatif\" loading=\"lazy\" \/><span class=\"blog-overlay\"><\/span><i class=\"fa fa-align-left\"><\/i><\/a><div class=\"blog-item-description\">\n\t\t\t\t\t\t\t<h4><a href=\"https:\/\/cbie.ca\/fr\/transformation-dans-le-secteur-public-action-et-changement-significatif\/\" title=\"Transformation dans le secteur public : action et changement significatif\">Transformation dans le secteur public : action et changement significatif<\/a><\/h4>\n\t\t\t\t\t  \t\t<div>La 71e\u00a0conf\u00e9rence de l\u2019Institut d\u2019administration publique du Canada (IAPC) qui s\u2019est tenue \u00e0 Winnipeg du 18 au 21\u00a0ao\u00fbt 2019 a... <a class=\"read-more-link\" href=\"https:\/\/cbie.ca\/fr\/transformation-dans-le-secteur-public-action-et-changement-significatif\/\">Lire la suite  &rarr;<\/a><\/div>\n\t\t\t\t\t  \t\t<span>6 septembre 2019<\/span>\n\t\t\t\t  \t\t<\/div><\/div><div class=\"blog-item\"><a href=\"https:\/\/cbie.ca\/fr\/memoire-engagement-nelson-mandela-envers-justice-sociale-equite\/\" title=\"En m\u00e9moire de l\u2019engagement de Nelson Mandela envers la justice sociale et l\u2019\u00e9quit\u00e9\" class=\"blog-pic\"><img decoding=\"async\" src=\"https:\/\/cbie.ca\/wp-content\/uploads\/2019\/07\/190718-mandela-quote-FR.jpg\" alt=\"En m\u00e9moire de l\u2019engagement de Nelson Mandela envers la justice sociale et l\u2019\u00e9quit\u00e9\" loading=\"lazy\" \/><span class=\"blog-overlay\"><\/span><i class=\"fa fa-align-left\"><\/i><\/a><div class=\"blog-item-description\">\n\t\t\t\t\t\t\t<h4><a href=\"https:\/\/cbie.ca\/fr\/memoire-engagement-nelson-mandela-envers-justice-sociale-equite\/\" title=\"En m\u00e9moire de l\u2019engagement de Nelson Mandela envers la justice sociale et l\u2019\u00e9quit\u00e9\">En m\u00e9moire de l\u2019engagement de Nelson Mandela envers la justice sociale et l\u2019\u00e9quit\u00e9<\/a><\/h4>\n\t\t\t\t\t  \t\t<div>[vc_row][vc_column width=\"1\/1\"][vc_column_text]L\u2019obtention d\u2019un grade en administration publique, en politique publique ou en finance publique d\u2019une universit\u00e9 canadienne peut ressembler \u00e0... <a class=\"read-more-link\" href=\"https:\/\/cbie.ca\/fr\/memoire-engagement-nelson-mandela-envers-justice-sociale-equite\/\">Lire la suite  &rarr;<\/a><\/div>\n\t\t\t\t\t  \t\t<span>18 juillet 2019<\/span>\n\t\t\t\t  \t\t<\/div><\/div><div class=\"blog-item\"><a href=\"https:\/\/cbie.ca\/fr\/les-organismes-partenaires-et-la-communaute-diplomatique-celebrent-les-leaders-africains-de-demain\/\" title=\"Les organismes partenaires et la communaut\u00e9 diplomatique c\u00e9l\u00e8brent les Leaders africains de demain\" class=\"blog-pic\"><img decoding=\"async\" src=\"https:\/\/cbie.ca\/wp-content\/uploads\/2019\/04\/ALT-debrief-2019-1-600x400.jpg\" alt=\"Les organismes partenaires et la communaut\u00e9 diplomatique c\u00e9l\u00e8brent les Leaders africains de demain\" loading=\"lazy\" \/><span class=\"blog-overlay\"><\/span><i class=\"fa fa-align-left\"><\/i><\/a><div class=\"blog-item-description\">\n\t\t\t\t\t\t\t<h4><a href=\"https:\/\/cbie.ca\/fr\/les-organismes-partenaires-et-la-communaute-diplomatique-celebrent-les-leaders-africains-de-demain\/\" title=\"Les organismes partenaires et la communaut\u00e9 diplomatique c\u00e9l\u00e8brent les Leaders africains de demain\">Les organismes partenaires et la communaut\u00e9 diplomatique c\u00e9l\u00e8brent les Leaders africains de demain<\/a><\/h4>\n\t\t\t\t\t  \t\t<div>[vc_row][vc_column width=\"1\/1\"][vc_column_text]Des repr\u00e9sentants de la communaut\u00e9 diplomatique de l\u2019Afrique \u00e0 Ottawa se sont joints aux organismes partenaires du programme de... <a class=\"read-more-link\" href=\"https:\/\/cbie.ca\/fr\/les-organismes-partenaires-et-la-communaute-diplomatique-celebrent-les-leaders-africains-de-demain\/\">Lire la suite  &rarr;<\/a><\/div>\n\t\t\t\t\t  \t\t<span>1 mai 2019<\/span>\n\t\t\t\t  \t\t<\/div><\/div><div class=\"blog-item\"><a href=\"https:\/\/cbie.ca\/fr\/le-changement-climatique-agissons-maintenant-ou-regrettons-apres\/\" title=\"Le changement climatique : Agissons maintenant ou regrettons apr\u00e8s !\" class=\"blog-pic\"><img decoding=\"async\" src=\"https:\/\/cbie.ca\/wp-content\/uploads\/2019\/03\/Amen-2-600x400.jpg\" alt=\"Le changement climatique : Agissons maintenant ou regrettons apr\u00e8s !\" loading=\"lazy\" \/><span class=\"blog-overlay\"><\/span><i class=\"fa fa-align-left\"><\/i><\/a><div class=\"blog-item-description\">\n\t\t\t\t\t\t\t<h4><a href=\"https:\/\/cbie.ca\/fr\/le-changement-climatique-agissons-maintenant-ou-regrettons-apres\/\" title=\"Le changement climatique : Agissons maintenant ou regrettons apr\u00e8s !\">Le changement climatique : Agissons maintenant ou regrettons apr\u00e8s !<\/a><\/h4>\n\t\t\t\t\t  \t\t<div>Pendant que le monde se focalise sur les crises commerciales, le protectionnisme, les guerres civiles, les tensions interreligieuses, etc., nous... <a class=\"read-more-link\" href=\"https:\/\/cbie.ca\/fr\/le-changement-climatique-agissons-maintenant-ou-regrettons-apres\/\">Lire la suite  &rarr;<\/a><\/div>\n\t\t\t\t\t  \t\t<span>29 mars 2019<\/span>\n\t\t\t\t  \t\t<\/div><\/div><div class=\"blog-item\"><a href=\"https:\/\/cbie.ca\/fr\/disruption-change-and-changing-mindsets\/\" title=\"Perturbation, changement et changement des mentalit\u00e9s\" class=\"blog-pic\"><img decoding=\"async\" src=\"https:\/\/cbie.ca\/wp-content\/uploads\/2019\/03\/IPAC-feature-600x400.jpg\" alt=\"Perturbation, changement et changement des mentalit\u00e9s\" loading=\"lazy\" \/><span class=\"blog-overlay\"><\/span><i class=\"fa fa-align-left\"><\/i><\/a><div class=\"blog-item-description\">\n\t\t\t\t\t\t\t<h4><a href=\"https:\/\/cbie.ca\/fr\/disruption-change-and-changing-mindsets\/\" title=\"Perturbation, changement et changement des mentalit\u00e9s\">Perturbation, changement et changement des mentalit\u00e9s<\/a><\/h4>\n\t\t\t\t\t  \t\t<div>[vc_row][vc_column][vc_column_text] Le\u00e7ons apprises lors de la Conf\u00e9rence nationale du leadership 2019 de l\u2019IAPC [\/vc_column_text][\/vc_column][\/vc_row][vc_row][vc_column width=\"1\/2\"][\/vc_column][vc_column width=\"1\/2\"][vc_column_text]Quinze boursiers... <a class=\"read-more-link\" href=\"https:\/\/cbie.ca\/fr\/disruption-change-and-changing-mindsets\/\">Lire la suite  &rarr;<\/a><\/div>\n\t\t\t\t\t  \t\t<span>13 mars 2019<\/span>\n\t\t\t\t  \t\t<\/div><\/div><div class=\"blog-item\"><a href=\"https:\/\/cbie.ca\/fr\/oranger-le-monde-ecoutezmoiaussi-des-etudes-a-laction-pour-les-femmes-et-les-enfants\/\" title=\"\u00ab Oranger le monde : EcoutezMoiAussi \u00bb &#8211; des \u00e9tudes \u00e0 l\u2019action pour les femmes et les enfants !\" class=\"blog-pic\"><img decoding=\"async\" src=\"https:\/\/cbie.ca\/wp-content\/uploads\/2018\/11\/Mika-cropped-600x400.jpg\" alt=\"\u00ab Oranger le monde : EcoutezMoiAussi \u00bb &#8211; des \u00e9tudes \u00e0 l\u2019action pour les femmes et les enfants !\" loading=\"lazy\" \/><span class=\"blog-overlay\"><\/span><i class=\"fa fa-align-left\"><\/i><\/a><div class=\"blog-item-description\">\n\t\t\t\t\t\t\t<h4><a href=\"https:\/\/cbie.ca\/fr\/oranger-le-monde-ecoutezmoiaussi-des-etudes-a-laction-pour-les-femmes-et-les-enfants\/\" title=\"\u00ab Oranger le monde : EcoutezMoiAussi \u00bb &#8211; des \u00e9tudes \u00e0 l\u2019action pour les femmes et les enfants !\">\u00ab Oranger le monde : EcoutezMoiAussi \u00bb &#8211; des \u00e9tudes \u00e0 l\u2019action pour les femmes et les enfants !<\/a><\/h4>\n\t\t\t\t\t  \t\t<div>Durant les 24 premi\u00e8res ann\u00e9es de ma vie, j\u2019ai v\u00e9cu dans une violence familiale sans fin parce que mon p\u00e8re... <a class=\"read-more-link\" href=\"https:\/\/cbie.ca\/fr\/oranger-le-monde-ecoutezmoiaussi-des-etudes-a-laction-pour-les-femmes-et-les-enfants\/\">Lire la suite  &rarr;<\/a><\/div>\n\t\t\t\t\t  \t\t<span>26 novembre 2018<\/span>\n\t\t\t\t  \t\t<\/div><\/div><div class=\"blog-item\"><a href=\"https:\/\/cbie.ca\/fr\/renforcement-du-secteur-public-en-afrique-elements-importants-a-retenir-du-congres-2018-de-liapc\/\" title=\"Renforcement du secteur public en Afrique : \u00c9l\u00e9ments importants \u00e0 retenir du Congr\u00e8s 2018 de l\u2019IAPC\" class=\"blog-pic\"><img decoding=\"async\" src=\"https:\/\/cbie.ca\/wp-content\/uploads\/2018\/09\/IPAC-1-min-600x400.jpg\" alt=\"Renforcement du secteur public en Afrique : \u00c9l\u00e9ments importants \u00e0 retenir du Congr\u00e8s 2018 de l\u2019IAPC\" loading=\"lazy\" \/><span class=\"blog-overlay\"><\/span><i class=\"fa fa-align-left\"><\/i><\/a><div class=\"blog-item-description\">\n\t\t\t\t\t\t\t<h4><a href=\"https:\/\/cbie.ca\/fr\/renforcement-du-secteur-public-en-afrique-elements-importants-a-retenir-du-congres-2018-de-liapc\/\" title=\"Renforcement du secteur public en Afrique : \u00c9l\u00e9ments importants \u00e0 retenir du Congr\u00e8s 2018 de l\u2019IAPC\">Renforcement du secteur public en Afrique : \u00c9l\u00e9ments importants \u00e0 retenir du Congr\u00e8s 2018 de l\u2019IAPC<\/a><\/h4>\n\t\t\t\t\t  \t\t<div>Le 70e Congr\u00e8s annuel de l\u2019Institut d\u2019administration publique du Canada (IAPC) s\u2019est tenu \u00e0 l\u2019H\u00f4tel Hilton de Qu\u00e9bec du 19... <a class=\"read-more-link\" href=\"https:\/\/cbie.ca\/fr\/renforcement-du-secteur-public-en-afrique-elements-importants-a-retenir-du-congres-2018-de-liapc\/\">Lire la suite  &rarr;<\/a><\/div>\n\t\t\t\t\t  \t\t<span>20 septembre 2018<\/span>\n\t\t\t\t  \t\t<\/div><\/div><div class=\"blog-item\"><a href=\"https:\/\/cbie.ca\/fr\/journee-nelson-mandela-les-leaders-africains-de-demain-pour-laction-contre-la-pauvrete\/\" title=\"Journ\u00e9e Nelson Mandela : les leaders africains de demain pour l&rsquo;action contre la pauvret\u00e9\" class=\"blog-pic\"><img decoding=\"async\" src=\"https:\/\/cbie.ca\/wp-content\/uploads\/2018\/07\/Collage-v2-narrow-600x400.jpg\" alt=\"Journ\u00e9e Nelson Mandela : les leaders africains de demain pour l&rsquo;action contre la pauvret\u00e9\" loading=\"lazy\" \/><span class=\"blog-overlay\"><\/span><i class=\"fa fa-align-left\"><\/i><\/a><div class=\"blog-item-description\">\n\t\t\t\t\t\t\t<h4><a href=\"https:\/\/cbie.ca\/fr\/journee-nelson-mandela-les-leaders-africains-de-demain-pour-laction-contre-la-pauvrete\/\" title=\"Journ\u00e9e Nelson Mandela : les leaders africains de demain pour l&rsquo;action contre la pauvret\u00e9\">Journ\u00e9e Nelson Mandela : les leaders africains de demain pour l&rsquo;action contre la pauvret\u00e9<\/a><\/h4>\n\t\t\t\t\t  \t\t<div>[vc_row][vc_column][vc_column_text]Ce 18 juillet 2018 marque le centi\u00e8me anniversaire de la naissance de Nelson Mandela. C\u2019est l\u2019occasion de r\u00e9fl\u00e9chir \u00e0 l\u2019impact... <a class=\"read-more-link\" href=\"https:\/\/cbie.ca\/fr\/journee-nelson-mandela-les-leaders-africains-de-demain-pour-laction-contre-la-pauvrete\/\">Lire la suite  &rarr;<\/a><\/div>\n\t\t\t\t\t  \t\t<span>18 juillet 2018<\/span>\n\t\t\t\t  \t\t<\/div><\/div><\/div><\/div><div class=\"clear\"><\/div><div class=\"spacer\" style=\"height: 20px;\"><\/div>[\/vc_column][\/vc_row]<\/p>\n<\/div>","protected":false},"excerpt":{"rendered":"<p>[vc_row type=\u00a0\u00bbfull_width_section\u00a0\u00bb bg_image=\u00a0\u00bb29493&Prime; parallax_bg=\u00a0\u00bbtrue\u00a0\u00bb bg_color=\u00a0\u00bb#00334d\u00a0\u00bb text_color=\u00a0\u00bblight\u00a0\u00bb][vc_column column_padding=\u00a0\u00bbpadding-4&Prime; width=\u00a0\u00bb1\/1&Prime;][vc_row_inner][vc_column_inner width=\u00a0\u00bb1\/3&Prime;][vc_column_text] #SEI2019 [\/vc_column_text][vc_column_text] 18-22 NOVEMBRE 2019 [\/vc_column_text][vc_column_text] C\u00e9l\u00e9brons la Semaine de l\u2019\u00e9ducation internationale au Canada. [\/vc_column_text][\/vc_column_inner][vc_column_inner width=\u00a0\u00bb1\/3&Prime;][\/vc_column_inner][vc_column_inner width=\u00a0\u00bb1\/3&Prime;][\/vc_column_inner][\/vc_row_inner][\/vc_column][\/vc_row][vc_row type=\u00a0\u00bbfull_width_section\u00a0\u00bb bg_color=\u00a0\u00bb#00324c\u00a0\u00bb text_color=\u00a0\u00bblight\u00a0\u00bb text_align=\u00a0\u00bbcenter\u00a0\u00bb [&hellip;]<\/p>\n","protected":false},"author":2,"featured_media":0,"parent":18419,"menu_order":0,"comment_status":"closed","ping_status":"closed","template":"","meta":{"_acf_changed":false,"footnotes":""},"class_list":["post-21978","page","type-page","status-publish","hentry"],"acf":[],"yoast_head":"<!-- This site is optimized with the Yoast SEO plugin v27.5 - https:\/\/yoast.com\/product\/yoast-seo-wordpress\/ -->\n<title>La Semaine internationale de l\u2019\u00e9ducation - CBIE<\/title>\n<meta name=\"robots\" content=\"index, follow, max-snippet:-1, max-image-preview:large, max-video-preview:-1\" \/>\n<link rel=\"canonical\" href=\"https:\/\/cbie.ca\/upcoming-events\/international-education-week\/\" \/>\n<meta property=\"og:locale\" content=\"fr_FR\" \/>\n<meta property=\"og:type\" content=\"article\" \/>\n<meta property=\"og:title\" content=\"La Semaine internationale de l\u2019\u00e9ducation - CBIE\" \/>\n<meta property=\"og:description\" content=\"[vc_row type=\u00a0\u00bbfull_width_section\u00a0\u00bb bg_image=\u00a0\u00bb29493&Prime; parallax_bg=\u00a0\u00bbtrue\u00a0\u00bb bg_color=\u00a0\u00bb#00334d\u00a0\u00bb text_color=\u00a0\u00bblight\u00a0\u00bb][vc_column column_padding=\u00a0\u00bbpadding-4&Prime; width=\u00a0\u00bb1\/1&Prime;][vc_row_inner][vc_column_inner width=\u00a0\u00bb1\/3&Prime;][vc_column_text] #SEI2019 [\/vc_column_text][vc_column_text] 18-22 NOVEMBRE 2019 [\/vc_column_text][vc_column_text] C\u00e9l\u00e9brons la Semaine de l\u2019\u00e9ducation internationale au Canada. [\/vc_column_text][\/vc_column_inner][vc_column_inner width=\u00a0\u00bb1\/3&Prime;][\/vc_column_inner][vc_column_inner width=\u00a0\u00bb1\/3&Prime;][\/vc_column_inner][\/vc_row_inner][\/vc_column][\/vc_row][vc_row type=\u00a0\u00bbfull_width_section\u00a0\u00bb bg_color=\u00a0\u00bb#00324c\u00a0\u00bb text_color=\u00a0\u00bblight\u00a0\u00bb text_align=\u00a0\u00bbcenter\u00a0\u00bb [&hellip;]\" \/>\n<meta property=\"og:url\" content=\"https:\/\/cbie.ca\/upcoming-events\/international-education-week\/\" \/>\n<meta property=\"og:site_name\" content=\"CBIE\" \/>\n<meta property=\"article:modified_time\" content=\"2019-07-02T19:11:02+00:00\" \/>\n<meta property=\"og:image\" content=\"https:\/\/cbie.ca\/wp-content\/uploads\/2024\/01\/CBIE-Announcement-EN.png\" \/>\n\t<meta property=\"og:image:width\" content=\"1600\" \/>\n\t<meta property=\"og:image:height\" content=\"900\" \/>\n\t<meta property=\"og:image:type\" content=\"image\/png\" \/>\n<meta name=\"twitter:card\" content=\"summary_large_image\" \/>\n<meta name=\"twitter:label1\" content=\"Dur\u00e9e de lecture estim\u00e9e\" \/>\n\t<meta name=\"twitter:data1\" content=\"10 minutes\" \/>\n<script type=\"application\/ld+json\" class=\"yoast-schema-graph\">{\"@context\":\"https:\\\/\\\/schema.org\",\"@graph\":[{\"@type\":\"WebPage\",\"@id\":\"https:\\\/\\\/cbie.ca\\\/upcoming-events\\\/international-education-week\\\/\",\"url\":\"https:\\\/\\\/cbie.ca\\\/upcoming-events\\\/international-education-week\\\/\",\"name\":\"La Semaine internationale de l\u2019\u00e9ducation - CBIE\",\"isPartOf\":{\"@id\":\"https:\\\/\\\/cbie.ca\\\/#website\"},\"datePublished\":\"2016-07-27T15:04:06+00:00\",\"dateModified\":\"2019-07-02T19:11:02+00:00\",\"breadcrumb\":{\"@id\":\"https:\\\/\\\/cbie.ca\\\/upcoming-events\\\/international-education-week\\\/#breadcrumb\"},\"inLanguage\":\"fr-FR\",\"potentialAction\":[{\"@type\":\"ReadAction\",\"target\":[\"https:\\\/\\\/cbie.ca\\\/upcoming-events\\\/international-education-week\\\/\"]}]},{\"@type\":\"BreadcrumbList\",\"@id\":\"https:\\\/\\\/cbie.ca\\\/upcoming-events\\\/international-education-week\\\/#breadcrumb\",\"itemListElement\":[{\"@type\":\"ListItem\",\"position\":1,\"name\":\"Home\",\"item\":\"https:\\\/\\\/cbie.ca\\\/fr\\\/\"},{\"@type\":\"ListItem\",\"position\":2,\"name\":\"\u00c9v\u00e9nements\",\"item\":\"https:\\\/\\\/cbie.ca\\\/upcoming-events\\\/\"},{\"@type\":\"ListItem\",\"position\":3,\"name\":\"La Semaine internationale de l\u2019\u00e9ducation\"}]},{\"@type\":\"WebSite\",\"@id\":\"https:\\\/\\\/cbie.ca\\\/#website\",\"url\":\"https:\\\/\\\/cbie.ca\\\/\",\"name\":\"Canadian Bureau for International Education\",\"description\":\"\",\"potentialAction\":[{\"@type\":\"SearchAction\",\"target\":{\"@type\":\"EntryPoint\",\"urlTemplate\":\"https:\\\/\\\/cbie.ca\\\/?s={search_term_string}\"},\"query-input\":{\"@type\":\"PropertyValueSpecification\",\"valueRequired\":true,\"valueName\":\"search_term_string\"}}],\"inLanguage\":\"fr-FR\"}]}<\/script>\n<!-- \/ Yoast SEO plugin. -->","yoast_head_json":{"title":"La Semaine internationale de l\u2019\u00e9ducation - CBIE","robots":{"index":"index","follow":"follow","max-snippet":"max-snippet:-1","max-image-preview":"max-image-preview:large","max-video-preview":"max-video-preview:-1"},"canonical":"https:\/\/cbie.ca\/upcoming-events\/international-education-week\/","og_locale":"fr_FR","og_type":"article","og_title":"La Semaine internationale de l\u2019\u00e9ducation - CBIE","og_description":"[vc_row type=\u00a0\u00bbfull_width_section\u00a0\u00bb bg_image=\u00a0\u00bb29493&Prime; parallax_bg=\u00a0\u00bbtrue\u00a0\u00bb bg_color=\u00a0\u00bb#00334d\u00a0\u00bb text_color=\u00a0\u00bblight\u00a0\u00bb][vc_column column_padding=\u00a0\u00bbpadding-4&Prime; width=\u00a0\u00bb1\/1&Prime;][vc_row_inner][vc_column_inner width=\u00a0\u00bb1\/3&Prime;][vc_column_text] #SEI2019 [\/vc_column_text][vc_column_text] 18-22 NOVEMBRE 2019 [\/vc_column_text][vc_column_text] C\u00e9l\u00e9brons la Semaine de l\u2019\u00e9ducation internationale au Canada. [\/vc_column_text][\/vc_column_inner][vc_column_inner width=\u00a0\u00bb1\/3&Prime;][\/vc_column_inner][vc_column_inner width=\u00a0\u00bb1\/3&Prime;][\/vc_column_inner][\/vc_row_inner][\/vc_column][\/vc_row][vc_row type=\u00a0\u00bbfull_width_section\u00a0\u00bb bg_color=\u00a0\u00bb#00324c\u00a0\u00bb text_color=\u00a0\u00bblight\u00a0\u00bb text_align=\u00a0\u00bbcenter\u00a0\u00bb [&hellip;]","og_url":"https:\/\/cbie.ca\/upcoming-events\/international-education-week\/","og_site_name":"CBIE","article_modified_time":"2019-07-02T19:11:02+00:00","og_image":[{"width":1600,"height":900,"url":"https:\/\/cbie.ca\/wp-content\/uploads\/2024\/01\/CBIE-Announcement-EN.png","type":"image\/png"}],"twitter_card":"summary_large_image","twitter_misc":{"Dur\u00e9e de lecture estim\u00e9e":"10 minutes"},"schema":{"@context":"https:\/\/schema.org","@graph":[{"@type":"WebPage","@id":"https:\/\/cbie.ca\/upcoming-events\/international-education-week\/","url":"https:\/\/cbie.ca\/upcoming-events\/international-education-week\/","name":"La Semaine internationale de l\u2019\u00e9ducation - CBIE","isPartOf":{"@id":"https:\/\/cbie.ca\/#website"},"datePublished":"2016-07-27T15:04:06+00:00","dateModified":"2019-07-02T19:11:02+00:00","breadcrumb":{"@id":"https:\/\/cbie.ca\/upcoming-events\/international-education-week\/#breadcrumb"},"inLanguage":"fr-FR","potentialAction":[{"@type":"ReadAction","target":["https:\/\/cbie.ca\/upcoming-events\/international-education-week\/"]}]},{"@type":"BreadcrumbList","@id":"https:\/\/cbie.ca\/upcoming-events\/international-education-week\/#breadcrumb","itemListElement":[{"@type":"ListItem","position":1,"name":"Home","item":"https:\/\/cbie.ca\/fr\/"},{"@type":"ListItem","position":2,"name":"\u00c9v\u00e9nements","item":"https:\/\/cbie.ca\/upcoming-events\/"},{"@type":"ListItem","position":3,"name":"La Semaine internationale de l\u2019\u00e9ducation"}]},{"@type":"WebSite","@id":"https:\/\/cbie.ca\/#website","url":"https:\/\/cbie.ca\/","name":"Canadian Bureau for International Education","description":"","potentialAction":[{"@type":"SearchAction","target":{"@type":"EntryPoint","urlTemplate":"https:\/\/cbie.ca\/?s={search_term_string}"},"query-input":{"@type":"PropertyValueSpecification","valueRequired":true,"valueName":"search_term_string"}}],"inLanguage":"fr-FR"}]}},"_links":{"self":[{"href":"https:\/\/cbie.ca\/fr\/wp-json\/wp\/v2\/pages\/21978","targetHints":{"allow":["GET"]}}],"collection":[{"href":"https:\/\/cbie.ca\/fr\/wp-json\/wp\/v2\/pages"}],"about":[{"href":"https:\/\/cbie.ca\/fr\/wp-json\/wp\/v2\/types\/page"}],"author":[{"embeddable":true,"href":"https:\/\/cbie.ca\/fr\/wp-json\/wp\/v2\/users\/2"}],"replies":[{"embeddable":true,"href":"https:\/\/cbie.ca\/fr\/wp-json\/wp\/v2\/comments?post=21978"}],"version-history":[{"count":0,"href":"https:\/\/cbie.ca\/fr\/wp-json\/wp\/v2\/pages\/21978\/revisions"}],"up":[{"embeddable":true,"href":"https:\/\/cbie.ca\/fr\/wp-json\/wp\/v2\/pages\/18419"}],"wp:attachment":[{"href":"https:\/\/cbie.ca\/fr\/wp-json\/wp\/v2\/media?parent=21978"}],"curies":[{"name":"wp","href":"https:\/\/api.w.org\/{rel}","templated":true}]}}