{"id":17721,"date":"2016-05-12T16:51:49","date_gmt":"2016-05-12T16:51:49","guid":{"rendered":"http:\/\/198.12.153.159\/~cbie\/?page_id=17721&#038;lang=fr"},"modified":"2018-01-11T09:22:54","modified_gmt":"2018-01-11T14:22:54","slug":"prix-dexcellence-du-bcei-en-education-internationale","status":"publish","type":"page","link":"https:\/\/cbie.ca\/fr\/notre-travail\/prix-dexcellence-du-bcei-en-education-internationale\/","title":{"rendered":"Prix d\u2019excellence du BCEI"},"content":{"rendered":"<div class=\"wpb-content-wrapper\"><p>[vc_row type=\u00a0\u00bbfull_width_section\u00a0\u00bb bg_color=\u00a0\u00bb#f2f2f2&Prime; text_align=\u00a0\u00bbcenter\u00a0\u00bb][vc_column bg_color=\u00a0\u00bb#f2f2f2&Prime; column_padding=\u00a0\u00bbpadding-3&Prime; text_align=\u00a0\u00bbcenter\u00a0\u00bb width=\u00a0\u00bb1\/1&Prime;][vc_column_text]<\/p>\n<h5 style=\"text-align: center;\">Le BCEI est heureux d\u2019annoncer les laur\u00e9ats de ses prix d\u2019excellence 2016 pr\u00e9sentant les innovateurs, leaders, connecteurs et nouvelles vedettes de notre domaine.<\/h5>\n<p>[\/vc_column_text]<div class=\"spacer\" style=\"height: 30px;\"><\/div><a href=\"https:\/\/cbie.ca\/notre-travail\/prix-dexcellence-du-bcei-en-education-internationale\/laureats-des-prix-dexcellence-du-bcei\/?lang=fr\" target=\"_blank\" class=\"button color-1 small btn-blue\" style=\"border-radius: 2px;\">Laur\u00e9ats des prix d\u2019excellence<\/a><div class=\"spacer\" style=\"height: 30px;\"><\/div>[vc_column_text]<\/p>\n<p style=\"text-align: center;\"><strong><em>Tous les d\u00e9tails sur les mises en candidature aux prix d\u2019excellence 2018 seront publi\u00e9s au printemps.<\/em><\/strong><\/p>\n<p>[\/vc_column_text][\/vc_column][\/vc_row][vc_row type=\u00a0\u00bbfull_width_section\u00a0\u00bb text_align=\u00a0\u00bbcenter\u00a0\u00bb][vc_column column_padding=\u00a0\u00bbpadding-3&Prime; text_align=\u00a0\u00bbcenter\u00a0\u00bb width=\u00a0\u00bb1\/1&Prime;][vc_column_text]<\/p>\n<h3 style=\"text-align: center;\">Crit\u00e8res des prix<\/h3>\n<p>[\/vc_column_text]<div class=\"newdivider align-center\" style=\"border-bottom-style: solid; border-color: #a7a8aa; border-bottom-width: 2px; margin-top: 30px; margin-bottom: 30px; width: 130px; \"><\/div><div class=\"clear\"><\/div>[vc_column_text]<\/p>\n<h5 style=\"text-align: center;\">Avec l\u2019intention d\u2019honorer l&rsquo;excellence dans le domaine de l&rsquo;\u00e9ducation internationale \u00e0 diff\u00e9rents niveaux et dans une gamme de sp\u00e9cialit\u00e9s, les cat\u00e9gories de prix sont con\u00e7ues pour illustrer les quatre piliers du BCEI d\u2019une fa\u00e7on significative: EXPERTISE. SAVOIR. POSSIBILIT\u00c9S. LEADERSHIP.<strong><br \/>\n<\/strong><\/h5>\n<p>[\/vc_column_text][\/vc_column][\/vc_row][vc_row type=\u00a0\u00bbfull_width_section\u00a0\u00bb][vc_column column_padding=\u00a0\u00bbpadding-3&Prime; width=\u00a0\u00bb1\/4&Prime;][vc_column_text]<\/p>\n<h5><span style=\"color: #006e96;\">Prix des Fondateurs du BCEI <\/span><\/h5>\n<p><strong>Remis \u00e0 un individu dont la contribution et l\u2019appui \u00e0 l\u2019\u00e9ducation internationale sont reconnus et\u00a0 appr\u00e9ci\u00e9s. Cet individu extraordinaire personnifie l\u2019\u00e9nonc\u00e9 de valeur central du BCEI\u00a0: \u00ab\u00a0Expertise. Savoir. Possibilit\u00e9s. Leadership. \u00bb\u00a0 Ce prix conf\u00e8re une adh\u00e9sion \u00e0 titre de membre honoraire.<\/strong><\/p>\n<p>\u00c0 la discr\u00e9tion du Conseil d\u2019administration, ce prix peut \u00eatre offert sans mise en nomination officielle.<\/p>\n<p><strong>Crit\u00e8res <\/strong><strong>:<\/strong><\/p>\n<ul>\n<li>A eu un grande influence;<\/li>\n<li>A jou\u00e9 un r\u00f4le important dans l\u2019enrichissement du profil de l\u2019\u00e9ducation internationale;<\/li>\n<li>A apport\u00e9 une contribution importante \u00e0 l\u2019\u00e9ducation internationale, et a eu des r\u00e9percussions au Canada ou dans d\u2019autres parties du monde;<\/li>\n<li>Pas n\u00e9cessairement d\u2019un \u00e9tablissement membre du BCEI;<\/li>\n<li>Pas n\u00e9cessairement un Canadien.<\/li>\n<\/ul>\n<p>Nombre de prix offerts : 1<br \/>\nFr\u00e9quence : \u00e0 l\u2019occasion[\/vc_column_text][\/vc_column][vc_column column_padding=\u00a0\u00bbpadding-3&Prime; width=\u00a0\u00bb1\/4&Prime;][vc_column_text]<\/p>\n<h5 style=\"text-align: left;\"><span style=\"color: #006e96;\">Prix de la Pr\u00e9sidente du BCEI (nouveau)<br \/>\n<\/span><\/h5>\n<p><strong>D\u00e9cern\u00e9 \u00e0 une \u00e9quipe ou \u00e0 une personne qui a fait preuve d\u2019innovation et d\u2019excellence en mati\u00e8re de conception, de planification, de mise en oeuvre et de gestion d\u2019initiatives de grande qualit\u00e9 pour appuyer les \u00e9tudes et la mobilit\u00e9 \u00e0 l\u2019\u00e9tranger.<\/strong><\/p>\n<ul>\n<li>Engagement envers l\u2019internationalisation de tout l\u2019\u00e9tablissement (ou la commission scolaire) au moyen de r\u00e9alisations au niveau scolaire, des services et de la participation de la collectivit\u00e9;<\/li>\n<li>D\u00e9montre une planification et une \u00e9valuation continue des effets des activit\u00e9s et des initiatives;<\/li>\n<li>D\u00e9montre de l\u2019innovation et des changements positifs chez les \u00e9tudiants, le personnel enseignant et de soutien, et dans l\u2019administration;<\/li>\n<li>Visionnaire en \u00e9ducation internationale;<\/li>\n<li>Des id\u00e9es et solutions durables, qui font participer les gens dont les vies sont appel\u00e9es \u00e0 changer;<\/li>\n<li>D\u00e9montre de la cr\u00e9ativit\u00e9 avec les ressources disponibles;<\/li>\n<li>D\u00e9montre que l\u2019innovation s\u2019est traduite en une possibilit\u00e9 durable;<\/li>\n<li>Doit \u00eatre un \u00e9tablissement membre du BCEI.<\/li>\n<\/ul>\n<p>Nombre de prix offerts : 1<br \/>\nFr\u00e9quence : prix annuel[\/vc_column_text][\/vc_column][vc_column column_padding=\u00a0\u00bbpadding-3&Prime; width=\u00a0\u00bb1\/4&Prime;][vc_column_text]<\/p>\n<h5 style=\"text-align: left;\"><span style=\"color: #006e96;\">Prix du Conseil d\u2019administration du BCEI (nouveau)<br \/>\n<\/span><\/h5>\n<p><strong>D\u00e9cern\u00e9 \u00e0 un individu afin de reconna\u00eetre un leadership extraordinaire dans l\u2019internationalisation de l\u2019\u00e9ducation.<\/strong><\/p>\n<ul>\n<li>A manifest\u00e9 un leadership extraordinaire dans l\u2019internationalisation de l\u2019\u00e9ducation canadienne et\/ou a fait avancer la profession de l\u2019\u00e9ducation internationale au palier national ou international;<\/li>\n<li>Son effet sur l\u2019internationalisation va au-del\u00e0 de l\u2019\u00e9tablissement ou de l\u2019organisme d\u2019attache, suscite la participation et motive d\u2019autres individus ou \u00e9tablissements;<\/li>\n<li>Manifeste de la cr\u00e9ativit\u00e9 avec les ressources disponibles ou en trouvant de nouvelles;<\/li>\n<li>Occupe un poste de leadership, tel que directeur de d\u00e9partement ou doyen de facult\u00e9, ou directeur des services aux \u00e9tudiants;<\/li>\n<li>Preuves de leadership soutenu, avec un minimum de 10 ans dans le domaine, \u00e0 mi-carri\u00e8re ou apr\u00e8s;<\/li>\n<li>N\u2019est pas habituellement pas le\/la chef de la direction (\u00e0 moins qu\u2019il ou elle n\u2019ait fait preuve d\u2019un leadership extraordinaire en \u00e9ducation internationale);<\/li>\n<li>Pas n\u00e9cessairement un Canadien.<\/li>\n<\/ul>\n<p>Nombre\u00a0 de prix offerts : 1<br \/>\nFr\u00e9quence : prix annuel[\/vc_column_text][\/vc_column][vc_column column_padding=\u00a0\u00bbpadding-3&Prime; width=\u00a0\u00bb1\/4&Prime;][vc_column_text]<\/p>\n<h5 style=\"text-align: left;\"><span style=\"color: #006e96;\">Prix Nouveau Monde du BCEI <\/span><\/h5>\n<p><strong>D\u00e9cern\u00e9 \u00e0 un \u00e9tudiant canadien ou \u00e0 un groupe d\u2019\u00e9tudiants afin de reconna\u00eetre une contribution positive li\u00e9e \u00e0 l\u2019internationalisation de la collectivit\u00e9 sur leur campus. (Le\/les r\u00e9cipiendaire\/s seront invit\u00e9s \u00e0 co-pr\u00e9senter une s\u00e9ance ou une s\u00e9ance affiche au congr\u00e8s.)<\/strong><\/p>\n<ul>\n<li>A ou ont eu une contribution remarquable favorisant l\u2019internationalisation de la vie sur le campus; OU a\/ont dirig\u00e9 une nouvelle initiative ou manifest\u00e9 un leadership exceptionnel d\u2019initiatives internationales en cours;<\/li>\n<li>Manifeste un comportement ou une attitude en concordance avec les th\u00e8mes de \u00ab\u00a0bon citoyen du monde\u00a0\u00bb et de cr\u00e9er un monde meilleur;<\/li>\n<li>Combine habilet\u00e9s en leadership et haut rendement acad\u00e9mique;<\/li>\n<li>Suit des cours \u00e0 temps plein au Canada dans un programme durant au moins un an;<\/li>\n<li>\u00c9tudiant inscrit dans un \u00e9tablissement membre du BCEI.<\/li>\n<\/ul>\n<p>Nombre\u00a0 de prix offerts\u00a0: 1<br \/>\nFr\u00e9quence : prix annuel[\/vc_column_text][\/vc_column][\/vc_row][vc_row type=\u00a0\u00bbfull_width_section\u00a0\u00bb][vc_column column_padding=\u00a0\u00bbpadding-3&Prime; width=\u00a0\u00bb1\/4&Prime;][vc_column_text]<\/p>\n<h5 style=\"text-align: left;\"><span style=\"color: #006e96;\">Membre \u00e9m\u00e9rite du BCEI<\/span><\/h5>\n<p><strong>Une mention \u00a0d\u00e9cern\u00e9e \u00e0 un individu qui prend sa retraite du secteur afin de reconna\u00eetre son service et son appui \u00e0 long terme au BCEI. Ce prix conf\u00e8re une adh\u00e9sion \u00e0 titre de membre honoraire.<\/strong><\/p>\n<ul>\n<li>A fourni un service b\u00e9n\u00e9vole de longue date et sans faille au BCEI par une participation au Conseil d\u2019administration, des contributions \u00e0 des groupes de travail, leadership de nos Communaut\u00e9s d\u2019apprentissage professionnel, des activit\u00e9s de perfectionnement professionnel ou la mise en \u0153uvre d\u2019un projet;<\/li>\n<li>Ou a fourni un service semblable en \u00e9ducation internationale au palier national \u00e0 un autre titre;<\/li>\n<li>A appuy\u00e9 et a d\u00e9fendu la mission, le mandat et les activit\u00e9s du BCEI;<\/li>\n<li>A fourni ce service pendant au moins 10 ans;<\/li>\n<li>Mention accord\u00e9e au moment de prendre sa retraite du secteur (ou dans les 12 mois de la retraite);<\/li>\n<li>Peut \u00eatre remis \u00e0 titre posthume.<\/li>\n<\/ul>\n<p>Nombre de prix offerts : 1<br \/>\nFr\u00e9quence : \u00e0 l\u2019occasion<\/p>\n<p>&nbsp;<\/p>\n<p>[\/vc_column_text][\/vc_column][vc_column column_padding=\u00a0\u00bbpadding-3&Prime; width=\u00a0\u00bb1\/4&Prime;][vc_column_text]<\/p>\n<h5 style=\"text-align: left;\"><span style=\"color: #006e96;\">Prix Catalyseur du BCEI <\/span><\/h5>\n<p><strong>D\u00e9cern\u00e9 \u00e0 un individu ou \u00e0 un groupe\u00a0 pour avoir apport\u00e9 de nouvelles connaissances de pointe dans le domaine de l\u2019\u00e9ducation internationale.<\/strong><\/p>\n<p>\u00c0 la discr\u00e9tion du Conseil d\u2019administration, ce prix peut \u00eatre offert sans mise en nomination officielle.<\/p>\n<ul>\n<li>Un individu ou un groupe qui a produit une recherche de pointe sur un sujet d\u2019actualit\u00e9 en \u00e9ducation internationale et qui est transf\u00e9rable \u00e0 la pratique;<\/li>\n<li>La recherche doit \u00eatre d\u2019une qualit\u00e9 extraordinaire;<\/li>\n<li>Pas n\u00e9cessairement d\u2019un \u00e9tablissement membre du BCEI;<\/li>\n<li>Doit \u00eatre d\u2019un \u00e9tablissement canadien.<\/li>\n<\/ul>\n<p>Nombre de prix offerts : 1<br \/>\nFr\u00e9quence : \u00e0 l\u2019occasion<\/p>\n<p>&nbsp;<\/p>\n<p>[\/vc_column_text][\/vc_column][vc_column column_padding=\u00a0\u00bbpadding-3&Prime; width=\u00a0\u00bb1\/4&Prime;][vc_column_text]<\/p>\n<h5 style=\"text-align: left;\"><span style=\"color: #006e96;\">Prix \u00c9toile polaire du BCEI<br \/>\n<\/span><\/h5>\n<p><strong>D\u00e9cern\u00e9 \u00e0 un nouveau professionnel\u00a0 tr\u00e8s \u00a0prometteur dans le secteur de l\u2019\u00e9ducation internationale; afin de reconna\u00eetre et encourager des individus extraordinaires \u00e0 continuer dans le secteur.<\/strong><\/p>\n<ul>\n<li>Bien que relativement nouveau dans le domaine, cet individu a manifest\u00e9 du leadership, de l\u2019engagement et un sens \u00e9lev\u00e9 de la d\u00e9ontologie dans l\u2019exercice de son r\u00f4le en \u00e9ducation internationale;<\/li>\n<li>A dirig\u00e9 ou aid\u00e9 \u00e0 diriger de nouvelles initiatives en \u00e9ducation internationale dans son \u00e9tablissement ou dans des organismes professionnels;<\/li>\n<li>D\u00e9cern\u00e9 en g\u00e9n\u00e9ral \u00e0 quelqu\u2019un ayant (7) sept ans d\u2019exp\u00e9rience ou moins;<\/li>\n<li>Doit \u00eatre dans un \u00e9tablissement membre du BCEI.<\/li>\n<\/ul>\n<p>Nombre de prix offerts : 1<br \/>\nFr\u00e9quence : prix annuel<\/p>\n<p>&nbsp;<\/p>\n<p>[\/vc_column_text][\/vc_column][vc_column column_padding=\u00a0\u00bbpadding-3&Prime; width=\u00a0\u00bb1\/4&Prime;][vc_column_text]<\/p>\n<h5 style=\"text-align: left;\"><span style=\"color: #006e96;\">Prix Elizabeth Paterson du BCEI<\/span><\/h5>\n<p><strong>D\u00e9cern\u00e9 \u00e0 un \u00e9tudiant international \u00a0ou \u00e0 un groupe d\u2019\u00e9tudiants afin de reconna\u00eetre\u00a0 ceux qui apportent une contribution positive \u00e0 l\u2019internationalisation de la collectivit\u00e9 sur leur campus. (Le\/les r\u00e9cipiendaires seront invit\u00e9s \u00e0 co-pr\u00e9senter une s\u00e9ance ou une s\u00e9ance affiche au congr\u00e8s.)<\/strong><\/p>\n<ul>\n<li>A ou ont eu une contribution remarquable li\u00e9e \u00e0 l\u2019internationalisation de la vie sur le campus; OU a\/ont dirig\u00e9 une nouvelle initiative ou manifest\u00e9 un leadership exceptionnel d\u2019initiatives internationales en cours;<\/li>\n<li>Manifeste un comportement ou une attitude en concordance avec les th\u00e8mes de \u00ab\u00a0bon citoyen du monde\u00a0\u00bb et de cr\u00e9er monde meilleur;<\/li>\n<li>Combine habilet\u00e9s en leadership et haut rendement acad\u00e9mique ;<\/li>\n<li>\u00c9tudiant inscrit dans un \u00e9tablissement membre du BCEI;<\/li>\n<li>Suit des cours \u00e0 temps plein au Canada.<\/li>\n<\/ul>\n<p>Nombre\u00a0 de prix offerts\u00a0: 1<br \/>\nFr\u00e9quence : prix annuel[\/vc_column_text][\/vc_column][\/vc_row][vc_row bg_color=\u00a0\u00bb#01426a\u00a0\u00bb text_color=\u00a0\u00bblight\u00a0\u00bb][vc_column column_padding=\u00a0\u00bbpadding-3&Prime; text_color=\u00a0\u00bblight\u00a0\u00bb width=\u00a0\u00bb1\/1&Prime;][vc_column_text]<\/p>\n<p style=\"text-align: center;\"><strong>Pour obtenir de plus amples renseignements, pri\u00e8re de communiquer avec Alissar Hajjar au <a href=\"mailto:ahajjar@cbie.ca\" target=\"_blank\" rel=\"noopener noreferrer\">ahajjar@cbie.ca<\/a>.<\/strong><\/p>\n<p>[\/vc_column_text][\/vc_column][\/vc_row]<\/p>\n<\/div>","protected":false},"excerpt":{"rendered":"<p>[vc_row type=\u00a0\u00bbfull_width_section\u00a0\u00bb bg_color=\u00a0\u00bb#f2f2f2&Prime; text_align=\u00a0\u00bbcenter\u00a0\u00bb][vc_column bg_color=\u00a0\u00bb#f2f2f2&Prime; column_padding=\u00a0\u00bbpadding-3&Prime; text_align=\u00a0\u00bbcenter\u00a0\u00bb width=\u00a0\u00bb1\/1&Prime;][vc_column_text] Le BCEI est heureux d\u2019annoncer les laur\u00e9ats de ses prix d\u2019excellence 2016 pr\u00e9sentant les innovateurs, leaders, connecteurs et nouvelles vedettes de notre [&hellip;]<\/p>\n","protected":false},"author":63,"featured_media":0,"parent":17116,"menu_order":0,"comment_status":"closed","ping_status":"closed","template":"","meta":{"_acf_changed":false,"footnotes":""},"class_list":["post-17721","page","type-page","status-publish","hentry"],"acf":[],"yoast_head":"<!-- This site is optimized with the Yoast SEO plugin v27.5 - https:\/\/yoast.com\/product\/yoast-seo-wordpress\/ -->\n<title>Prix d\u2019excellence du BCEI - CBIE<\/title>\n<meta name=\"robots\" content=\"index, follow, max-snippet:-1, max-image-preview:large, max-video-preview:-1\" \/>\n<link rel=\"canonical\" href=\"https:\/\/cbie.ca\/fr\/notre-travail\/prix-dexcellence-du-bcei-en-education-internationale\/\" \/>\n<meta property=\"og:locale\" content=\"fr_FR\" \/>\n<meta property=\"og:type\" content=\"article\" \/>\n<meta property=\"og:title\" content=\"Prix d\u2019excellence du BCEI - CBIE\" \/>\n<meta property=\"og:description\" content=\"[vc_row type=\u00a0\u00bbfull_width_section\u00a0\u00bb bg_color=\u00a0\u00bb#f2f2f2&Prime; text_align=\u00a0\u00bbcenter\u00a0\u00bb][vc_column bg_color=\u00a0\u00bb#f2f2f2&Prime; column_padding=\u00a0\u00bbpadding-3&Prime; text_align=\u00a0\u00bbcenter\u00a0\u00bb width=\u00a0\u00bb1\/1&Prime;][vc_column_text] Le BCEI est heureux d\u2019annoncer les laur\u00e9ats de ses prix d\u2019excellence 2016 pr\u00e9sentant les innovateurs, leaders, connecteurs et nouvelles vedettes de notre [&hellip;]\" \/>\n<meta property=\"og:url\" content=\"https:\/\/cbie.ca\/fr\/notre-travail\/prix-dexcellence-du-bcei-en-education-internationale\/\" \/>\n<meta property=\"og:site_name\" content=\"CBIE\" \/>\n<meta property=\"article:modified_time\" content=\"2018-01-11T14:22:54+00:00\" \/>\n<meta property=\"og:image\" content=\"https:\/\/cbie.ca\/wp-content\/uploads\/2024\/01\/CBIE-Announcement-EN.png\" \/>\n\t<meta property=\"og:image:width\" content=\"1600\" \/>\n\t<meta property=\"og:image:height\" content=\"900\" \/>\n\t<meta property=\"og:image:type\" content=\"image\/png\" \/>\n<meta name=\"twitter:card\" content=\"summary_large_image\" \/>\n<meta name=\"twitter:label1\" content=\"Dur\u00e9e de lecture estim\u00e9e\" \/>\n\t<meta name=\"twitter:data1\" content=\"8 minutes\" \/>\n<script type=\"application\/ld+json\" class=\"yoast-schema-graph\">{\"@context\":\"https:\\\/\\\/schema.org\",\"@graph\":[{\"@type\":\"WebPage\",\"@id\":\"https:\\\/\\\/cbie.ca\\\/fr\\\/notre-travail\\\/prix-dexcellence-du-bcei-en-education-internationale\\\/\",\"url\":\"https:\\\/\\\/cbie.ca\\\/fr\\\/notre-travail\\\/prix-dexcellence-du-bcei-en-education-internationale\\\/\",\"name\":\"Prix d\u2019excellence du BCEI - CBIE\",\"isPartOf\":{\"@id\":\"https:\\\/\\\/cbie.ca\\\/#website\"},\"datePublished\":\"2016-05-12T16:51:49+00:00\",\"dateModified\":\"2018-01-11T14:22:54+00:00\",\"breadcrumb\":{\"@id\":\"https:\\\/\\\/cbie.ca\\\/fr\\\/notre-travail\\\/prix-dexcellence-du-bcei-en-education-internationale\\\/#breadcrumb\"},\"inLanguage\":\"fr-FR\",\"potentialAction\":[{\"@type\":\"ReadAction\",\"target\":[\"https:\\\/\\\/cbie.ca\\\/fr\\\/notre-travail\\\/prix-dexcellence-du-bcei-en-education-internationale\\\/\"]}]},{\"@type\":\"BreadcrumbList\",\"@id\":\"https:\\\/\\\/cbie.ca\\\/fr\\\/notre-travail\\\/prix-dexcellence-du-bcei-en-education-internationale\\\/#breadcrumb\",\"itemListElement\":[{\"@type\":\"ListItem\",\"position\":1,\"name\":\"Home\",\"item\":\"https:\\\/\\\/cbie.ca\\\/fr\\\/\"},{\"@type\":\"ListItem\",\"position\":2,\"name\":\"Activit\u00e9s internationales\",\"item\":\"https:\\\/\\\/cbie.ca\\\/what-we-do\\\/\"},{\"@type\":\"ListItem\",\"position\":3,\"name\":\"Prix d\u2019excellence du BCEI\"}]},{\"@type\":\"WebSite\",\"@id\":\"https:\\\/\\\/cbie.ca\\\/#website\",\"url\":\"https:\\\/\\\/cbie.ca\\\/\",\"name\":\"Canadian Bureau for International Education\",\"description\":\"\",\"potentialAction\":[{\"@type\":\"SearchAction\",\"target\":{\"@type\":\"EntryPoint\",\"urlTemplate\":\"https:\\\/\\\/cbie.ca\\\/?s={search_term_string}\"},\"query-input\":{\"@type\":\"PropertyValueSpecification\",\"valueRequired\":true,\"valueName\":\"search_term_string\"}}],\"inLanguage\":\"fr-FR\"}]}<\/script>\n<!-- \/ Yoast SEO plugin. -->","yoast_head_json":{"title":"Prix d\u2019excellence du BCEI - CBIE","robots":{"index":"index","follow":"follow","max-snippet":"max-snippet:-1","max-image-preview":"max-image-preview:large","max-video-preview":"max-video-preview:-1"},"canonical":"https:\/\/cbie.ca\/fr\/notre-travail\/prix-dexcellence-du-bcei-en-education-internationale\/","og_locale":"fr_FR","og_type":"article","og_title":"Prix d\u2019excellence du BCEI - CBIE","og_description":"[vc_row type=\u00a0\u00bbfull_width_section\u00a0\u00bb bg_color=\u00a0\u00bb#f2f2f2&Prime; text_align=\u00a0\u00bbcenter\u00a0\u00bb][vc_column bg_color=\u00a0\u00bb#f2f2f2&Prime; column_padding=\u00a0\u00bbpadding-3&Prime; text_align=\u00a0\u00bbcenter\u00a0\u00bb width=\u00a0\u00bb1\/1&Prime;][vc_column_text] Le BCEI est heureux d\u2019annoncer les laur\u00e9ats de ses prix d\u2019excellence 2016 pr\u00e9sentant les innovateurs, leaders, connecteurs et nouvelles vedettes de notre [&hellip;]","og_url":"https:\/\/cbie.ca\/fr\/notre-travail\/prix-dexcellence-du-bcei-en-education-internationale\/","og_site_name":"CBIE","article_modified_time":"2018-01-11T14:22:54+00:00","og_image":[{"width":1600,"height":900,"url":"https:\/\/cbie.ca\/wp-content\/uploads\/2024\/01\/CBIE-Announcement-EN.png","type":"image\/png"}],"twitter_card":"summary_large_image","twitter_misc":{"Dur\u00e9e de lecture estim\u00e9e":"8 minutes"},"schema":{"@context":"https:\/\/schema.org","@graph":[{"@type":"WebPage","@id":"https:\/\/cbie.ca\/fr\/notre-travail\/prix-dexcellence-du-bcei-en-education-internationale\/","url":"https:\/\/cbie.ca\/fr\/notre-travail\/prix-dexcellence-du-bcei-en-education-internationale\/","name":"Prix d\u2019excellence du BCEI - CBIE","isPartOf":{"@id":"https:\/\/cbie.ca\/#website"},"datePublished":"2016-05-12T16:51:49+00:00","dateModified":"2018-01-11T14:22:54+00:00","breadcrumb":{"@id":"https:\/\/cbie.ca\/fr\/notre-travail\/prix-dexcellence-du-bcei-en-education-internationale\/#breadcrumb"},"inLanguage":"fr-FR","potentialAction":[{"@type":"ReadAction","target":["https:\/\/cbie.ca\/fr\/notre-travail\/prix-dexcellence-du-bcei-en-education-internationale\/"]}]},{"@type":"BreadcrumbList","@id":"https:\/\/cbie.ca\/fr\/notre-travail\/prix-dexcellence-du-bcei-en-education-internationale\/#breadcrumb","itemListElement":[{"@type":"ListItem","position":1,"name":"Home","item":"https:\/\/cbie.ca\/fr\/"},{"@type":"ListItem","position":2,"name":"Activit\u00e9s internationales","item":"https:\/\/cbie.ca\/what-we-do\/"},{"@type":"ListItem","position":3,"name":"Prix d\u2019excellence du BCEI"}]},{"@type":"WebSite","@id":"https:\/\/cbie.ca\/#website","url":"https:\/\/cbie.ca\/","name":"Canadian Bureau for International Education","description":"","potentialAction":[{"@type":"SearchAction","target":{"@type":"EntryPoint","urlTemplate":"https:\/\/cbie.ca\/?s={search_term_string}"},"query-input":{"@type":"PropertyValueSpecification","valueRequired":true,"valueName":"search_term_string"}}],"inLanguage":"fr-FR"}]}},"_links":{"self":[{"href":"https:\/\/cbie.ca\/fr\/wp-json\/wp\/v2\/pages\/17721","targetHints":{"allow":["GET"]}}],"collection":[{"href":"https:\/\/cbie.ca\/fr\/wp-json\/wp\/v2\/pages"}],"about":[{"href":"https:\/\/cbie.ca\/fr\/wp-json\/wp\/v2\/types\/page"}],"author":[{"embeddable":true,"href":"https:\/\/cbie.ca\/fr\/wp-json\/wp\/v2\/users\/63"}],"replies":[{"embeddable":true,"href":"https:\/\/cbie.ca\/fr\/wp-json\/wp\/v2\/comments?post=17721"}],"version-history":[{"count":0,"href":"https:\/\/cbie.ca\/fr\/wp-json\/wp\/v2\/pages\/17721\/revisions"}],"up":[{"embeddable":true,"href":"https:\/\/cbie.ca\/fr\/wp-json\/wp\/v2\/pages\/17116"}],"wp:attachment":[{"href":"https:\/\/cbie.ca\/fr\/wp-json\/wp\/v2\/media?parent=17721"}],"curies":[{"name":"wp","href":"https:\/\/api.w.org\/{rel}","templated":true}]}}