{"id":102750,"date":"2023-12-07T10:05:37","date_gmt":"2023-12-07T15:05:37","guid":{"rendered":"https:\/\/cbieca.wpenginepowered.com\/?page_id=102750"},"modified":"2024-12-04T14:50:12","modified_gmt":"2024-12-04T19:50:12","slug":"cap-sace-rapport-annuel-2023","status":"publish","type":"page","link":"https:\/\/cbie.ca\/fr\/notre-reseau\/professional-learning-communities\/cap-sace\/cap-sace-rapport-annuel-2023\/","title":{"rendered":"CAP-SACE Rapport annuel 2023"},"content":{"rendered":"<div class=\"wpb-content-wrapper\"><p>[vc_row bg_image=\u00a0\u00bb102774&Prime; parallax_bg=\u00a0\u00bbtrue\u00a0\u00bb bg_color=\u00a0\u00bb#ffffff\u00a0\u00bb text_color=\u00a0\u00bblight\u00a0\u00bb text_align=\u00a0\u00bbcenter\u00a0\u00bb full_height=\u00a0\u00bbtrue\u00a0\u00bb][vc_column width=\u00a0\u00bb1\/1&Prime;][vc_column_text]<\/p>\n<h1>Rapport annuel 2023<\/h1>\n<p>[\/vc_column_text]<div class=\"newdivider align-center\" style=\"border-bottom-style: solid; border-color: #ffc72c; border-bottom-width: 2px; margin-top: 20px; margin-bottom: 20px; width: 100%; \"><\/div><div class=\"clear\"><\/div>[vc_column_text]<\/p>\n<h2 style=\"font-size: 40px;\">Communaut\u00e9 d\u2019apprentissage professionnelle \u2013 Student Advising \u2013 Conseil aux \u00e9tudiants <span class=\"nowrap\">(CAP-SACE) <\/span>octobre 2023<\/h2>\n<p>[\/vc_column_text][\/vc_column][\/vc_row][vc_row type=\u00a0\u00bbfull_width_section\u00a0\u00bb top_padding=\u00a0\u00bb80&Prime; bottom_padding=\u00a0\u00bb80&Prime;][vc_column width=\u00a0\u00bb1\/4&Prime;][\/vc_column][vc_column column_padding=\u00a0\u00bbpadding-3&Prime; width=\u00a0\u00bb1\/2&Prime;][vc_column_text]<\/p>\n<h3>Message de la copr\u00e9sidence<\/h3>\n<p>Au cours de la derni\u00e8re ann\u00e9e, le comit\u00e9 directeur de la CAP-SACE s\u2019est concentr\u00e9 sur la planification et la mise en \u0153uvre de th\u00e9matiques cl\u00e9s d\u00e9gag\u00e9es en consultation avec notre communaut\u00e9. Notre comit\u00e9 directeur a accueilli trois nouvelles membres. Il est d\u00e9sormais compos\u00e9 de deux copr\u00e9sidentes et de 8 membres, chacune donnant de son temps b\u00e9n\u00e9volement afin de soutenir les conseiller.\u00e8re.s aux \u00e9tudiant.e.s de partout au Canada.<br \/>\nFort de vos contributions, le comit\u00e9 directeur a organis\u00e9 des activit\u00e9s couvrant l\u2019ensemble des sujets prioritaires au cours de l\u2019ann\u00e9e. Nous avons fait appel, au sein de notre communaut\u00e9, \u00e0 l\u2019expertise de nos coll\u00e8gues pour offrir des s\u00e9ances. L\u2019int\u00e9gration de nos membres dans les discussions et pr\u00e9sentations s\u2019inscrit par ailleurs dans les objectifs de la CAP. Nous devons avouer que nous avons connu une excellente ann\u00e9e, avec 12 s\u00e9ances pr\u00e9sent\u00e9es. Nos \u00e9v\u00e9nements, y compris notre d\u00e9jeuner de la CAP-SACE au congr\u00e8s BCEI2023, nous ont donn\u00e9 l\u2019occasion de tisser des liens et de faire connaissance avec bon nombre de coll\u00e8gues de partout au Canada.<\/p>\n<p>En 2024, nous poursuivrons nos efforts pour organiser plus d\u2019\u00e9v\u00e9nements offrant \u00e0 nos membres des possibilit\u00e9s de perfectionnement par le partage de connaissances. Nous continuerons de faire appel aux membres de la CAP pour pr\u00e9senter dans le cadre des activit\u00e9s SACE Presents et pour nous sugg\u00e9rer des sujets \u00e0 d\u00e9couvrir. Par cons\u00e9quent, si vous travaillez sur un projet ou une initiative qui vous passionne, ou si vous avez de l\u2019exp\u00e9rience avec un sujet qui pourrait int\u00e9resser les membres de la CAP, n\u2019h\u00e9sitez pas \u00e0 nous le faire savoir. Nous serions ravies de vous inviter \u00e0 l\u2019un de nos prochains \u00e9v\u00e9nements.<\/p>\n<p>Ce fut un grand honneur pour le comit\u00e9 directeur de servir notre communaut\u00e9.<\/p>\n<p>Avec notre profonde gratitude,<br \/>\nIma et Shanda[\/vc_column_text][\/vc_column][vc_column width=\u00a0\u00bb1\/4&Prime;][\/vc_column][\/vc_row][vc_row type=\u00a0\u00bbfull_width_section\u00a0\u00bb][vc_column width=\u00a0\u00bb1\/1&Prime;][vc_single_image image=\u00a0\u00bb70904&Prime; img_size=\u00a0\u00bbfull\u00a0\u00bb][\/vc_column][\/vc_row][vc_row top_padding=\u00a0\u00bb80&Prime; bottom_padding=\u00a0\u00bb80&Prime;][vc_column width=\u00a0\u00bb1\/1&Prime;][vc_column_text css_animation=\u00a0\u00bbfadeInRight\u00a0\u00bb]<\/p>\n<h3>Objectif<\/h3>\n<ul>\n<li>Soutenir le r\u00f4le des professionnel.le.s qui offrent des conseils aux \u00e9tudiant.e.s dans les \u00e9tablissements d\u2019enseignement au Canada.<\/li>\n<li>Faire conna\u00eetre un r\u00e9seau de soutien et forum de discussion op\u00e9rant aupr\u00e8s des professionnel.le.s qui fournissent des conseils aux \u00e9tudiant.e.s<\/li>\n<li>Parler au nom des professionnel.le.s du soutien aux \u00e9tudiant.e.s internationaux.ales et de leurs \u00e9tablissements pour renseigner le BCEI en vue de ses activit\u00e9s de plaidoyer.<\/li>\n<\/ul>\n<p>[\/vc_column_text]<div class=\"spacer\" style=\"height: 40px;\"><\/div>[vc_column_text css_animation=\u00a0\u00bbfadeInRight\u00a0\u00bb]<\/p>\n<h3>Mission<\/h3>\n<p>La CAP-SACE a pour mission de diffuser des connaissances, d\u2019organiser des projets et des activit\u00e9s, et de contribuer au perfectionnement de comp\u00e9tences des professionnel.le.s du soutien aux \u00e9tudiant.e.s dans les \u00e9tablissements d\u2019enseignement au Canada, en plus d\u2019appuyer la mission du BCEI.[\/vc_column_text]<div class=\"spacer\" style=\"height: 40px;\"><\/div>[vc_column_text css_animation=\u00a0\u00bbfadeInRight\u00a0\u00bb]<\/p>\n<h3>Objectifs<\/h3>\n<ul>\n<li>\u00c9tablir des outils et des ressources afin d\u2019encourager l\u2019\u00e9change libre d\u2019id\u00e9es et d\u2019informations entre les professionnel.le.s travaillant dans divers \u00e9tablissements.<\/li>\n<li>Encourager l\u2019\u00e9change de ressources et de pratiques exemplaires au sein de la CAP.<\/li>\n<li>Veiller au d\u00e9veloppement et \u00e0 la promotion de l\u2019\u00e9ducation et de la formation des professionnel.le.s du soutien aux \u00e9tudiant.e.s.<\/li>\n<li>Soutenir les activit\u00e9s de recherche dans le domaine du soutien et de la prestation de conseils aux \u00e9tudiant.e.s internationaux.ales.<\/li>\n<li>Cerner les besoins des professionnel.le.s du soutien et de la prestation de conseils aux \u00e9tudiant.e.s internationaux.ales dans les \u00e9tablissements, et travailler \u00e0 y r\u00e9pondre.<\/li>\n<\/ul>\n<p>[\/vc_column_text][\/vc_column][\/vc_row][vc_row bg_image=\u00a0\u00bb70909&Prime; bg_color=\u00a0\u00bb#01426a\u00a0\u00bb text_color=\u00a0\u00bblight\u00a0\u00bb top_padding=\u00a0\u00bb80&Prime; bottom_padding=\u00a0\u00bb80&Prime;][vc_column width=\u00a0\u00bb1\/1&Prime;][vc_column_text]<\/p>\n<h3>Comit\u00e9 directeur<\/h3>\n<p>[\/vc_column_text][\/vc_column][\/vc_row][vc_row bg_image=\u00a0\u00bb70950&Prime; parallax_bg=\u00a0\u00bbtrue\u00a0\u00bb top_padding=\u00a0\u00bb80&Prime; bottom_padding=\u00a0\u00bb80&Prime; class=\u00a0\u00bbheadshots\u00a0\u00bb][vc_column animation=\u00a0\u00bbfade-in-from-left\u00a0\u00bb width=\u00a0\u00bb1\/2&Prime; delay=\u00a0\u00bb500&Prime;]<div class=\"iconbox commitee-box wpb_content_element iconbox-style-1 icon-color-accent color-dark animation-none\"><h3><img src='https:\/\/cbie.ca\/wp-content\/uploads\/2022\/10\/ImaruB-125.jpg' class='iconimg' alt='Imar\u00fa Baquero' loading='lazy' srcset='https:\/\/cbie.ca\/wp-content\/uploads\/2022\/10\/ImaruB-125.jpg 125w, https:\/\/cbie.ca\/wp-content\/uploads\/2022\/10\/ImaruB-125-100x100.jpg 100w, https:\/\/cbie.ca\/wp-content\/uploads\/2022\/10\/ImaruB-125-80x80.jpg 80w, https:\/\/cbie.ca\/wp-content\/uploads\/2022\/10\/ImaruB-125-32x32.jpg 32w' sizes='(max-width: 125px) 100vw, 125px' \/><span>Imar\u00fa Baquero<\/span><\/h3><p><strong>Imar\u00fa Baquero<\/strong><br \/>\ngestionnaire,<br \/>\nServices aux \u00e9tudiant.e.s internationaux<br \/>\nUniversity of Lethbridge<\/p><\/div><div class=\"spacer\" style=\"height: 40px;\"><\/div><div class=\"iconbox commitee-box wpb_content_element iconbox-style-1 icon-color-accent color-dark animation-none\"><h3><img src='https:\/\/cbie.ca\/wp-content\/uploads\/2022\/10\/Ravneet-125.jpg' class='iconimg' alt='Ravneet Panech' loading='lazy' srcset='https:\/\/cbie.ca\/wp-content\/uploads\/2022\/10\/Ravneet-125.jpg 125w, https:\/\/cbie.ca\/wp-content\/uploads\/2022\/10\/Ravneet-125-100x100.jpg 100w, https:\/\/cbie.ca\/wp-content\/uploads\/2022\/10\/Ravneet-125-80x80.jpg 80w, https:\/\/cbie.ca\/wp-content\/uploads\/2022\/10\/Ravneet-125-32x32.jpg 32w' sizes='(max-width: 125px) 100vw, 125px' \/><span>Ravneet Panech<\/span><\/h3><p><strong>Ravneet Panech<\/strong><br \/>\nsp\u00e9cialiste,<br \/>\n\u00c9tudiant.e.s internationaux.ales,<br \/>\nUniversity of Alberta<\/p><\/div><div class=\"spacer\" style=\"height: 40px;\"><\/div><div class=\"iconbox commitee-box wpb_content_element iconbox-style-1 icon-color-accent color-dark animation-none\"><h3><img src='https:\/\/cbie.ca\/wp-content\/uploads\/2022\/10\/Carla-125.jpg' class='iconimg' alt='Carla Lawson' loading='lazy' srcset='https:\/\/cbie.ca\/wp-content\/uploads\/2022\/10\/Carla-125.jpg 125w, https:\/\/cbie.ca\/wp-content\/uploads\/2022\/10\/Carla-125-100x100.jpg 100w, https:\/\/cbie.ca\/wp-content\/uploads\/2022\/10\/Carla-125-80x80.jpg 80w, https:\/\/cbie.ca\/wp-content\/uploads\/2022\/10\/Carla-125-32x32.jpg 32w' sizes='(max-width: 125px) 100vw, 125px' \/><span>Carla Lawson<\/span><\/h3><p><strong>Carla Lawson<\/strong><br \/>\nconseill\u00e8re scolaire,<br \/>\nConcentration internationale,<br \/>\nNorthern Alberta Institute of Technology<\/p><\/div><div class=\"spacer\" style=\"height: 40px;\"><\/div><div class=\"iconbox commitee-box wpb_content_element iconbox-style-1 icon-color-accent color-dark animation-none\"><h3><img src='https:\/\/cbie.ca\/wp-content\/uploads\/2023\/11\/charette-marie-pierre-125x125-1.jpg' class='iconimg' alt='Marie-Pierre Charette' loading='lazy' srcset='https:\/\/cbie.ca\/wp-content\/uploads\/2023\/11\/charette-marie-pierre-125x125-1.jpg 125w, https:\/\/cbie.ca\/wp-content\/uploads\/2023\/11\/charette-marie-pierre-125x125-1-80x80.jpg 80w' sizes='(max-width: 125px) 100vw, 125px' \/><span>Marie-Pierre Charette<\/span><\/h3><p><strong>Marie-Pierre Charette<\/strong><br \/>\nconseill\u00e8re aux \u00e9tudiants de l\u2019international,<br \/>\nUniversit\u00e9 Laval<\/p><\/div><div class=\"spacer\" style=\"height: 40px;\"><\/div><div class=\"iconbox commitee-box wpb_content_element iconbox-style-1 icon-color-accent color-dark animation-none\"><h3><img src='https:\/\/cbie.ca\/wp-content\/uploads\/2023\/11\/meng-melinda-125x125-1.jpg' class='iconimg' alt='Melinda Meng' loading='lazy' srcset='https:\/\/cbie.ca\/wp-content\/uploads\/2023\/11\/meng-melinda-125x125-1.jpg 125w, https:\/\/cbie.ca\/wp-content\/uploads\/2023\/11\/meng-melinda-125x125-1-80x80.jpg 80w' sizes='(max-width: 125px) 100vw, 125px' \/><span>Melinda Meng<\/span><\/h3><p><strong>Melinda Meng<\/strong><br \/>\nsp\u00e9cialiste de l\u2019immigration des \u00e9tudiants internationaux,<br \/>\nSeneca College<\/p><\/div>[\/vc_column][vc_column animation=\u00a0\u00bbfade-in-from-right\u00a0\u00bb width=\u00a0\u00bb1\/2&Prime; delay=\u00a0\u00bb500&Prime;]<div class=\"iconbox commitee-box wpb_content_element iconbox-style-1 icon-color-accent color-dark animation-none\"><h3><img src='https:\/\/cbie.ca\/wp-content\/uploads\/2023\/12\/ShandaW-125.jpg' class='iconimg' alt='Shanda Williams' loading='lazy' srcset='https:\/\/cbie.ca\/wp-content\/uploads\/2023\/12\/ShandaW-125.jpg 125w, https:\/\/cbie.ca\/wp-content\/uploads\/2023\/12\/ShandaW-125-80x80.jpg 80w' sizes='(max-width: 125px) 100vw, 125px' \/><span>Shanda Williams<\/span><\/h3><p><strong>Shanda Williams<\/strong><br \/>\ndirectrice de programme,<br \/>\nGlobal Campus Initiatives,<br \/>\nUniversity of British Columbia<\/p><\/div><div class=\"spacer\" style=\"height: 40px;\"><\/div><div class=\"iconbox commitee-box wpb_content_element iconbox-style-1 icon-color-accent color-dark animation-none\"><h3><img src='https:\/\/cbie.ca\/wp-content\/uploads\/2022\/10\/Danai-125.jpg' class='iconimg' alt='Danai B\u00e9langer' loading='lazy' srcset='https:\/\/cbie.ca\/wp-content\/uploads\/2022\/10\/Danai-125.jpg 125w, https:\/\/cbie.ca\/wp-content\/uploads\/2022\/10\/Danai-125-100x100.jpg 100w, https:\/\/cbie.ca\/wp-content\/uploads\/2022\/10\/Danai-125-80x80.jpg 80w, https:\/\/cbie.ca\/wp-content\/uploads\/2022\/10\/Danai-125-32x32.jpg 32w' sizes='(max-width: 125px) 100vw, 125px' \/><span>Danai B\u00e9langer<\/span><\/h3><p><strong>Danai B\u00e9langer<\/strong><br \/>\ndirectrice,<br \/>\nExp\u00e9rience \u00e9tudiante,<br \/>\nMount Allison University<\/p><\/div><div class=\"spacer\" style=\"height: 40px;\"><\/div><div class=\"iconbox commitee-box wpb_content_element iconbox-style-1 icon-color-accent color-dark animation-none\"><h3><img src='https:\/\/cbie.ca\/wp-content\/uploads\/2023\/11\/Lysange_Gervais-125x125-1.jpg' class='iconimg' alt='Lysange Gervais' loading='lazy' srcset='https:\/\/cbie.ca\/wp-content\/uploads\/2023\/11\/Lysange_Gervais-125x125-1.jpg 125w, https:\/\/cbie.ca\/wp-content\/uploads\/2023\/11\/Lysange_Gervais-125x125-1-80x80.jpg 80w' sizes='(max-width: 125px) 100vw, 125px' \/><span>Lysange Gervais<\/span><\/h3><p><strong>Lysange Gervais<\/strong><br \/>\nconseill\u00e8re en immigration,<br \/>\nR\u00e9ussite des \u00e9tudiants \u00e9trangers,<br \/>\nBishop&rsquo;s University<\/p><\/div><div class=\"spacer\" style=\"height: 40px;\"><\/div><div class=\"iconbox commitee-box wpb_content_element iconbox-style-1 icon-color-accent color-dark animation-none\"><h3><img src='https:\/\/cbie.ca\/wp-content\/uploads\/2023\/11\/malankov-mayoori-125x125-1.jpg' class='iconimg' alt='Mayoori Malankov' loading='lazy' srcset='https:\/\/cbie.ca\/wp-content\/uploads\/2023\/11\/malankov-mayoori-125x125-1.jpg 125w, https:\/\/cbie.ca\/wp-content\/uploads\/2023\/11\/malankov-mayoori-125x125-1-80x80.jpg 80w' sizes='(max-width: 125px) 100vw, 125px' \/><span>Mayoori Malankov<\/span><\/h3><p><strong>Mayoori Malankov<\/strong><br \/>\nmembre,<br \/>\nconseill\u00e8re aupr\u00e8s des \u00e9tudiant.e.s internationaux.ales et sp\u00e9cialiste de l\u2019immigration,<br \/>\nYork University<\/p><\/div>[\/vc_column][\/vc_row][vc_row bg_image=\u00a0\u00bb70909&Prime; bg_color=\u00a0\u00bb#01426a\u00a0\u00bb text_color=\u00a0\u00bblight\u00a0\u00bb top_padding=\u00a0\u00bb80&Prime; bottom_padding=\u00a0\u00bb80&Prime;][vc_column width=\u00a0\u00bb1\/1&Prime;][vc_column_text]<\/p>\n<h3>Aper\u00e7u des membres<\/h3>\n<p>[\/vc_column_text][\/vc_column][\/vc_row][vc_row top_padding=\u00a0\u00bb80&Prime; bottom_padding=\u00a0\u00bb80&Prime;][vc_column width=\u00a0\u00bb1\/1&Prime;][vc_row_inner el_class=\u00a0\u00bbmembership-section\u00a0\u00bb][vc_column_inner width=\u00a0\u00bb1\/2&Prime; css=\u00a0\u00bb.vc_custom_1661457912394{padding: 6% !important;}\u00a0\u00bb][vc_column_text css_animation=\u00a0\u00bbfadeInLeft\u00a0\u00bb]<\/p>\n<h1>617 membres<\/h1>\n<p>Comptant 527 membres en 2022, le nombre de membres de la CAP-SACE ne cesse de cro\u00eetre avec l\u2019adh\u00e9sion de 90 nouveaux membres au cours de cette derni\u00e8re ann\u00e9e.[\/vc_column_text][\/vc_column_inner][vc_column_inner width=\u00a0\u00bb1\/2&Prime; css=\u00a0\u00bb.vc_custom_1661457923448{padding: 6% !important;}\u00a0\u00bb][vc_column_text css_animation=\u00a0\u00bbfadeInRight\u00a0\u00bb]<\/p>\n<h5><strong>Type d\u2019\u00e9tablissement <\/strong><\/h5>\n<p>[\/vc_column_text][vc_empty_space height=\u00a0\u00bb10px\u00a0\u00bb][vc_single_image image=\u00a0\u00bb103838&Prime; img_size=\u00a0\u00bbfull\u00a0\u00bb alignment=\u00a0\u00bbcenter\u00a0\u00bb css_animation=\u00a0\u00bbfadeInRight\u00a0\u00bb][\/vc_column_inner][\/vc_row_inner][vc_row_inner][vc_column_inner width=\u00a0\u00bb1\/2&Prime; css=\u00a0\u00bb.vc_custom_1661457946839{padding: 6% !important;}\u00a0\u00bb][vc_column_text css_animation=\u00a0\u00bbfadeInLeft\u00a0\u00bb]<\/p>\n<h5>R\u00f4les occup\u00e9s<\/h5>\n<p>[\/vc_column_text][vc_empty_space height=\u00a0\u00bb10px\u00a0\u00bb][vc_single_image image=\u00a0\u00bb103844&Prime; img_size=\u00a0\u00bbfull\u00a0\u00bb alignment=\u00a0\u00bbcenter\u00a0\u00bb css_animation=\u00a0\u00bbfadeInLeft\u00a0\u00bb][\/vc_column_inner][vc_column_inner width=\u00a0\u00bb1\/2&Prime; css=\u00a0\u00bb.vc_custom_1661457960661{padding: 6% !important;}\u00a0\u00bb][vc_column_text css_animation=\u00a0\u00bbfadeInRight\u00a0\u00bb]<\/p>\n<h5>Membres par province<\/h5>\n<p>[\/vc_column_text][vc_empty_space height=\u00a0\u00bb10px\u00a0\u00bb][vc_single_image image=\u00a0\u00bb103840&Prime; img_size=\u00a0\u00bbfull\u00a0\u00bb alignment=\u00a0\u00bbcenter\u00a0\u00bb css_animation=\u00a0\u00bbfadeInRight\u00a0\u00bb][\/vc_column_inner][\/vc_row_inner][\/vc_column][\/vc_row][vc_row bg_color=\u00a0\u00bb#01426a\u00a0\u00bb text_color=\u00a0\u00bblight\u00a0\u00bb top_padding=\u00a0\u00bb80&Prime; bottom_padding=\u00a0\u00bb80&Prime;][vc_column width=\u00a0\u00bb1\/1&Prime;][vc_column_text]<\/p>\n<h3>\u00c9v\u00e9nements et initiatives<\/h3>\n<p>[\/vc_column_text][\/vc_column][\/vc_row][vc_row bg_color=\u00a0\u00bb#01426a\u00a0\u00bb text_color=\u00a0\u00bblight\u00a0\u00bb top_padding=\u00a0\u00bb0&Prime; bottom_padding=\u00a0\u00bb80&Prime;][vc_column width=\u00a0\u00bb1\/4&Prime;][\/vc_column][vc_column animation=\u00a0\u00bbfade-in-from-bottom\u00a0\u00bb width=\u00a0\u00bb1\/2&Prime; delay=\u00a0\u00bb500&Prime;]<div class=\"iconbox initiative-box wpb_content_element iconbox-style-1 icon-color-accent color-dark animation-none\"><h3><img src='https:\/\/cbie.ca\/wp-content\/uploads\/2023\/12\/12.png' class='iconimg' alt='webinaires h\u00e9berg\u00e9s' loading='lazy' srcset='https:\/\/cbie.ca\/wp-content\/uploads\/2023\/12\/12.png 125w, https:\/\/cbie.ca\/wp-content\/uploads\/2023\/12\/12-80x80.png 80w' sizes='(max-width: 125px) 100vw, 125px' \/><span>webinaires h\u00e9berg\u00e9s<\/span><\/h3><p><span class=\"bigStat\">webinaires h\u00e9berg\u00e9s<\/span><\/p><\/div><div class=\"spacer\" style=\"height: 40px;\"><\/div><div class=\"iconbox initiative-box wpb_content_element iconbox-style-1 icon-color-accent color-dark animation-none\"><h3><img src='https:\/\/cbie.ca\/wp-content\/uploads\/2023\/12\/6.png' class='iconimg' alt='orateur.trice.s invit\u00e9.e.s' loading='lazy' srcset='https:\/\/cbie.ca\/wp-content\/uploads\/2023\/12\/6.png 125w, https:\/\/cbie.ca\/wp-content\/uploads\/2023\/12\/6-80x80.png 80w' sizes='(max-width: 125px) 100vw, 125px' \/><span>orateur.trice.s invit\u00e9.e.s<\/span><\/h3><p><span class=\"bigStat\">orateur.trice.s invit\u00e9.e.s<\/span> ont \u00e9t\u00e9 accueilli.e.s de hauts responsables du secteur et du monde acad\u00e9mique<\/p><\/div><div class=\"spacer\" style=\"height: 40px;\"><\/div><div class=\"iconbox initiative-box wpb_content_element iconbox-style-1 icon-color-accent color-dark animation-none\"><h3><img src='https:\/\/cbie.ca\/wp-content\/uploads\/2023\/12\/networking-125.png' class='iconimg' alt='organis\u00e9 un d\u00e9jeuner de r\u00e9seautage' loading='lazy' srcset='https:\/\/cbie.ca\/wp-content\/uploads\/2023\/12\/networking-125.png 125w, https:\/\/cbie.ca\/wp-content\/uploads\/2023\/12\/networking-125-80x80.png 80w' sizes='(max-width: 125px) 100vw, 125px' \/><span>organis\u00e9 un d\u00e9jeuner de r\u00e9seautage<\/span><\/h3><p><span class=\"bigStat\">organis\u00e9 un d\u00e9jeuner de r\u00e9seautage<\/span> lors du congr\u00e8s BCEI2022<\/p><\/div>[\/vc_column][vc_column width=\u00a0\u00bb1\/4&Prime;][\/vc_column][\/vc_row][vc_row bg_image=\u00a0\u00bb71355&Prime; top_padding=\u00a0\u00bb320&Prime; bottom_padding=\u00a0\u00bb320&Prime;][vc_column width=\u00a0\u00bb1\/1&Prime;][\/vc_column][\/vc_row][vc_row type=\u00a0\u00bbfull_width_section\u00a0\u00bb bg_color=\u00a0\u00bb#01426a\u00a0\u00bb text_color=\u00a0\u00bblight\u00a0\u00bb top_padding=\u00a0\u00bb0&Prime; bottom_padding=\u00a0\u00bb0&Prime;][vc_column width=\u00a0\u00bb1\/6&Prime;][\/vc_column][vc_column column_padding=\u00a0\u00bbpadding-5&Prime; width=\u00a0\u00bb2\/3&Prime;][vc_row_inner][vc_column_inner][vc_column_text]<\/p>\n<h3>Message de remerciement<\/h3>\n<p>Le comit\u00e9 directeur de la CAP-SACE remercie l\u2019ensemble des conf\u00e9renciers.i\u00e8res invit\u00e9.e.s qui ont rendu possible la tenue de nos \u00e9v\u00e9nements en 2023. Nous remercions \u00e9galement nos membres de leurs contributions et de leur participation.<\/p>\n<p>Merci \u00e0 la fabuleuse \u00e9quipe du BCEI, notamment Sophie Jodouin et Melissa Payne, de leur continuels soutien et encouragement. Nous remercions tout particuli\u00e8rement Larissa Bezo de son appui \u00e0 notre CAP.<\/p>\n<p>Enfin, nous souhaitons remercier tout sp\u00e9cialement les membres du comit\u00e9 directeur de la CAP-SACE. Leur travail est essentiel \u00e0 la r\u00e9ussite de la CAP.<\/p>\n<p>Nous vous remercions tou.te.s chaleureusement.<\/p>\n<p><strong>Ima et Shanda<\/strong><br \/>\n<strong>Copr\u00e9sidente de la CAP-SACE<\/strong>[\/vc_column_text][\/vc_column_inner][\/vc_row_inner][\/vc_column][vc_column width=\u00a0\u00bb1\/6&Prime;][\/vc_column][\/vc_row][vc_row type=\u00a0\u00bbfull_width_section\u00a0\u00bb bg_color=\u00a0\u00bb#01426a\u00a0\u00bb][vc_column width=\u00a0\u00bb1\/1&Prime;]<div class=\"newdivider align-center\" style=\"border-bottom-style: solid; border-color: #ffffff; border-bottom-width: 2px; margin-top: 0; margin-bottom: 0; width: 50%; \"><\/div><div class=\"clear\"><\/div>[\/vc_column][\/vc_row]<\/p>\n<\/div>","protected":false},"excerpt":{"rendered":"<p>[vc_row bg_image=\u00a0\u00bb102774&Prime; parallax_bg=\u00a0\u00bbtrue\u00a0\u00bb bg_color=\u00a0\u00bb#ffffff\u00a0\u00bb text_color=\u00a0\u00bblight\u00a0\u00bb text_align=\u00a0\u00bbcenter\u00a0\u00bb full_height=\u00a0\u00bbtrue\u00a0\u00bb][vc_column width=\u00a0\u00bb1\/1&Prime;][vc_column_text] Rapport annuel 2023 [\/vc_column_text][vc_column_text] Communaut\u00e9 d\u2019apprentissage professionnelle \u2013 Student Advising \u2013 Conseil aux \u00e9tudiants (CAP-SACE) octobre 2023 [\/vc_column_text][\/vc_column][\/vc_row][vc_row type=\u00a0\u00bbfull_width_section\u00a0\u00bb top_padding=\u00a0\u00bb80&Prime; bottom_padding=\u00a0\u00bb80&Prime;][vc_column width=\u00a0\u00bb1\/4&Prime;][\/vc_column][vc_column [&hellip;]<\/p>\n","protected":false},"author":2,"featured_media":0,"parent":64856,"menu_order":0,"comment_status":"closed","ping_status":"closed","template":"","meta":{"_acf_changed":false,"footnotes":""},"class_list":["post-102750","page","type-page","status-publish","hentry"],"acf":[],"yoast_head":"<!-- This site is optimized with the Yoast SEO plugin v27.5 - https:\/\/yoast.com\/product\/yoast-seo-wordpress\/ -->\n<title>CAP-SACE Rapport annuel 2023 - CBIE<\/title>\n<meta name=\"robots\" content=\"index, follow, max-snippet:-1, max-image-preview:large, max-video-preview:-1\" \/>\n<link rel=\"canonical\" href=\"https:\/\/cbie.ca\/fr\/notre-reseau\/professional-learning-communities\/cap-sace\/cap-sace-rapport-annuel-2023\/\" \/>\n<meta property=\"og:locale\" content=\"fr_FR\" \/>\n<meta property=\"og:type\" content=\"article\" \/>\n<meta property=\"og:title\" content=\"CAP-SACE Rapport annuel 2023 - CBIE\" \/>\n<meta property=\"og:description\" content=\"[vc_row bg_image=\u00a0\u00bb102774&Prime; parallax_bg=\u00a0\u00bbtrue\u00a0\u00bb bg_color=\u00a0\u00bb#ffffff\u00a0\u00bb text_color=\u00a0\u00bblight\u00a0\u00bb text_align=\u00a0\u00bbcenter\u00a0\u00bb full_height=\u00a0\u00bbtrue\u00a0\u00bb][vc_column width=\u00a0\u00bb1\/1&Prime;][vc_column_text] Rapport annuel 2023 [\/vc_column_text][vc_column_text] Communaut\u00e9 d\u2019apprentissage professionnelle \u2013 Student Advising \u2013 Conseil aux \u00e9tudiants (CAP-SACE) octobre 2023 [\/vc_column_text][\/vc_column][\/vc_row][vc_row type=\u00a0\u00bbfull_width_section\u00a0\u00bb top_padding=\u00a0\u00bb80&Prime; bottom_padding=\u00a0\u00bb80&Prime;][vc_column width=\u00a0\u00bb1\/4&Prime;][\/vc_column][vc_column [&hellip;]\" \/>\n<meta property=\"og:url\" content=\"https:\/\/cbie.ca\/fr\/notre-reseau\/professional-learning-communities\/cap-sace\/cap-sace-rapport-annuel-2023\/\" \/>\n<meta property=\"og:site_name\" content=\"CBIE\" \/>\n<meta property=\"article:modified_time\" content=\"2024-12-04T19:50:12+00:00\" \/>\n<meta property=\"og:image\" content=\"https:\/\/cbie.ca\/wp-content\/uploads\/2024\/01\/CBIE-Announcement-EN.png\" \/>\n\t<meta property=\"og:image:width\" content=\"1600\" \/>\n\t<meta property=\"og:image:height\" content=\"900\" \/>\n\t<meta property=\"og:image:type\" content=\"image\/png\" \/>\n<meta name=\"twitter:card\" content=\"summary_large_image\" \/>\n<meta name=\"twitter:label1\" content=\"Dur\u00e9e de lecture estim\u00e9e\" \/>\n\t<meta name=\"twitter:data1\" content=\"5 minutes\" \/>\n<script type=\"application\/ld+json\" class=\"yoast-schema-graph\">{\"@context\":\"https:\\\/\\\/schema.org\",\"@graph\":[{\"@type\":\"WebPage\",\"@id\":\"https:\\\/\\\/cbie.ca\\\/fr\\\/notre-reseau\\\/professional-learning-communities\\\/cap-sace\\\/cap-sace-rapport-annuel-2023\\\/\",\"url\":\"https:\\\/\\\/cbie.ca\\\/fr\\\/notre-reseau\\\/professional-learning-communities\\\/cap-sace\\\/cap-sace-rapport-annuel-2023\\\/\",\"name\":\"CAP-SACE Rapport annuel 2023 - CBIE\",\"isPartOf\":{\"@id\":\"https:\\\/\\\/cbie.ca\\\/#website\"},\"datePublished\":\"2023-12-07T15:05:37+00:00\",\"dateModified\":\"2024-12-04T19:50:12+00:00\",\"breadcrumb\":{\"@id\":\"https:\\\/\\\/cbie.ca\\\/fr\\\/notre-reseau\\\/professional-learning-communities\\\/cap-sace\\\/cap-sace-rapport-annuel-2023\\\/#breadcrumb\"},\"inLanguage\":\"fr-FR\",\"potentialAction\":[{\"@type\":\"ReadAction\",\"target\":[\"https:\\\/\\\/cbie.ca\\\/fr\\\/notre-reseau\\\/professional-learning-communities\\\/cap-sace\\\/cap-sace-rapport-annuel-2023\\\/\"]}]},{\"@type\":\"BreadcrumbList\",\"@id\":\"https:\\\/\\\/cbie.ca\\\/fr\\\/notre-reseau\\\/professional-learning-communities\\\/cap-sace\\\/cap-sace-rapport-annuel-2023\\\/#breadcrumb\",\"itemListElement\":[{\"@type\":\"ListItem\",\"position\":1,\"name\":\"Home\",\"item\":\"https:\\\/\\\/cbie.ca\\\/fr\\\/\"},{\"@type\":\"ListItem\",\"position\":2,\"name\":\"Notre R\u00e9seau\",\"item\":\"https:\\\/\\\/cbie.ca\\\/fr\\\/notre-reseau\\\/\"},{\"@type\":\"ListItem\",\"position\":3,\"name\":\"Communaut\u00e9s d\u2019apprentissage professionnel\",\"item\":\"https:\\\/\\\/cbie.ca\\\/fr\\\/notre-reseau\\\/professional-learning-communities\\\/\"},{\"@type\":\"ListItem\",\"position\":4,\"name\":\"CAP-SACE\",\"item\":\"https:\\\/\\\/cbie.ca\\\/fr\\\/notre-reseau\\\/professional-learning-communities\\\/cap-sace\\\/\"},{\"@type\":\"ListItem\",\"position\":5,\"name\":\"CAP-SACE Rapport annuel 2023\"}]},{\"@type\":\"WebSite\",\"@id\":\"https:\\\/\\\/cbie.ca\\\/#website\",\"url\":\"https:\\\/\\\/cbie.ca\\\/\",\"name\":\"Canadian Bureau for International Education\",\"description\":\"\",\"potentialAction\":[{\"@type\":\"SearchAction\",\"target\":{\"@type\":\"EntryPoint\",\"urlTemplate\":\"https:\\\/\\\/cbie.ca\\\/?s={search_term_string}\"},\"query-input\":{\"@type\":\"PropertyValueSpecification\",\"valueRequired\":true,\"valueName\":\"search_term_string\"}}],\"inLanguage\":\"fr-FR\"}]}<\/script>\n<!-- \/ Yoast SEO plugin. -->","yoast_head_json":{"title":"CAP-SACE Rapport annuel 2023 - CBIE","robots":{"index":"index","follow":"follow","max-snippet":"max-snippet:-1","max-image-preview":"max-image-preview:large","max-video-preview":"max-video-preview:-1"},"canonical":"https:\/\/cbie.ca\/fr\/notre-reseau\/professional-learning-communities\/cap-sace\/cap-sace-rapport-annuel-2023\/","og_locale":"fr_FR","og_type":"article","og_title":"CAP-SACE Rapport annuel 2023 - CBIE","og_description":"[vc_row bg_image=\u00a0\u00bb102774&Prime; parallax_bg=\u00a0\u00bbtrue\u00a0\u00bb bg_color=\u00a0\u00bb#ffffff\u00a0\u00bb text_color=\u00a0\u00bblight\u00a0\u00bb text_align=\u00a0\u00bbcenter\u00a0\u00bb full_height=\u00a0\u00bbtrue\u00a0\u00bb][vc_column width=\u00a0\u00bb1\/1&Prime;][vc_column_text] Rapport annuel 2023 [\/vc_column_text][vc_column_text] Communaut\u00e9 d\u2019apprentissage professionnelle \u2013 Student Advising \u2013 Conseil aux \u00e9tudiants (CAP-SACE) octobre 2023 [\/vc_column_text][\/vc_column][\/vc_row][vc_row type=\u00a0\u00bbfull_width_section\u00a0\u00bb top_padding=\u00a0\u00bb80&Prime; bottom_padding=\u00a0\u00bb80&Prime;][vc_column width=\u00a0\u00bb1\/4&Prime;][\/vc_column][vc_column [&hellip;]","og_url":"https:\/\/cbie.ca\/fr\/notre-reseau\/professional-learning-communities\/cap-sace\/cap-sace-rapport-annuel-2023\/","og_site_name":"CBIE","article_modified_time":"2024-12-04T19:50:12+00:00","og_image":[{"width":1600,"height":900,"url":"https:\/\/cbie.ca\/wp-content\/uploads\/2024\/01\/CBIE-Announcement-EN.png","type":"image\/png"}],"twitter_card":"summary_large_image","twitter_misc":{"Dur\u00e9e de lecture estim\u00e9e":"5 minutes"},"schema":{"@context":"https:\/\/schema.org","@graph":[{"@type":"WebPage","@id":"https:\/\/cbie.ca\/fr\/notre-reseau\/professional-learning-communities\/cap-sace\/cap-sace-rapport-annuel-2023\/","url":"https:\/\/cbie.ca\/fr\/notre-reseau\/professional-learning-communities\/cap-sace\/cap-sace-rapport-annuel-2023\/","name":"CAP-SACE Rapport annuel 2023 - CBIE","isPartOf":{"@id":"https:\/\/cbie.ca\/#website"},"datePublished":"2023-12-07T15:05:37+00:00","dateModified":"2024-12-04T19:50:12+00:00","breadcrumb":{"@id":"https:\/\/cbie.ca\/fr\/notre-reseau\/professional-learning-communities\/cap-sace\/cap-sace-rapport-annuel-2023\/#breadcrumb"},"inLanguage":"fr-FR","potentialAction":[{"@type":"ReadAction","target":["https:\/\/cbie.ca\/fr\/notre-reseau\/professional-learning-communities\/cap-sace\/cap-sace-rapport-annuel-2023\/"]}]},{"@type":"BreadcrumbList","@id":"https:\/\/cbie.ca\/fr\/notre-reseau\/professional-learning-communities\/cap-sace\/cap-sace-rapport-annuel-2023\/#breadcrumb","itemListElement":[{"@type":"ListItem","position":1,"name":"Home","item":"https:\/\/cbie.ca\/fr\/"},{"@type":"ListItem","position":2,"name":"Notre R\u00e9seau","item":"https:\/\/cbie.ca\/fr\/notre-reseau\/"},{"@type":"ListItem","position":3,"name":"Communaut\u00e9s d\u2019apprentissage professionnel","item":"https:\/\/cbie.ca\/fr\/notre-reseau\/professional-learning-communities\/"},{"@type":"ListItem","position":4,"name":"CAP-SACE","item":"https:\/\/cbie.ca\/fr\/notre-reseau\/professional-learning-communities\/cap-sace\/"},{"@type":"ListItem","position":5,"name":"CAP-SACE Rapport annuel 2023"}]},{"@type":"WebSite","@id":"https:\/\/cbie.ca\/#website","url":"https:\/\/cbie.ca\/","name":"Canadian Bureau for International Education","description":"","potentialAction":[{"@type":"SearchAction","target":{"@type":"EntryPoint","urlTemplate":"https:\/\/cbie.ca\/?s={search_term_string}"},"query-input":{"@type":"PropertyValueSpecification","valueRequired":true,"valueName":"search_term_string"}}],"inLanguage":"fr-FR"}]}},"_links":{"self":[{"href":"https:\/\/cbie.ca\/fr\/wp-json\/wp\/v2\/pages\/102750","targetHints":{"allow":["GET"]}}],"collection":[{"href":"https:\/\/cbie.ca\/fr\/wp-json\/wp\/v2\/pages"}],"about":[{"href":"https:\/\/cbie.ca\/fr\/wp-json\/wp\/v2\/types\/page"}],"author":[{"embeddable":true,"href":"https:\/\/cbie.ca\/fr\/wp-json\/wp\/v2\/users\/2"}],"replies":[{"embeddable":true,"href":"https:\/\/cbie.ca\/fr\/wp-json\/wp\/v2\/comments?post=102750"}],"version-history":[{"count":0,"href":"https:\/\/cbie.ca\/fr\/wp-json\/wp\/v2\/pages\/102750\/revisions"}],"up":[{"embeddable":true,"href":"https:\/\/cbie.ca\/fr\/wp-json\/wp\/v2\/pages\/64856"}],"wp:attachment":[{"href":"https:\/\/cbie.ca\/fr\/wp-json\/wp\/v2\/media?parent=102750"}],"curies":[{"name":"wp","href":"https:\/\/api.w.org\/{rel}","templated":true}]}}